{"id":5307,"date":"2024-01-14T19:33:08","date_gmt":"2024-01-14T18:33:08","guid":{"rendered":"https:\/\/everydayraquel.com\/?post_type=product&#038;p=5307"},"modified":"2024-02-03T11:47:39","modified_gmt":"2024-02-03T10:47:39","slug":"affiche-carnaval-dunkerque-2024","status":"publish","type":"product","link":"https:\/\/everydayraquel.com\/en\/boutique\/tous-les-dessins\/affiche-carnaval-dunkerque-2024\/","title":{"rendered":"Affiche du Carnaval de Dunkerque 2024"},"content":{"rendered":"<p class=\"elementor-heading-title elementor-size-default\">Un hommage color\u00e9 \u00e0 notre joyeux Carnaval !<\/p>\n<p class=\"elementor-heading-title elementor-size-default\">Pleine de couleurs et de petits d\u00e9tails \ud83d\udc4c comme je les aime \ud83d\udc96. J\u2019ai r\u00e9alis\u00e9 ce dessin sur ma tablette graphique et j\u2019ai souhait\u00e9 donner le protagonisme \u00e0 la foule impressionnante de carnavaleux qui remplissent la Place Jean-Bart et les rues de Dunkerque tous le ans. Sur l\u2019affiche j\u2019ai repr\u00e9sent\u00e9 quelques symboles du Dunkerquois: le Beffroi de Dunkerque et de Saint-Pol-sur-Mer, la tour du Leughenaer et la statue de Jean-Bart, le corsaire l\u00e9gendaire.<\/p>\n<p class=\"elementor-heading-title elementor-size-default\">L&rsquo;affiche est disponible en 3 formats diff\u00e9rents : Grande carte postal A5, affiche 30 x 40 cm et affiche 40 x 60 cm ; avec option encadrement pour les grands formats.<\/p>\n<p>Impression faite \u00e0 Dunkerque sur papier satin\u00e9 350 g.<\/p>\n<p>Commandez votre affiche d\u00e8s maintenant !<\/p>","protected":false},"excerpt":{"rendered":"<p>En tant qu&rsquo;artiste-illustratrice bas\u00e9e \u00e0 Dunkerque, j&rsquo;ai r\u00e9alis\u00e9 cette affiche illustr\u00e9e afin de rendre hommage au merveilleux Carnaval de Dunkerque !<\/p>\n<p>L&rsquo;affiche existe en 3 formats diff\u00e9rents :<\/p>\n<ul>\n<li>Grande carte postale A5<\/li>\n<li>Affiche 30 x 40 cm (avec option encadrement)<\/li>\n<li>Affiche 40 x 60 cm (avec option encadrement)<\/li>\n<\/ul>\n<p><span style=\"font-size: 16px;\">Pour les commandes avec remise en main-propre \u00e0 Dunkerque : RDV au Sekhmet &#8211; 105 Av. de l&rsquo;Universit\u00e9, 59140 Dunkerque &#8211; le 1er f\u00e9vrier 2024 \u00e0 partir de 18h30.<\/span><\/p>","protected":false},"featured_media":5312,"template":"","meta":{"site-sidebar-layout":"default","site-content-layout":"","ast-site-content-layout":"default","site-content-style":"default","site-sidebar-style":"default","ast-global-header-display":"","ast-banner-title-visibility":"","ast-main-header-display":"","ast-hfb-above-header-display":"","ast-hfb-below-header-display":"","ast-hfb-mobile-header-display":"","site-post-title":"","ast-breadcrumbs-content":"","ast-featured-img":"","footer-sml-layout":"","ast-disable-related-posts":"","theme-transparent-header-meta":"default","adv-header-id-meta":"","stick-header-meta":"","header-above-stick-meta":"","header-main-stick-meta":"","header-below-stick-meta":"","astra-migrate-meta-layouts":"set","ast-page-background-enabled":"default","ast-page-background-meta":{"desktop":{"background-color":"","background-image":"","background-repeat":"repeat","background-position":"center center","background-size":"auto","background-attachment":"scroll","background-type":"","background-media":"","overlay-type":"","overlay-color":"","overlay-opacity":"","overlay-gradient":""},"tablet":{"background-color":"","background-image":"","background-repeat":"repeat","background-position":"center center","background-size":"auto","background-attachment":"scroll","background-type":"","background-media":"","overlay-type":"","overlay-color":"","overlay-opacity":"","overlay-gradient":""},"mobile":{"background-color":"","background-image":"","background-repeat":"repeat","background-position":"center center","background-size":"auto","background-attachment":"scroll","background-type":"","background-media":"","overlay-type":"","overlay-color":"","overlay-opacity":"","overlay-gradient":""}},"ast-content-background-meta":{"desktop":{"background-color":"var(--ast-global-color-5)","background-image":"","background-repeat":"repeat","background-position":"center center","background-size":"auto","background-attachment":"scroll","background-type":"","background-media":"","overlay-type":"","overlay-color":"","overlay-opacity":"","overlay-gradient":""},"tablet":{"background-color":"var(--ast-global-color-5)","background-image":"","background-repeat":"repeat","background-position":"center center","background-size":"auto","background-attachment":"scroll","background-type":"","background-media":"","overlay-type":"","overlay-color":"","overlay-opacity":"","overlay-gradient":""},"mobile":{"background-color":"var(--ast-global-color-5)","background-image":"","background-repeat":"repeat","background-position":"center center","background-size":"auto","background-attachment":"scroll","background-type":"","background-media":"","overlay-type":"","overlay-color":"","overlay-opacity":"","overlay-gradient":""}}},"product_brand":[],"product_cat":[78,55],"product_tag":[],"class_list":{"0":"post-5307","1":"product","2":"type-product","3":"status-publish","4":"has-post-thumbnail","6":"product_cat-cartes-illustrees-speciales","7":"product_cat-tous-les-dessins","8":"product_shipping_class-grands-formats","9":"desktop-align-left","10":"tablet-align-left","11":"mobile-align-left","13":"first","14":"onbackorder","15":"shipping-taxable","16":"purchasable","17":"product-type-variable"},"yoast_head":"<title>Affiche du Carnaval de Dunkerque 2024 &#8211; EverydayRaquel<\/title>\n<meta name=\"robots\" content=\"index, follow, max-snippet:-1, max-image-preview:large, max-video-preview:-1\" \/>\n<link rel=\"canonical\" href=\"https:\/\/everydayraquel.com\/en\/boutique\/tous-les-dessins\/affiche-carnaval-dunkerque-2024\/\" \/>\n<meta property=\"og:locale\" content=\"en_GB\" \/>\n<meta property=\"og:type\" content=\"article\" \/>\n<meta property=\"og:title\" content=\"Affiche du Carnaval de Dunkerque 2024\" \/>\n<meta property=\"og:description\" content=\"En tant qu&#039;artiste-illustratrice bas\u00e9e \u00e0 Dunkerque, j&#039;ai r\u00e9alis\u00e9 cette affiche illustr\u00e9e afin de rendre hommage au merveilleux Carnaval de Dunkerque !  L&#039;affiche existe en 3 formats diff\u00e9rents :   Grande carte postale A5  Affiche 30 x 40 cm (avec option encadrement)  Affiche 40 x 60 cm (avec option encadrement)  Pour les commandes avec remise en main-propre \u00e0 Dunkerque : RDV au Sekhmet - 105 Av. de l&#039;Universit\u00e9, 59140 Dunkerque - le 1er f\u00e9vrier 2024 \u00e0 partir de 18h30.\" \/>\n<meta property=\"og:url\" content=\"https:\/\/everydayraquel.com\/en\/boutique\/tous-les-dessins\/affiche-carnaval-dunkerque-2024\/\" \/>\n<meta property=\"og:site_name\" content=\"EverydayRaquel\" \/>\n<meta property=\"article:publisher\" content=\"https:\/\/www.facebook.com\/everydayraquel\/\" \/>\n<meta property=\"article:modified_time\" content=\"2024-02-03T10:47:39+00:00\" \/>\n<meta property=\"og:image\" content=\"https:\/\/everydayraquel.com\/wp-content\/uploads\/2024\/01\/affiche_carnaval_illustree_cadre_raquel_2024.jpg\" \/>\n\t<meta property=\"og:image:width\" content=\"600\" \/>\n\t<meta property=\"og:image:height\" content=\"600\" \/>\n\t<meta property=\"og:image:type\" content=\"image\/jpeg\" \/>\n<meta name=\"twitter:card\" content=\"summary_large_image\" \/>\n<meta name=\"twitter:label1\" content=\"Estimated reading time\" \/>\n\t<meta name=\"twitter:data1\" content=\"1 minute\" \/>\n<script type=\"application\/ld+json\" class=\"yoast-schema-graph\">{\"@context\":\"https:\/\/schema.org\",\"@graph\":[{\"@type\":\"WebPage\",\"@id\":\"https:\/\/everydayraquel.com\/boutique\/tous-les-dessins\/affiche-carnaval-dunkerque-2024\/\",\"url\":\"https:\/\/everydayraquel.com\/boutique\/tous-les-dessins\/affiche-carnaval-dunkerque-2024\/\",\"name\":\"Affiche du Carnaval de Dunkerque 2024 &#8211; EverydayRaquel\",\"isPartOf\":{\"@id\":\"https:\/\/everydayraquel.com\/#website\"},\"primaryImageOfPage\":{\"@id\":\"https:\/\/everydayraquel.com\/boutique\/tous-les-dessins\/affiche-carnaval-dunkerque-2024\/#primaryimage\"},\"image\":{\"@id\":\"https:\/\/everydayraquel.com\/boutique\/tous-les-dessins\/affiche-carnaval-dunkerque-2024\/#primaryimage\"},\"thumbnailUrl\":\"https:\/\/everydayraquel.com\/wp-content\/uploads\/2024\/01\/affiche_carnaval_illustree_cadre_raquel_2024.jpg\",\"datePublished\":\"2024-01-14T18:33:08+00:00\",\"dateModified\":\"2024-02-03T10:47:39+00:00\",\"breadcrumb\":{\"@id\":\"https:\/\/everydayraquel.com\/boutique\/tous-les-dessins\/affiche-carnaval-dunkerque-2024\/#breadcrumb\"},\"inLanguage\":\"en-GB\",\"potentialAction\":[{\"@type\":\"ReadAction\",\"target\":[\"https:\/\/everydayraquel.com\/boutique\/tous-les-dessins\/affiche-carnaval-dunkerque-2024\/\"]}]},{\"@type\":\"ImageObject\",\"inLanguage\":\"en-GB\",\"@id\":\"https:\/\/everydayraquel.com\/boutique\/tous-les-dessins\/affiche-carnaval-dunkerque-2024\/#primaryimage\",\"url\":\"https:\/\/everydayraquel.com\/wp-content\/uploads\/2024\/01\/affiche_carnaval_illustree_cadre_raquel_2024.jpg\",\"contentUrl\":\"https:\/\/everydayraquel.com\/wp-content\/uploads\/2024\/01\/affiche_carnaval_illustree_cadre_raquel_2024.jpg\",\"width\":600,\"height\":600},{\"@type\":\"BreadcrumbList\",\"@id\":\"https:\/\/everydayraquel.com\/boutique\/tous-les-dessins\/affiche-carnaval-dunkerque-2024\/#breadcrumb\",\"itemListElement\":[{\"@type\":\"ListItem\",\"position\":1,\"name\":\"Accueil\",\"item\":\"https:\/\/everydayraquel.com\/\"},{\"@type\":\"ListItem\",\"position\":2,\"name\":\"Boutique en ligne\",\"item\":\"https:\/\/everydayraquel.com\/boutique\/\"},{\"@type\":\"ListItem\",\"position\":3,\"name\":\"Affiche du Carnaval de Dunkerque 2024\"}]},{\"@type\":\"WebSite\",\"@id\":\"https:\/\/everydayraquel.com\/#website\",\"url\":\"https:\/\/everydayraquel.com\/\",\"name\":\"EverydayRaquel Art et Illustration\",\"description\":\"Un jour, un dessin\",\"publisher\":{\"@id\":\"https:\/\/everydayraquel.com\/#organization\"},\"alternateName\":\"Artiste Everyday Raquel\",\"potentialAction\":[{\"@type\":\"SearchAction\",\"target\":{\"@type\":\"EntryPoint\",\"urlTemplate\":\"https:\/\/everydayraquel.com\/?s={search_term_string}\"},\"query-input\":{\"@type\":\"PropertyValueSpecification\",\"valueRequired\":true,\"valueName\":\"search_term_string\"}}],\"inLanguage\":\"en-GB\"},{\"@type\":[\"Organization\",\"Place\",\"ArtGallery\"],\"@id\":\"https:\/\/everydayraquel.com\/#organization\",\"name\":\"Everyday Raquel\",\"alternateName\":\"Raquel Artiste Dunkerque\",\"url\":\"https:\/\/everydayraquel.com\/\",\"logo\":{\"@id\":\"https:\/\/everydayraquel.com\/boutique\/tous-les-dessins\/affiche-carnaval-dunkerque-2024\/#local-main-organization-logo\"},\"image\":{\"@id\":\"https:\/\/everydayraquel.com\/boutique\/tous-les-dessins\/affiche-carnaval-dunkerque-2024\/#local-main-organization-logo\"},\"sameAs\":[\"https:\/\/www.facebook.com\/everydayraquel\/\",\"https:\/\/www.instagram.com\/everydayraquel\/\"],\"description\":\"Artiste et illustratrice \u00e0 Dunkerque, je r\u00e9alise des dessins personnalis\u00e9s, vente d'affiches et de cadres, dessins du carnaval et des moments du quotidien. Street art, ateliers de dessins collectifs.\",\"legalName\":\"EveryDay Raquel\",\"foundingDate\":\"2020-07-27\",\"numberOfEmployees\":{\"@type\":\"QuantitativeValue\",\"minValue\":\"1\",\"maxValue\":\"10\"},\"address\":{\"@id\":\"https:\/\/everydayraquel.com\/boutique\/tous-les-dessins\/affiche-carnaval-dunkerque-2024\/#local-main-place-address\"},\"telephone\":[],\"openingHoursSpecification\":[{\"@type\":\"OpeningHoursSpecification\",\"dayOfWeek\":[\"Monday\",\"Tuesday\",\"Wednesday\",\"Thursday\",\"Friday\"],\"opens\":\"09:30\",\"closes\":\"18:00\"},{\"@type\":\"OpeningHoursSpecification\",\"dayOfWeek\":[\"Saturday\"],\"opens\":\"10:00\",\"closes\":\"12:00\"},{\"@type\":\"OpeningHoursSpecification\",\"dayOfWeek\":[\"Sunday\"],\"opens\":\"00:00\",\"closes\":\"00:00\"}],\"email\":\"contact@everydayraquel.com\",\"areaServed\":\"Dunkerque, Grande-Synthe, Bergues, Calais, Hazebrouck, Lille,\",\"priceRange\":\"$$\",\"currenciesAccepted\":\"Euro\",\"paymentAccepted\":\"CB, liquide, cash, carte bancaire\"},{\"@type\":\"PostalAddress\",\"@id\":\"https:\/\/everydayraquel.com\/boutique\/tous-les-dessins\/affiche-carnaval-dunkerque-2024\/#local-main-place-address\",\"streetAddress\":\"Rue Winston Churchill\",\"addressLocality\":\"Dunkerque\",\"postalCode\":\"59240\",\"addressCountry\":\"FR\"},{\"@type\":\"ImageObject\",\"inLanguage\":\"en-GB\",\"@id\":\"https:\/\/everydayraquel.com\/boutique\/tous-les-dessins\/affiche-carnaval-dunkerque-2024\/#local-main-organization-logo\",\"url\":\"https:\/\/everydayraquel.com\/wp-content\/uploads\/2020\/11\/everydayraquel_logo_mirroir.png\",\"contentUrl\":\"https:\/\/everydayraquel.com\/wp-content\/uploads\/2020\/11\/everydayraquel_logo_mirroir.png\",\"width\":670,\"height\":290,\"caption\":\"Everyday Raquel\"}]}<\/script>\n<meta name=\"geo.placename\" content=\"Dunkerque\" \/>\n<meta name=\"geo.region\" content=\"France\" \/>","yoast_head_json":{"title":"Affiche du Carnaval de Dunkerque 2024 &#8211; EverydayRaquel","robots":{"index":"index","follow":"follow","max-snippet":"max-snippet:-1","max-image-preview":"max-image-preview:large","max-video-preview":"max-video-preview:-1"},"canonical":"https:\/\/everydayraquel.com\/en\/boutique\/tous-les-dessins\/affiche-carnaval-dunkerque-2024\/","og_locale":"en_GB","og_type":"article","og_title":"Affiche du Carnaval de Dunkerque 2024","og_description":"En tant qu'artiste-illustratrice bas\u00e9e \u00e0 Dunkerque, j'ai r\u00e9alis\u00e9 cette affiche illustr\u00e9e afin de rendre hommage au merveilleux Carnaval de Dunkerque !  L'affiche existe en 3 formats diff\u00e9rents :   Grande carte postale A5  Affiche 30 x 40 cm (avec option encadrement)  Affiche 40 x 60 cm (avec option encadrement)  Pour les commandes avec remise en main-propre \u00e0 Dunkerque : RDV au Sekhmet - 105 Av. de l'Universit\u00e9, 59140 Dunkerque - le 1er f\u00e9vrier 2024 \u00e0 partir de 18h30.","og_url":"https:\/\/everydayraquel.com\/en\/boutique\/tous-les-dessins\/affiche-carnaval-dunkerque-2024\/","og_site_name":"EverydayRaquel","article_publisher":"https:\/\/www.facebook.com\/everydayraquel\/","article_modified_time":"2024-02-03T10:47:39+00:00","og_image":[{"width":600,"height":600,"url":"https:\/\/everydayraquel.com\/wp-content\/uploads\/2024\/01\/affiche_carnaval_illustree_cadre_raquel_2024.jpg","type":"image\/jpeg"}],"twitter_card":"summary_large_image","twitter_misc":{"Estimated reading time":"1 minute"},"schema":{"@context":"https:\/\/schema.org","@graph":[{"@type":"WebPage","@id":"https:\/\/everydayraquel.com\/boutique\/tous-les-dessins\/affiche-carnaval-dunkerque-2024\/","url":"https:\/\/everydayraquel.com\/boutique\/tous-les-dessins\/affiche-carnaval-dunkerque-2024\/","name":"Affiche du Carnaval de Dunkerque 2024 &#8211; EverydayRaquel","isPartOf":{"@id":"https:\/\/everydayraquel.com\/#website"},"primaryImageOfPage":{"@id":"https:\/\/everydayraquel.com\/boutique\/tous-les-dessins\/affiche-carnaval-dunkerque-2024\/#primaryimage"},"image":{"@id":"https:\/\/everydayraquel.com\/boutique\/tous-les-dessins\/affiche-carnaval-dunkerque-2024\/#primaryimage"},"thumbnailUrl":"https:\/\/everydayraquel.com\/wp-content\/uploads\/2024\/01\/affiche_carnaval_illustree_cadre_raquel_2024.jpg","datePublished":"2024-01-14T18:33:08+00:00","dateModified":"2024-02-03T10:47:39+00:00","breadcrumb":{"@id":"https:\/\/everydayraquel.com\/boutique\/tous-les-dessins\/affiche-carnaval-dunkerque-2024\/#breadcrumb"},"inLanguage":"en-GB","potentialAction":[{"@type":"ReadAction","target":["https:\/\/everydayraquel.com\/boutique\/tous-les-dessins\/affiche-carnaval-dunkerque-2024\/"]}]},{"@type":"ImageObject","inLanguage":"en-GB","@id":"https:\/\/everydayraquel.com\/boutique\/tous-les-dessins\/affiche-carnaval-dunkerque-2024\/#primaryimage","url":"https:\/\/everydayraquel.com\/wp-content\/uploads\/2024\/01\/affiche_carnaval_illustree_cadre_raquel_2024.jpg","contentUrl":"https:\/\/everydayraquel.com\/wp-content\/uploads\/2024\/01\/affiche_carnaval_illustree_cadre_raquel_2024.jpg","width":600,"height":600},{"@type":"BreadcrumbList","@id":"https:\/\/everydayraquel.com\/boutique\/tous-les-dessins\/affiche-carnaval-dunkerque-2024\/#breadcrumb","itemListElement":[{"@type":"ListItem","position":1,"name":"Accueil","item":"https:\/\/everydayraquel.com\/"},{"@type":"ListItem","position":2,"name":"Boutique en ligne","item":"https:\/\/everydayraquel.com\/boutique\/"},{"@type":"ListItem","position":3,"name":"Affiche du Carnaval de Dunkerque 2024"}]},{"@type":"WebSite","@id":"https:\/\/everydayraquel.com\/#website","url":"https:\/\/everydayraquel.com\/","name":"EverydayRaquel Art et Illustration","description":"Un jour, un dessin","publisher":{"@id":"https:\/\/everydayraquel.com\/#organization"},"alternateName":"Artiste Everyday Raquel","potentialAction":[{"@type":"SearchAction","target":{"@type":"EntryPoint","urlTemplate":"https:\/\/everydayraquel.com\/?s={search_term_string}"},"query-input":{"@type":"PropertyValueSpecification","valueRequired":true,"valueName":"search_term_string"}}],"inLanguage":"en-GB"},{"@type":["Organization","Place","ArtGallery"],"@id":"https:\/\/everydayraquel.com\/#organization","name":"Everyday Raquel","alternateName":"Raquel Artiste Dunkerque","url":"https:\/\/everydayraquel.com\/","logo":{"@id":"https:\/\/everydayraquel.com\/boutique\/tous-les-dessins\/affiche-carnaval-dunkerque-2024\/#local-main-organization-logo"},"image":{"@id":"https:\/\/everydayraquel.com\/boutique\/tous-les-dessins\/affiche-carnaval-dunkerque-2024\/#local-main-organization-logo"},"sameAs":["https:\/\/www.facebook.com\/everydayraquel\/","https:\/\/www.instagram.com\/everydayraquel\/"],"description":"Artiste et illustratrice \u00e0 Dunkerque, je r\u00e9alise des dessins personnalis\u00e9s, vente d'affiches et de cadres, dessins du carnaval et des moments du quotidien. Street art, ateliers de dessins collectifs.","legalName":"EveryDay Raquel","foundingDate":"2020-07-27","numberOfEmployees":{"@type":"QuantitativeValue","minValue":"1","maxValue":"10"},"address":{"@id":"https:\/\/everydayraquel.com\/boutique\/tous-les-dessins\/affiche-carnaval-dunkerque-2024\/#local-main-place-address"},"telephone":[],"openingHoursSpecification":[{"@type":"OpeningHoursSpecification","dayOfWeek":["Monday","Tuesday","Wednesday","Thursday","Friday"],"opens":"09:30","closes":"18:00"},{"@type":"OpeningHoursSpecification","dayOfWeek":["Saturday"],"opens":"10:00","closes":"12:00"},{"@type":"OpeningHoursSpecification","dayOfWeek":["Sunday"],"opens":"00:00","closes":"00:00"}],"email":"contact@everydayraquel.com","areaServed":"Dunkerque, Grande-Synthe, Bergues, Calais, Hazebrouck, Lille,","priceRange":"$$","currenciesAccepted":"Euro","paymentAccepted":"CB, liquide, cash, carte bancaire"},{"@type":"PostalAddress","@id":"https:\/\/everydayraquel.com\/boutique\/tous-les-dessins\/affiche-carnaval-dunkerque-2024\/#local-main-place-address","streetAddress":"Rue Winston Churchill","addressLocality":"Dunkerque","postalCode":"59240","addressCountry":"FR"},{"@type":"ImageObject","inLanguage":"en-GB","@id":"https:\/\/everydayraquel.com\/boutique\/tous-les-dessins\/affiche-carnaval-dunkerque-2024\/#local-main-organization-logo","url":"https:\/\/everydayraquel.com\/wp-content\/uploads\/2020\/11\/everydayraquel_logo_mirroir.png","contentUrl":"https:\/\/everydayraquel.com\/wp-content\/uploads\/2020\/11\/everydayraquel_logo_mirroir.png","width":670,"height":290,"caption":"Everyday Raquel"}]},"geo.placename":"Dunkerque","geo.region":"France"},"_links":{"self":[{"href":"https:\/\/everydayraquel.com\/en\/wp-json\/wp\/v2\/product\/5307","targetHints":{"allow":["GET"]}}],"collection":[{"href":"https:\/\/everydayraquel.com\/en\/wp-json\/wp\/v2\/product"}],"about":[{"href":"https:\/\/everydayraquel.com\/en\/wp-json\/wp\/v2\/types\/product"}],"wp:featuredmedia":[{"embeddable":true,"href":"https:\/\/everydayraquel.com\/en\/wp-json\/wp\/v2\/media\/5312"}],"wp:attachment":[{"href":"https:\/\/everydayraquel.com\/en\/wp-json\/wp\/v2\/media?parent=5307"}],"wp:term":[{"taxonomy":"product_brand","embeddable":true,"href":"https:\/\/everydayraquel.com\/en\/wp-json\/wp\/v2\/product_brand?post=5307"},{"taxonomy":"product_cat","embeddable":true,"href":"https:\/\/everydayraquel.com\/en\/wp-json\/wp\/v2\/product_cat?post=5307"},{"taxonomy":"product_tag","embeddable":true,"href":"https:\/\/everydayraquel.com\/en\/wp-json\/wp\/v2\/product_tag?post=5307"}],"curies":[{"name":"wp","href":"https:\/\/api.w.org\/{rel}","templated":true}]}}