{"id":9,"date":"2017-12-13T08:37:41","date_gmt":"2017-12-13T07:37:41","guid":{"rendered":"https:\/\/everydayraquel.com\/home\/"},"modified":"2026-02-04T23:34:52","modified_gmt":"2026-02-04T22:34:52","slug":"accueil","status":"publish","type":"page","link":"https:\/\/everydayraquel.com\/en\/","title":{"rendered":"Home"},"content":{"rendered":"\t\t<div data-elementor-type=\"wp-page\" data-elementor-id=\"9\" class=\"elementor elementor-9\" data-elementor-post-type=\"page\">\n\t\t\t\t\t\t<section class=\"elementor-section elementor-top-section elementor-element elementor-element-44789b6 elementor-section-content-middle elementor-section-boxed elementor-section-height-default elementor-section-height-default\" data-id=\"44789b6\" data-element_type=\"section\" data-e-type=\"section\" data-settings=\"{&quot;background_background&quot;:&quot;gradient&quot;}\">\n\t\t\t\t\t\t<div class=\"elementor-container elementor-column-gap-no\">\n\t\t\t\t\t<div class=\"elementor-column elementor-col-100 elementor-top-column elementor-element elementor-element-8f0bfa6\" data-id=\"8f0bfa6\" data-element_type=\"column\" data-e-type=\"column\">\n\t\t\t<div class=\"elementor-widget-wrap elementor-element-populated\">\n\t\t\t\t\t\t<section class=\"elementor-section elementor-inner-section elementor-element elementor-element-65fd078 elementor-section-full_width elementor-section-content-middle elementor-section-height-default elementor-section-height-default\" data-id=\"65fd078\" data-element_type=\"section\" data-e-type=\"section\">\n\t\t\t\t\t\t<div class=\"elementor-container elementor-column-gap-default\">\n\t\t\t\t\t<div class=\"elementor-column elementor-col-50 elementor-inner-column elementor-element elementor-element-d027e95\" data-id=\"d027e95\" data-element_type=\"column\" data-e-type=\"column\" data-settings=\"{&quot;background_background&quot;:&quot;classic&quot;}\">\n\t\t\t<div class=\"elementor-widget-wrap elementor-element-populated\">\n\t\t\t\t\t<div class=\"elementor-background-overlay\"><\/div>\n\t\t\t\t\t\t<div class=\"elementor-element elementor-element-36d2b53 elementor-widget elementor-widget-image\" data-id=\"36d2b53\" data-element_type=\"widget\" data-e-type=\"widget\" data-widget_type=\"image.default\">\n\t\t\t\t<div class=\"elementor-widget-container\">\n\t\t\t\t\t\t\t\t\t\t\t\t\t\t\t<img loading=\"lazy\" decoding=\"async\" width=\"1080\" height=\"1080\" src=\"https:\/\/everydayraquel.com\/wp-content\/uploads\/2020\/11\/Ide\u0301e_a\u0300_loreille.jpg\" class=\"attachment-full size-full wp-image-1698\" alt=\"\" srcset=\"https:\/\/everydayraquel.com\/wp-content\/uploads\/2020\/11\/Ide\u0301e_a\u0300_loreille.jpg 1080w, https:\/\/everydayraquel.com\/wp-content\/uploads\/2020\/11\/Ide\u0301e_a\u0300_loreille-300x300.jpg 300w, https:\/\/everydayraquel.com\/wp-content\/uploads\/2020\/11\/Ide\u0301e_a\u0300_loreille-100x100.jpg 100w, https:\/\/everydayraquel.com\/wp-content\/uploads\/2020\/11\/Ide\u0301e_a\u0300_loreille-600x600.jpg 600w, https:\/\/everydayraquel.com\/wp-content\/uploads\/2020\/11\/Ide\u0301e_a\u0300_loreille-64x64.jpg 64w, https:\/\/everydayraquel.com\/wp-content\/uploads\/2020\/11\/Ide\u0301e_a\u0300_loreille-1024x1024.jpg 1024w, https:\/\/everydayraquel.com\/wp-content\/uploads\/2020\/11\/Ide\u0301e_a\u0300_loreille-150x150.jpg 150w, https:\/\/everydayraquel.com\/wp-content\/uploads\/2020\/11\/Ide\u0301e_a\u0300_loreille-768x768.jpg 768w\" sizes=\"(max-width: 1080px) 100vw, 1080px\" \/>\t\t\t\t\t\t\t\t\t\t\t\t\t\t\t<\/div>\n\t\t\t\t<\/div>\n\t\t\t\t\t<\/div>\n\t\t<\/div>\n\t\t\t\t<div class=\"elementor-column elementor-col-50 elementor-inner-column elementor-element elementor-element-734a360\" data-id=\"734a360\" data-element_type=\"column\" data-e-type=\"column\">\n\t\t\t<div class=\"elementor-widget-wrap elementor-element-populated\">\n\t\t\t\t\t\t<div class=\"elementor-element elementor-element-a73583f animated-slow elementor-invisible elementor-widget elementor-widget-heading\" data-id=\"a73583f\" data-element_type=\"widget\" data-e-type=\"widget\" data-settings=\"{&quot;_animation&quot;:&quot;slideInRight&quot;,&quot;_animation_delay&quot;:200}\" data-widget_type=\"heading.default\">\n\t\t\t\t<div class=\"elementor-widget-container\">\n\t\t\t\t\t<h2 class=\"elementor-heading-title elementor-size-default\">Raquel Mayorga Larin<\/h2>\t\t\t\t<\/div>\n\t\t\t\t<\/div>\n\t\t\t\t<div class=\"elementor-element elementor-element-a7af1da elementor-widget elementor-widget-heading\" data-id=\"a7af1da\" data-element_type=\"widget\" data-e-type=\"widget\" data-widget_type=\"heading.default\">\n\t\t\t\t<div class=\"elementor-widget-container\">\n\t\t\t\t\t<h1 class=\"elementor-heading-title elementor-size-default\">Artiste Illustratrice \u00e0 Dunkerque<\/h1>\t\t\t\t<\/div>\n\t\t\t\t<\/div>\n\t\t\t\t<div class=\"elementor-element elementor-element-19c5a8c elementor-widget elementor-widget-text-editor\" data-id=\"19c5a8c\" data-element_type=\"widget\" data-e-type=\"widget\" data-widget_type=\"text-editor.default\">\n\t\t\t\t<div class=\"elementor-widget-container\">\n\t\t\t\t\t\t\t\t\t<p style=\"text-align: center;\">Bonjour ! Sur mon site, vous pouvez :<\/p><p style=\"text-align: center;\">[ <a href=\"https:\/\/everydayraquel.com\/boutique\/\">Consulter ma collection de dessins et acheter des prints<\/a> ]<br \/>[ <a href=\"https:\/\/everydayraquel.com\/blog\/\">Lire mon blog &amp; mes actualit\u00e9s <\/a>]<br \/>[ <a href=\"https:\/\/everydayraquel.com\/agenda\/\">D\u00e9couvrir mes prochains \u00e9v\u00e9nements <\/a>]<br \/>[<a href=\"https:\/\/everydayraquel.com\/contact\/\"> M&rsquo;envoyer un petit message et voir mes r\u00e9seaux sociaux <\/a>]<br \/>[<a href=\"https:\/\/everydayraquel.com\/faire-part-dessins-a-la-carte\/\"> Me commander un dessin sur mesure <\/a>]<\/p>\t\t\t\t\t\t\t\t<\/div>\n\t\t\t\t<\/div>\n\t\t\t\t<div class=\"elementor-element elementor-element-74c2e1d elementor-widget elementor-widget-text-editor\" data-id=\"74c2e1d\" data-element_type=\"widget\" data-e-type=\"widget\" data-widget_type=\"text-editor.default\">\n\t\t\t\t<div class=\"elementor-widget-container\">\n\t\t\t\t\t\t\t\t\t<p style=\"text-align: center;\">Illustrations \u00b7 Affiches \u00b7 Ateliers cr\u00e9atifs \u00b7 Expositions \u00b7 Livres illustr\u00e9s \u00b7 Street art<\/p>\t\t\t\t\t\t\t\t<\/div>\n\t\t\t\t<\/div>\n\t\t\t\t\t<\/div>\n\t\t<\/div>\n\t\t\t\t\t<\/div>\n\t\t<\/section>\n\t\t\t\t\t<\/div>\n\t\t<\/div>\n\t\t\t\t\t<\/div>\n\t\t<\/section>\n\t\t\t\t<section class=\"elementor-section elementor-top-section elementor-element elementor-element-24d0c91 elementor-section-boxed elementor-section-height-default elementor-section-height-default\" data-id=\"24d0c91\" data-element_type=\"section\" data-e-type=\"section\" data-settings=\"{&quot;background_background&quot;:&quot;gradient&quot;}\">\n\t\t\t\t\t\t<div class=\"elementor-container elementor-column-gap-default\">\n\t\t\t\t\t<div class=\"elementor-column elementor-col-100 elementor-top-column elementor-element elementor-element-511135d\" data-id=\"511135d\" data-element_type=\"column\" data-e-type=\"column\">\n\t\t\t<div class=\"elementor-widget-wrap elementor-element-populated\">\n\t\t\t\t\t\t<div class=\"elementor-element elementor-element-9873e12 elementor-widget elementor-widget-heading\" data-id=\"9873e12\" data-element_type=\"widget\" data-e-type=\"widget\" data-widget_type=\"heading.default\">\n\t\t\t\t<div class=\"elementor-widget-container\">\n\t\t\t\t\t<h2 class=\"elementor-heading-title elementor-size-default\">Mes actualit\u00e9s<\/h2>\t\t\t\t<\/div>\n\t\t\t\t<\/div>\n\t\t\t\t<div class=\"elementor-element elementor-element-9352b46 elementor-grid-3 elementor-grid-tablet-2 elementor-grid-mobile-1 elementor-posts--thumbnail-top elementor-card-shadow-yes elementor-posts__hover-gradient elementor-widget elementor-widget-posts\" data-id=\"9352b46\" data-element_type=\"widget\" data-e-type=\"widget\" data-settings=\"{&quot;cards_columns&quot;:&quot;3&quot;,&quot;cards_columns_tablet&quot;:&quot;2&quot;,&quot;cards_columns_mobile&quot;:&quot;1&quot;,&quot;cards_row_gap&quot;:{&quot;unit&quot;:&quot;px&quot;,&quot;size&quot;:35,&quot;sizes&quot;:[]},&quot;cards_row_gap_tablet&quot;:{&quot;unit&quot;:&quot;px&quot;,&quot;size&quot;:&quot;&quot;,&quot;sizes&quot;:[]},&quot;cards_row_gap_mobile&quot;:{&quot;unit&quot;:&quot;px&quot;,&quot;size&quot;:&quot;&quot;,&quot;sizes&quot;:[]}}\" data-widget_type=\"posts.cards\">\n\t\t\t\t<div class=\"elementor-widget-container\">\n\t\t\t\t\t\t\t<div class=\"elementor-posts-container elementor-posts elementor-posts--skin-cards elementor-grid\" role=\"list\">\n\t\t\t\t<article class=\"elementor-post elementor-grid-item post-5599 post type-post status-publish format-standard has-post-thumbnail hentry category-projets-realisations\" role=\"listitem\">\n\t\t\t<div class=\"elementor-post__card\">\n\t\t\t\t<a class=\"elementor-post__thumbnail__link\" href=\"https:\/\/everydayraquel.com\/en\/projets-realisations\/fresque-devant-lecole-jules-ferry-a-petite-synthe\/\" tabindex=\"-1\" ><div class=\"elementor-post__thumbnail\"><img loading=\"lazy\" decoding=\"async\" width=\"768\" height=\"576\" src=\"https:\/\/everydayraquel.com\/wp-content\/uploads\/2026\/04\/Realisation-fresque-jules-ferrry-768x576.jpeg\" class=\"attachment-medium_large size-medium_large wp-image-5600\" alt=\"\" srcset=\"https:\/\/everydayraquel.com\/wp-content\/uploads\/2026\/04\/Realisation-fresque-jules-ferrry-768x576.jpeg 768w, https:\/\/everydayraquel.com\/wp-content\/uploads\/2026\/04\/Realisation-fresque-jules-ferrry-300x225.jpeg 300w, https:\/\/everydayraquel.com\/wp-content\/uploads\/2026\/04\/Realisation-fresque-jules-ferrry-1024x768.jpeg 1024w, https:\/\/everydayraquel.com\/wp-content\/uploads\/2026\/04\/Realisation-fresque-jules-ferrry-16x12.jpeg 16w, https:\/\/everydayraquel.com\/wp-content\/uploads\/2026\/04\/Realisation-fresque-jules-ferrry-600x450.jpeg 600w, https:\/\/everydayraquel.com\/wp-content\/uploads\/2026\/04\/Realisation-fresque-jules-ferrry-64x48.jpeg 64w, https:\/\/everydayraquel.com\/wp-content\/uploads\/2026\/04\/Realisation-fresque-jules-ferrry.jpeg 1179w\" sizes=\"(max-width: 768px) 100vw, 768px\" \/><\/div><\/a>\n\t\t\t\t<div class=\"elementor-post__badge\">Projets et r\u00e9alisations<\/div>\n\t\t\t\t<div class=\"elementor-post__text\">\n\t\t\t\t<h3 class=\"elementor-post__title\">\n\t\t\t<a href=\"https:\/\/everydayraquel.com\/en\/projets-realisations\/fresque-devant-lecole-jules-ferry-a-petite-synthe\/\" >\n\t\t\t\tFresque devant l&rsquo;\u00c9cole Jules Ferry \u00e0 Petite-Synthe\t\t\t<\/a>\n\t\t<\/h3>\n\t\t\t\t<div class=\"elementor-post__excerpt\">\n\t\t\t<p>Voici un projet r\u00e9alis\u00e9 \u00e0 l&rsquo;initiative de l&rsquo;\u00e9cole \u00e9l\u00e9mentaire Jules Ferry \u00e0 Petite-Synthe. Des ateliers artistiques r\u00e9alis\u00e9s avec les \u00e9l\u00e8ves du CP au<\/p>\n\t\t<\/div>\n\t\t\t\t\t<div class=\"elementor-post__read-more-wrapper\">\n\t\t\n\t\t<a class=\"elementor-post__read-more\" href=\"https:\/\/everydayraquel.com\/en\/projets-realisations\/fresque-devant-lecole-jules-ferry-a-petite-synthe\/\" aria-label=\"Read more about Fresque devant l&rsquo;\u00c9cole Jules Ferry \u00e0 Petite-Synthe\" tabindex=\"-1\" >\n\t\t\tLire la suite \u00bb\t\t<\/a>\n\n\t\t\t\t\t<\/div>\n\t\t\t\t<\/div>\n\t\t\t\t\t<\/div>\n\t\t<\/article>\n\t\t\t\t<article class=\"elementor-post elementor-grid-item post-5582 post type-post status-publish format-standard has-post-thumbnail hentry category-projets-realisations\" role=\"listitem\">\n\t\t\t<div class=\"elementor-post__card\">\n\t\t\t\t<a class=\"elementor-post__thumbnail__link\" href=\"https:\/\/everydayraquel.com\/en\/projets-realisations\/atelier-de-collage-et-illustration-avec-a-tes-cotes\/\" tabindex=\"-1\" ><div class=\"elementor-post__thumbnail\"><img loading=\"lazy\" decoding=\"async\" width=\"768\" height=\"432\" src=\"https:\/\/everydayraquel.com\/wp-content\/uploads\/2026\/04\/atelier-illustration-collage-everydayraque-atescotes4-768x432.jpeg\" class=\"attachment-medium_large size-medium_large wp-image-5585\" alt=\"\" srcset=\"https:\/\/everydayraquel.com\/wp-content\/uploads\/2026\/04\/atelier-illustration-collage-everydayraque-atescotes4-768x432.jpeg 768w, https:\/\/everydayraquel.com\/wp-content\/uploads\/2026\/04\/atelier-illustration-collage-everydayraque-atescotes4-300x169.jpeg 300w, https:\/\/everydayraquel.com\/wp-content\/uploads\/2026\/04\/atelier-illustration-collage-everydayraque-atescotes4-1024x576.jpeg 1024w, https:\/\/everydayraquel.com\/wp-content\/uploads\/2026\/04\/atelier-illustration-collage-everydayraque-atescotes4-18x10.jpeg 18w, https:\/\/everydayraquel.com\/wp-content\/uploads\/2026\/04\/atelier-illustration-collage-everydayraque-atescotes4-600x338.jpeg 600w, https:\/\/everydayraquel.com\/wp-content\/uploads\/2026\/04\/atelier-illustration-collage-everydayraque-atescotes4-64x36.jpeg 64w, https:\/\/everydayraquel.com\/wp-content\/uploads\/2026\/04\/atelier-illustration-collage-everydayraque-atescotes4.jpeg 1200w\" sizes=\"(max-width: 768px) 100vw, 768px\" \/><\/div><\/a>\n\t\t\t\t<div class=\"elementor-post__badge\">Projets et r\u00e9alisations<\/div>\n\t\t\t\t<div class=\"elementor-post__text\">\n\t\t\t\t<h3 class=\"elementor-post__title\">\n\t\t\t<a href=\"https:\/\/everydayraquel.com\/en\/projets-realisations\/atelier-de-collage-et-illustration-avec-a-tes-cotes\/\" >\n\t\t\t\tAtelier de collage et illustration avec \u00c0 Tes C\u00f4t\u00e9s\t\t\t<\/a>\n\t\t<\/h3>\n\t\t\t\t<div class=\"elementor-post__excerpt\">\n\t\t\t<p>Dans le cadre de l&rsquo;\u00e9v\u00e9nement \u00ab\u00a0Il \u00e9tait une fois\u00a0\u00bb organis\u00e9 par \u00c0 Tes Cot\u00e9s \u00e0 Dunkerque, jai particip\u00e9 dans une s\u00e9rie d&rsquo;ateliers tournants.<\/p>\n\t\t<\/div>\n\t\t\t\t\t<div class=\"elementor-post__read-more-wrapper\">\n\t\t\n\t\t<a class=\"elementor-post__read-more\" href=\"https:\/\/everydayraquel.com\/en\/projets-realisations\/atelier-de-collage-et-illustration-avec-a-tes-cotes\/\" aria-label=\"Read more about Atelier de collage et illustration avec \u00c0 Tes C\u00f4t\u00e9s\" tabindex=\"-1\" >\n\t\t\tLire la suite \u00bb\t\t<\/a>\n\n\t\t\t\t\t<\/div>\n\t\t\t\t<\/div>\n\t\t\t\t\t<\/div>\n\t\t<\/article>\n\t\t\t\t<article class=\"elementor-post elementor-grid-item post-5573 post type-post status-publish format-standard has-post-thumbnail hentry category-projets-realisations\" role=\"listitem\">\n\t\t\t<div class=\"elementor-post__card\">\n\t\t\t\t<a class=\"elementor-post__thumbnail__link\" href=\"https:\/\/everydayraquel.com\/en\/projets-realisations\/une-fresque-pour-lespace-bts-du-lycee-angellier\/\" tabindex=\"-1\" ><div class=\"elementor-post__thumbnail\"><img loading=\"lazy\" decoding=\"async\" width=\"768\" height=\"432\" src=\"https:\/\/everydayraquel.com\/wp-content\/uploads\/2026\/04\/realisation-fresque-BTS-lycee-angellier-everydayraquel-1-768x432.jpeg\" class=\"attachment-medium_large size-medium_large wp-image-5579\" alt=\"\" srcset=\"https:\/\/everydayraquel.com\/wp-content\/uploads\/2026\/04\/realisation-fresque-BTS-lycee-angellier-everydayraquel-1-768x432.jpeg 768w, https:\/\/everydayraquel.com\/wp-content\/uploads\/2026\/04\/realisation-fresque-BTS-lycee-angellier-everydayraquel-1-300x169.jpeg 300w, https:\/\/everydayraquel.com\/wp-content\/uploads\/2026\/04\/realisation-fresque-BTS-lycee-angellier-everydayraquel-1-1024x576.jpeg 1024w, https:\/\/everydayraquel.com\/wp-content\/uploads\/2026\/04\/realisation-fresque-BTS-lycee-angellier-everydayraquel-1-18x10.jpeg 18w, https:\/\/everydayraquel.com\/wp-content\/uploads\/2026\/04\/realisation-fresque-BTS-lycee-angellier-everydayraquel-1-600x338.jpeg 600w, https:\/\/everydayraquel.com\/wp-content\/uploads\/2026\/04\/realisation-fresque-BTS-lycee-angellier-everydayraquel-1-64x36.jpeg 64w, https:\/\/everydayraquel.com\/wp-content\/uploads\/2026\/04\/realisation-fresque-BTS-lycee-angellier-everydayraquel-1.jpeg 1200w\" sizes=\"(max-width: 768px) 100vw, 768px\" \/><\/div><\/a>\n\t\t\t\t<div class=\"elementor-post__badge\">Projets et r\u00e9alisations<\/div>\n\t\t\t\t<div class=\"elementor-post__text\">\n\t\t\t\t<h3 class=\"elementor-post__title\">\n\t\t\t<a href=\"https:\/\/everydayraquel.com\/en\/projets-realisations\/une-fresque-pour-lespace-bts-du-lycee-angellier\/\" >\n\t\t\t\tUne fresque pour l&rsquo;espace BTS du Lyc\u00e9e Angellier\t\t\t<\/a>\n\t\t<\/h3>\n\t\t\t\t<div class=\"elementor-post__excerpt\">\n\t\t\t<p>Le Lyc\u00e9e Angellier de Dunkerque propose des formations BTS en Commerce International, Comptabilit\u00e9 et Gestion ainsi que Management Commercial Op\u00e9rationnel. J&rsquo;ai travaill\u00e9 avec<\/p>\n\t\t<\/div>\n\t\t\t\t\t<div class=\"elementor-post__read-more-wrapper\">\n\t\t\n\t\t<a class=\"elementor-post__read-more\" href=\"https:\/\/everydayraquel.com\/en\/projets-realisations\/une-fresque-pour-lespace-bts-du-lycee-angellier\/\" aria-label=\"Read more about Une fresque pour l&rsquo;espace BTS du Lyc\u00e9e Angellier\" tabindex=\"-1\" >\n\t\t\tLire la suite \u00bb\t\t<\/a>\n\n\t\t\t\t\t<\/div>\n\t\t\t\t<\/div>\n\t\t\t\t\t<\/div>\n\t\t<\/article>\n\t\t\t\t<\/div>\n\t\t\n\t\t\t\t\t\t<\/div>\n\t\t\t\t<\/div>\n\t\t\t\t<div class=\"elementor-element elementor-element-8c89fa5 elementor-align-center elementor-mobile-align-center elementor-widget elementor-widget-button\" data-id=\"8c89fa5\" data-element_type=\"widget\" data-e-type=\"widget\" data-widget_type=\"button.default\">\n\t\t\t\t<div class=\"elementor-widget-container\">\n\t\t\t\t\t\t\t\t\t<div class=\"elementor-button-wrapper\">\n\t\t\t\t\t<a class=\"elementor-button elementor-button-link elementor-size-md\" href=\"https:\/\/everydayraquel.com\/blog\/\">\n\t\t\t\t\t\t<span class=\"elementor-button-content-wrapper\">\n\t\t\t\t\t\t<span class=\"elementor-button-icon\">\n\t\t\t\t<i aria-hidden=\"true\" class=\"far fa-hand-point-right\"><\/i>\t\t\t<\/span>\n\t\t\t\t\t\t\t\t\t<span class=\"elementor-button-text\">Toutes mes actualit\u00e9s<\/span>\n\t\t\t\t\t<\/span>\n\t\t\t\t\t<\/a>\n\t\t\t\t<\/div>\n\t\t\t\t\t\t\t\t<\/div>\n\t\t\t\t<\/div>\n\t\t\t\t\t<\/div>\n\t\t<\/div>\n\t\t\t\t\t<\/div>\n\t\t<\/section>\n\t\t\t\t<section class=\"elementor-section elementor-top-section elementor-element elementor-element-2bacb1f elementor-section-boxed elementor-section-height-default elementor-section-height-default\" data-id=\"2bacb1f\" data-element_type=\"section\" data-e-type=\"section\" data-settings=\"{&quot;background_background&quot;:&quot;gradient&quot;}\">\n\t\t\t\t\t\t<div class=\"elementor-container elementor-column-gap-default\">\n\t\t\t\t\t<div class=\"elementor-column elementor-col-100 elementor-top-column elementor-element elementor-element-0a37e66\" data-id=\"0a37e66\" data-element_type=\"column\" data-e-type=\"column\">\n\t\t\t<div class=\"elementor-widget-wrap elementor-element-populated\">\n\t\t\t\t\t\t<div class=\"elementor-element elementor-element-84cffbe elementor-widget elementor-widget-heading\" data-id=\"84cffbe\" data-element_type=\"widget\" data-e-type=\"widget\" data-widget_type=\"heading.default\">\n\t\t\t\t<div class=\"elementor-widget-container\">\n\t\t\t\t\t<h2 class=\"elementor-heading-title elementor-size-default\">Agenda : Mes prochains \u00c9v\u00e9nements !<\/h2>\t\t\t\t<\/div>\n\t\t\t\t<\/div>\n\t\t\t\t<div class=\"elementor-element elementor-element-043b0d1 elementor-widget elementor-widget-shortcode\" data-id=\"043b0d1\" data-element_type=\"widget\" data-e-type=\"widget\" data-widget_type=\"shortcode.default\">\n\t\t\t\t<div class=\"elementor-widget-container\">\n\t\t\t\t\t\t\t<div class=\"elementor-shortcode\"><div class=\"mec-wrap mec-skin-masonry-container  colorskin-custom  \" id=\"mec_skin_5408\" data-filterby=\"\" data-sortascending=\"1\">\r\n    \r\n        <div class=\"mec-events-masonry-wrap\" id=\"mec_skin_events_5408\">\r\n        <div class=\"mec-wrap colorskin-custom\">\r\n    <div class=\"mec-event-masonry\">\r\n                    <div data-sort-masonry=\"2026-05-20\" class=\"mec-masonry-item-wrap \">\r\n                <div class=\"mec-masonry\">\r\n\r\n                    <article class=\"mec-event-article mec-clear  \">\r\n                                                    <div class=\"mec-masonry-img\"><a data-event-id=\"5595\" href=\"https:\/\/everydayraquel.com\/en\/evenements\/fresque-participative-devant-la-maison-de-quartier-pont-loby\/\" target=\"_self\" rel=\"noopener\"><img loading=\"lazy\" decoding=\"async\" width=\"1200\" height=\"675\" src=\"https:\/\/everydayraquel.com\/wp-content\/uploads\/2026\/04\/evenement-fresque-fleurs-pont-loby.jpg\" class=\"attachment-full size-full wp-post-image\" alt=\"\" data-mec-postid=\"5595\" \/><\/a><\/div>\r\n                        \r\n                        \r\n                        <div class=\"mec-masonry-content mec-event-grid-modern\">\r\n                            <div class=\"event-grid-modern-head clearfix\">\r\n\r\n                                <div class=\"mec-masonry-col12\">\r\n                                                                            <div class=\"mec-event-date mec-color\">20<\/div>\r\n                                        <div class=\"mec-event-month\">May (Wednesday)<\/div>\r\n                                                                        <div class=\"mec-event-detail\">16h00 - 19h00<\/div>\r\n                                                                    <\/div>\r\n\r\n                                \r\n                            <\/div>\r\n                                                                                    <div class=\"mec-event-content\">\r\n                                                                <h4 class=\"mec-event-title\"><a class=\"mec-color-hover\" data-event-id=\"5595\" href=\"https:\/\/everydayraquel.com\/en\/evenements\/fresque-participative-devant-la-maison-de-quartier-pont-loby\/\" target=\"_self\" rel=\"noopener\">Fresque participative devant la Maison de Quartier Pont-Loby<\/a>  <\/h4>\r\n                                                                                                                                <div class=\"mec-event-description mec-events-content\">\r\n                                    <p>Lors de l\u2019Assembl\u00e9e des habitants en plein air au Pont-Loby, une fresque florale sera r\u00e9alis\u00e9e au sol \u00e0 l\u2019aide de pochoirs. Cette cr\u00e9ation collective prendra la forme d\u2019un chemin de fleurs reliant la rue \u00e0 la maison de quartier. Les habitants seront invit\u00e9s \u00e0 participer activement \u00e0 la r\u00e9alisation de cette \u0153uvre. Ils seront guid\u00e9s [&hellip;] ...<\/p>\r\n                                <\/div>\r\n                            <\/div>\r\n                            <div class=\"mec-event-footer\">\r\n                                <a class=\"mec-booking-button\" data-event-id=\"5595\" href=\"https:\/\/everydayraquel.com\/en\/evenements\/fresque-participative-devant-la-maison-de-quartier-pont-loby\/\" target=\"_self\" rel=\"noopener\">Voirs les d\u00e9tails<\/a>                                                                                            <\/div>\r\n                        <\/div>\r\n                    <\/article>\r\n\r\n                <\/div>\r\n            <\/div>\r\n                            <div data-sort-masonry=\"2026-05-24\" class=\"mec-masonry-item-wrap \">\r\n                <div class=\"mec-masonry\">\r\n\r\n                    <article class=\"mec-event-article mec-clear  \">\r\n                                                    <div class=\"mec-masonry-img\"><a data-event-id=\"5593\" href=\"https:\/\/www.agitateurspublic.com\/cachecache-2026\" target=\"_self\" rel=\"noopener\"><img loading=\"lazy\" decoding=\"async\" width=\"1200\" height=\"628\" src=\"https:\/\/everydayraquel.com\/wp-content\/uploads\/2026\/04\/CACHE-CACHE-2026_Evenement_Agitateurs_Public.jpg\" class=\"attachment-full size-full wp-post-image\" alt=\"\" data-mec-postid=\"5593\" \/><\/a><\/div>\r\n                        \r\n                        \r\n                        <div class=\"mec-masonry-content mec-event-grid-modern\">\r\n                            <div class=\"event-grid-modern-head clearfix\">\r\n\r\n                                <div class=\"mec-masonry-col6\">\r\n                                                                            <div class=\"mec-event-date mec-color\">24<\/div>\r\n                                        <div class=\"mec-event-month\">May (Sunday)<\/div>\r\n                                                                        <div class=\"mec-event-detail\">10h00 - 19h00<\/div>\r\n                                                                    <\/div>\r\n\r\n                                                                <div class=\"mec-masonry-col6\">\r\n                                    <div class=\"mec-event-location\">\r\n                                        <i class=\"mec-sl-location-pin\"><\/i>                                        <div class=\"mec-event-location-det\">\r\n                                            <h6 class=\"mec-location\">Fort des Dunes Leffrinckoucke<\/h6>\r\n                                            <address class=\"mec-events-address\"><span class=\"mec-address\">Chem. du Fort, 59495 Leffrinckoucke<\/span><\/address>\r\n                                        <\/div>\r\n                                    <\/div>\r\n                                <\/div>\r\n                                \r\n                            <\/div>\r\n                                                                                    <div class=\"mec-event-content\">\r\n                                                                <h4 class=\"mec-event-title\"><a class=\"mec-color-hover\" data-event-id=\"5593\" href=\"https:\/\/www.agitateurspublic.com\/cachecache-2026\" target=\"_self\" rel=\"noopener\">Cache Cache Festival &#8211; Un \u00e9v\u00e9nement de Agitateurs Public<\/a>  <\/h4>\r\n                                                                                                                                <div class=\"mec-event-description mec-events-content\">\r\n                                    <p>Le festival d\u2019arts de la rue pour petits et grands, est de retour cette ann\u00e9e !La Ville de Leffrinckoucke\u00a0s\u2019associe \u00e0 l\u2019association\u00a0Agitateurs Public\u00a0pour vous pr\u00e9senter cette \u00e9dition 2026 dans ce lieu unique : le\u00a0Fort des Dunes &#8211; Leffrinckoucke CACHECACHE FESTIVALDimanche 24 Mai 2025 de 10h \u00e0 19hau FORT DES DUNES de LEFFRINCKOUCKEEnfance, th\u00e9\u00e2tre de rue, cirque, [&hellip;] ...<\/p>\r\n                                <\/div>\r\n                            <\/div>\r\n                            <div class=\"mec-event-footer\">\r\n                                <a class=\"mec-booking-button\" data-event-id=\"5593\" href=\"https:\/\/www.agitateurspublic.com\/cachecache-2026\" target=\"_self\" rel=\"noopener\">Voirs les d\u00e9tails<\/a>                                                                                            <\/div>\r\n                        <\/div>\r\n                    <\/article>\r\n\r\n                <\/div>\r\n            <\/div>\r\n                \t<\/div>\r\n<\/div>    <\/div>\r\n    <div class=\"mec-skin-masonry-no-events-container mec-util-hidden\" id=\"mec_skin_no_events_5408\">\r\n        No event found!    <\/div>\r\n    \r\n    <\/div>\r\n<\/div>\n\t\t\t\t\t\t<\/div>\n\t\t\t\t<\/div>\n\t\t\t\t<div class=\"elementor-element elementor-element-cce35ac elementor-widget elementor-widget-heading\" data-id=\"cce35ac\" data-element_type=\"widget\" data-e-type=\"widget\" data-widget_type=\"heading.default\">\n\t\t\t\t<div class=\"elementor-widget-container\">\n\t\t\t\t\t<h2 class=\"elementor-heading-title elementor-size-default\">&amp; Mes \u00c9v\u00e9nements r\u00e9cents...<\/h2>\t\t\t\t<\/div>\n\t\t\t\t<\/div>\n\t\t\t\t<div class=\"elementor-element elementor-element-0b7223b elementor-widget elementor-widget-shortcode\" data-id=\"0b7223b\" data-element_type=\"widget\" data-e-type=\"widget\" data-widget_type=\"shortcode.default\">\n\t\t\t\t<div class=\"elementor-widget-container\">\n\t\t\t\t\t\t\t<div class=\"elementor-shortcode\"><div class=\"mec-wrap mec-skin-masonry-container  colorskin-custom  \" id=\"mec_skin_5525\" data-filterby=\"\" data-sortascending=\"\">\r\n    \r\n        <div class=\"mec-events-masonry-wrap\" id=\"mec_skin_events_5525\">\r\n        <div class=\"mec-wrap colorskin-custom\">\r\n    <div class=\"mec-event-masonry\">\r\n                    <div data-sort-masonry=\"2026-04-29\" class=\"mec-past-event mec-masonry-item-wrap \">\r\n                <div class=\"mec-masonry\">\r\n\r\n                    <article class=\"mec-event-article mec-clear  \">\r\n                                                    <div class=\"mec-masonry-img\"><a data-event-id=\"5590\" href=\"https:\/\/everydayraquel.com\/en\/evenements\/dedicaces-du-livre-un-invite-a-la-bande-des-pecheurs-a-la-librairie-dunkerque\/\" target=\"_self\" rel=\"noopener\"><img loading=\"lazy\" decoding=\"async\" width=\"768\" height=\"543\" src=\"https:\/\/everydayraquel.com\/wp-content\/uploads\/2026\/04\/un-invite-a-la-bande-de-pecheurs-Couverture-768x543.jpeg\" class=\"attachment-medium_large size-medium_large wp-post-image\" alt=\"\" data-mec-postid=\"5590\" \/><\/a><\/div>\r\n                        \r\n                        \r\n                        <div class=\"mec-masonry-content mec-event-grid-modern\">\r\n                            <div class=\"event-grid-modern-head clearfix\">\r\n\r\n                                <div class=\"mec-masonry-col6\">\r\n                                                                            <div class=\"mec-event-date mec-color\">29<\/div>\r\n                                        <div class=\"mec-event-month\">April (Wednesday)<\/div>\r\n                                                                        <div class=\"mec-event-detail\">14h00 - 17h00<\/div>\r\n                                                                    <\/div>\r\n\r\n                                                                <div class=\"mec-masonry-col6\">\r\n                                    <div class=\"mec-event-location\">\r\n                                        <i class=\"mec-sl-location-pin\"><\/i>                                        <div class=\"mec-event-location-det\">\r\n                                            <h6 class=\"mec-location\">La Librairie<\/h6>\r\n                                            <address class=\"mec-events-address\"><span class=\"mec-address\">33 Rue Emmery, 59140 Dunkerque<\/span><\/address>\r\n                                        <\/div>\r\n                                    <\/div>\r\n                                <\/div>\r\n                                \r\n                            <\/div>\r\n                                                                                    <div class=\"mec-event-content\">\r\n                                                                <h4 class=\"mec-event-title\"><a class=\"mec-color-hover\" data-event-id=\"5590\" href=\"https:\/\/everydayraquel.com\/en\/evenements\/dedicaces-du-livre-un-invite-a-la-bande-des-pecheurs-a-la-librairie-dunkerque\/\" target=\"_self\" rel=\"noopener\">D\u00e9dicaces du livre \u00ab\u00a0Un invit\u00e9 \u00e0 la bande des p\u00eacheurs\u00a0\u00bb \u00e0 La Librairie &#8211; Dunkerque<\/a>  <\/h4>\r\n                                <span class=\"mec-labels-normal\"><span data-style=\"Normal\" class=\"mec-label-normal mec-expired-normal-label\">Termin\u00e9<\/span><\/span>                                                                                                <div class=\"mec-event-description mec-events-content\">\r\n                                    <p>Cette apr\u00e8s-midi je serai avec C\u00e9line Canis \u00e0 La Libraire &#8211; Dunkerque pour pr\u00e9senter et d\u00e9dicacer un nouveau livre \u00ab\u00a0Un invit\u00e9 \u00e0 la bande des p\u00eacheurs\u00a0\u00bb est un album illustr\u00e9 pour enfants dans l&rsquo;univers du Carnaval de Dunkerque Tous les dessins dans ce livre sont faits au feutre en technique traditionnelle Passez nous rencontrer dans [&hellip;] ...<\/p>\r\n                                <\/div>\r\n                            <\/div>\r\n                            <div class=\"mec-event-footer\">\r\n                                <a class=\"mec-booking-button\" data-event-id=\"5590\" href=\"https:\/\/everydayraquel.com\/en\/evenements\/dedicaces-du-livre-un-invite-a-la-bande-des-pecheurs-a-la-librairie-dunkerque\/\" target=\"_self\" rel=\"noopener\">Voirs les d\u00e9tails<\/a>                                                                                            <\/div>\r\n                        <\/div>\r\n                    <\/article>\r\n\r\n                <\/div>\r\n            <\/div>\r\n                            <div data-sort-masonry=\"2025-11-04\" class=\"mec-past-event mec-masonry-item-wrap \">\r\n                <div class=\"mec-masonry\">\r\n\r\n                    <article class=\"mec-event-article mec-clear  \">\r\n                                                    <div class=\"mec-masonry-img\"><a data-event-id=\"5492\" href=\"https:\/\/everydayraquel.com\/en\/evenements\/exposition-a-la-maison-de-quartier-du-pont-loby-petite-synthe\/\" target=\"_self\" rel=\"noopener\"><img loading=\"lazy\" decoding=\"async\" width=\"768\" height=\"543\" src=\"https:\/\/everydayraquel.com\/wp-content\/uploads\/2025\/11\/Invitation-exposittion-petite-synthe-768x543.jpeg\" class=\"attachment-medium_large size-medium_large wp-post-image\" alt=\"\" data-mec-postid=\"5492\" \/><\/a><\/div>\r\n                        \r\n                        \r\n                        <div class=\"mec-masonry-content mec-event-grid-modern\">\r\n                            <div class=\"event-grid-modern-head clearfix\">\r\n\r\n                                <div class=\"mec-masonry-col12\">\r\n                                                                            <div class=\"mec-event-date mec-color\">4<\/div>\r\n                                        <div class=\"mec-event-month\">November (Tuesday)<\/div>\r\n                                                                        <div class=\"mec-event-detail\">15h00 - 17h00<\/div>\r\n                                                                    <\/div>\r\n\r\n                                \r\n                            <\/div>\r\n                                                                                    <div class=\"mec-event-content\">\r\n                                                                <h4 class=\"mec-event-title\"><a class=\"mec-color-hover\" data-event-id=\"5492\" href=\"https:\/\/everydayraquel.com\/en\/evenements\/exposition-a-la-maison-de-quartier-du-pont-loby-petite-synthe\/\" target=\"_self\" rel=\"noopener\">Exposition \u00e0 la maison de quartier du Pont-Loby, Petite-Synthe<\/a>  <\/h4>\r\n                                <span class=\"mec-labels-normal\"><span data-style=\"Normal\" class=\"mec-label-normal mec-expired-normal-label\">Termin\u00e9<\/span><\/span>                                                                                                <div class=\"mec-event-description mec-events-content\">\r\n                                    <p>Du 4\/11 au 07\/11 la maison de quartier du Pont-Loby organise une exposition des activit\u00e9s r\u00e9alis\u00e9es tout au long de l&rsquo;ann\u00e9e. Vernissage : Le 04\/11\/2025 \u00e0 15h Lors de cet \u00e9v\u00e9nement, seront visibles une s\u00e9lection de mes illustrations et dessins. L&rsquo;exposition est gratuite et ouverte \u00e0 tous, n&rsquo;h\u00e9sitez pas a passer pour d\u00e9couvrir. Merci \u00e0 [&hellip;] ...<\/p>\r\n                                <\/div>\r\n                            <\/div>\r\n                            <div class=\"mec-event-footer\">\r\n                                <a class=\"mec-booking-button\" data-event-id=\"5492\" href=\"https:\/\/everydayraquel.com\/en\/evenements\/exposition-a-la-maison-de-quartier-du-pont-loby-petite-synthe\/\" target=\"_self\" rel=\"noopener\">Voirs les d\u00e9tails<\/a>                                                                                            <\/div>\r\n                        <\/div>\r\n                    <\/article>\r\n\r\n                <\/div>\r\n            <\/div>\r\n                            <div data-sort-masonry=\"2025-10-27\" class=\"mec-past-event mec-masonry-item-wrap \">\r\n                <div class=\"mec-masonry\">\r\n\r\n                    <article class=\"mec-event-article mec-clear  \">\r\n                                                    <div class=\"mec-masonry-img\"><a data-event-id=\"5490\" href=\"https:\/\/everydayraquel.com\/en\/evenements\/realisation-dune-fresque-a-la-residence-jestin-teteghem\/\" target=\"_self\" rel=\"noopener\"><img loading=\"lazy\" decoding=\"async\" width=\"768\" height=\"432\" src=\"https:\/\/everydayraquel.com\/wp-content\/uploads\/2025\/11\/fresque-jestin-Dunkerque.jpeg\" class=\"attachment-medium_large size-medium_large wp-post-image\" alt=\"\" data-mec-postid=\"5490\" \/><\/a><\/div>\r\n                        \r\n                        \r\n                        <div class=\"mec-masonry-content mec-event-grid-modern\">\r\n                            <div class=\"event-grid-modern-head clearfix\">\r\n\r\n                                <div class=\"mec-masonry-col12\">\r\n                                                                            <div class=\"mec-event-date mec-color\">27<\/div>\r\n                                        <div class=\"mec-event-month\">October (Monday)<\/div>\r\n                                                                        <div class=\"mec-event-detail\">9h00 - 0h00<\/div>\r\n                                                                    <\/div>\r\n\r\n                                \r\n                            <\/div>\r\n                                                                                    <div class=\"mec-event-content\">\r\n                                                                <h4 class=\"mec-event-title\"><a class=\"mec-color-hover\" data-event-id=\"5490\" href=\"https:\/\/everydayraquel.com\/en\/evenements\/realisation-dune-fresque-a-la-residence-jestin-teteghem\/\" target=\"_self\" rel=\"noopener\">R\u00e9alisation d&rsquo;une fresque \u00e0 la r\u00e9sidence Jestin, T\u00e9teghem<\/a>  <\/h4>\r\n                                <span class=\"mec-labels-normal\"><span data-style=\"Normal\" class=\"mec-label-normal mec-expired-normal-label\">Termin\u00e9<\/span><\/span>                                                                                                <div class=\"mec-event-description mec-events-content\">\r\n                                    <p>En collaboration avec le bailleur Flandres Opale Habitat, je r\u00e9alise une fresque \u00e0 l&rsquo;entr\u00e9e de la r\u00e9sidence Jestin \u00e0 T\u00e9teghem. Par la proximit\u00e9 de la r\u00e9sidence avec le canal de Furnes, nous avons d\u00e9cid\u00e9 en concertation avec les habitats, de faire une fresque sur la th\u00e9mathique de l&rsquo;eau. Sur le graff figureront des creatures aquatiques,\u00a0 [&hellip;] ...<\/p>\r\n                                <\/div>\r\n                            <\/div>\r\n                            <div class=\"mec-event-footer\">\r\n                                <a class=\"mec-booking-button\" data-event-id=\"5490\" href=\"https:\/\/everydayraquel.com\/en\/evenements\/realisation-dune-fresque-a-la-residence-jestin-teteghem\/\" target=\"_self\" rel=\"noopener\">Voirs les d\u00e9tails<\/a>                                                                                            <\/div>\r\n                        <\/div>\r\n                    <\/article>\r\n\r\n                <\/div>\r\n            <\/div>\r\n                \t<\/div>\r\n<\/div>    <\/div>\r\n    <div class=\"mec-skin-masonry-no-events-container mec-util-hidden\" id=\"mec_skin_no_events_5525\">\r\n        No event found!    <\/div>\r\n    \r\n    <\/div>\r\n<\/div>\n\t\t\t\t\t\t<\/div>\n\t\t\t\t<\/div>\n\t\t\t\t<div class=\"elementor-element elementor-element-c7dd5f5 elementor-align-center elementor-mobile-align-center elementor-widget elementor-widget-button\" data-id=\"c7dd5f5\" data-element_type=\"widget\" data-e-type=\"widget\" data-widget_type=\"button.default\">\n\t\t\t\t<div class=\"elementor-widget-container\">\n\t\t\t\t\t\t\t\t\t<div class=\"elementor-button-wrapper\">\n\t\t\t\t\t<a class=\"elementor-button elementor-button-link elementor-size-md\" href=\"https:\/\/everydayraquel.com\/agenda\">\n\t\t\t\t\t\t<span class=\"elementor-button-content-wrapper\">\n\t\t\t\t\t\t<span class=\"elementor-button-icon\">\n\t\t\t\t<i aria-hidden=\"true\" class=\"far fa-hand-point-right\"><\/i>\t\t\t<\/span>\n\t\t\t\t\t\t\t\t\t<span class=\"elementor-button-text\">Tous mes \u00e9v\u00e9nements<\/span>\n\t\t\t\t\t<\/span>\n\t\t\t\t\t<\/a>\n\t\t\t\t<\/div>\n\t\t\t\t\t\t\t\t<\/div>\n\t\t\t\t<\/div>\n\t\t\t\t\t<\/div>\n\t\t<\/div>\n\t\t\t\t\t<\/div>\n\t\t<\/section>\n\t\t\t\t<section class=\"elementor-section elementor-top-section elementor-element elementor-element-dd36961 elementor-section-boxed elementor-section-height-default elementor-section-height-default\" data-id=\"dd36961\" data-element_type=\"section\" data-e-type=\"section\" data-settings=\"{&quot;background_background&quot;:&quot;gradient&quot;}\">\n\t\t\t\t\t\t<div class=\"elementor-container elementor-column-gap-default\">\n\t\t\t\t\t<div class=\"elementor-column elementor-col-100 elementor-top-column elementor-element elementor-element-ff51ad9\" data-id=\"ff51ad9\" data-element_type=\"column\" data-e-type=\"column\">\n\t\t\t<div class=\"elementor-widget-wrap elementor-element-populated\">\n\t\t\t\t\t\t<div class=\"elementor-element elementor-element-d9d1157 elementor-widget elementor-widget-heading\" data-id=\"d9d1157\" data-element_type=\"widget\" data-e-type=\"widget\" data-widget_type=\"heading.default\">\n\t\t\t\t<div class=\"elementor-widget-container\">\n\t\t\t\t\t<h2 class=\"elementor-heading-title elementor-size-default\">D\u00e9couvrez mon affiche du Carnaval de Dunkerque<\/h2>\t\t\t\t<\/div>\n\t\t\t\t<\/div>\n\t\t\t\t<section class=\"elementor-section elementor-inner-section elementor-element elementor-element-9b0d8e0 elementor-section-boxed elementor-section-height-default elementor-section-height-default\" data-id=\"9b0d8e0\" data-element_type=\"section\" data-e-type=\"section\">\n\t\t\t\t\t\t<div class=\"elementor-container elementor-column-gap-default\">\n\t\t\t\t\t<div class=\"elementor-column elementor-col-50 elementor-inner-column elementor-element elementor-element-0e36f07\" data-id=\"0e36f07\" data-element_type=\"column\" data-e-type=\"column\">\n\t\t\t<div class=\"elementor-widget-wrap elementor-element-populated\">\n\t\t\t\t\t\t<div class=\"elementor-element elementor-element-bc5fd44 elementor-widget elementor-widget-image\" data-id=\"bc5fd44\" data-element_type=\"widget\" data-e-type=\"widget\" data-widget_type=\"image.default\">\n\t\t\t\t<div class=\"elementor-widget-container\">\n\t\t\t\t\t\t\t\t\t\t\t\t\t\t\t\t<a href=\"https:\/\/everydayraquel.com\/boutique\/tous-les-dessins\/affiche-carnaval-dunkerque-2024\/\">\n\t\t\t\t\t\t\t<img loading=\"lazy\" decoding=\"async\" width=\"424\" height=\"600\" src=\"https:\/\/everydayraquel.com\/wp-content\/uploads\/2023\/12\/affiche-carnaval-dunkerque-everyday-raquel.jpg\" class=\"attachment-full size-full wp-image-5194\" alt=\"\" srcset=\"https:\/\/everydayraquel.com\/wp-content\/uploads\/2023\/12\/affiche-carnaval-dunkerque-everyday-raquel.jpg 424w, https:\/\/everydayraquel.com\/wp-content\/uploads\/2023\/12\/affiche-carnaval-dunkerque-everyday-raquel-212x300.jpg 212w, https:\/\/everydayraquel.com\/wp-content\/uploads\/2023\/12\/affiche-carnaval-dunkerque-everyday-raquel-8x12.jpg 8w, https:\/\/everydayraquel.com\/wp-content\/uploads\/2023\/12\/affiche-carnaval-dunkerque-everyday-raquel-300x425.jpg 300w, https:\/\/everydayraquel.com\/wp-content\/uploads\/2023\/12\/affiche-carnaval-dunkerque-everyday-raquel-64x91.jpg 64w\" sizes=\"(max-width: 424px) 100vw, 424px\" \/>\t\t\t\t\t\t\t\t<\/a>\n\t\t\t\t\t\t\t\t\t\t\t\t\t\t\t<\/div>\n\t\t\t\t<\/div>\n\t\t\t\t\t<\/div>\n\t\t<\/div>\n\t\t\t\t<div class=\"elementor-column elementor-col-50 elementor-inner-column elementor-element elementor-element-29a53c7\" data-id=\"29a53c7\" data-element_type=\"column\" data-e-type=\"column\">\n\t\t\t<div class=\"elementor-widget-wrap elementor-element-populated\">\n\t\t\t\t\t\t<div class=\"elementor-element elementor-element-e4f76f8 elementor-widget elementor-widget-heading\" data-id=\"e4f76f8\" data-element_type=\"widget\" data-e-type=\"widget\" data-widget_type=\"heading.default\">\n\t\t\t\t<div class=\"elementor-widget-container\">\n\t\t\t\t\t<h3 class=\"elementor-heading-title elementor-size-default\">Un hommage color\u00e9 \u00e0 notre joyeux Carnaval  \ud83c\udf89<\/h3>\t\t\t\t<\/div>\n\t\t\t\t<\/div>\n\t\t\t\t<div class=\"elementor-element elementor-element-2bce529 elementor-widget elementor-widget-text-editor\" data-id=\"2bce529\" data-element_type=\"widget\" data-e-type=\"widget\" data-widget_type=\"text-editor.default\">\n\t\t\t\t<div class=\"elementor-widget-container\">\n\t\t\t\t\t\t\t\t\t<p>J&rsquo;ai l&rsquo;immense plaisir de vous pr\u00e9senter mon affiche du Carnaval de Dunkerque ! \ud83c\udf89<\/p>\n<p>Celle-ci est disponible et \u00e0 la vente sur diff\u00e9rents formats \ud83d\uddbc\ufe0f.<\/p>\n<p>Possibilit\u00e9 de remise en main-propre et de d\u00e9dicace \u2712\ufe0f :<\/p>\n<p>\ud83d\udc49 Restez inform\u00e9 sur mes r\u00e9seaux sociaux <a href=\"https:\/\/www.facebook.com\/everydayraquel\">Facebook<\/a> et <a href=\"https:\/\/www.instagram.com\/everydayraquel\/\">Instagram<\/a>.<\/p>\n<p>\u00c0 tr\u00e8s vite \ud83d\ude18<\/p>\n<p style=\"text-align: center;\"><!-- \/wp:paragraph --><\/p>\t\t\t\t\t\t\t\t<\/div>\n\t\t\t\t<\/div>\n\t\t\t\t<div class=\"elementor-element elementor-element-2e2b6ed elementor-align-center elementor-mobile-align-center elementor-widget elementor-widget-button\" data-id=\"2e2b6ed\" data-element_type=\"widget\" data-e-type=\"widget\" data-widget_type=\"button.default\">\n\t\t\t\t<div class=\"elementor-widget-container\">\n\t\t\t\t\t\t\t\t\t<div class=\"elementor-button-wrapper\">\n\t\t\t\t\t<a class=\"elementor-button elementor-button-link elementor-size-md\" href=\"https:\/\/everydayraquel.com\/en\/boutique\/tous-les-dessins\/affiche-carnaval-dunkerque-2024\/\">\n\t\t\t\t\t\t<span class=\"elementor-button-content-wrapper\">\n\t\t\t\t\t\t<span class=\"elementor-button-icon\">\n\t\t\t\t<i aria-hidden=\"true\" class=\"far fa-hand-point-right\"><\/i>\t\t\t<\/span>\n\t\t\t\t\t\t\t\t\t<span class=\"elementor-button-text\">Acheter<\/span>\n\t\t\t\t\t<\/span>\n\t\t\t\t\t<\/a>\n\t\t\t\t<\/div>\n\t\t\t\t\t\t\t\t<\/div>\n\t\t\t\t<\/div>\n\t\t\t\t\t<\/div>\n\t\t<\/div>\n\t\t\t\t\t<\/div>\n\t\t<\/section>\n\t\t\t\t\t<\/div>\n\t\t<\/div>\n\t\t\t\t\t<\/div>\n\t\t<\/section>\n\t\t\t\t<section class=\"elementor-section elementor-top-section elementor-element elementor-element-f34c63f elementor-section-boxed elementor-section-height-default elementor-section-height-default\" data-id=\"f34c63f\" data-element_type=\"section\" data-e-type=\"section\" data-settings=\"{&quot;background_background&quot;:&quot;gradient&quot;}\">\n\t\t\t\t\t\t<div class=\"elementor-container elementor-column-gap-default\">\n\t\t\t\t\t<div class=\"elementor-column elementor-col-100 elementor-top-column elementor-element elementor-element-87e1ef5\" data-id=\"87e1ef5\" data-element_type=\"column\" data-e-type=\"column\">\n\t\t\t<div class=\"elementor-widget-wrap elementor-element-populated\">\n\t\t\t\t\t\t<div class=\"elementor-element elementor-element-2f70799 elementor-widget elementor-widget-heading\" data-id=\"2f70799\" data-element_type=\"widget\" data-e-type=\"widget\" data-widget_type=\"heading.default\">\n\t\t\t\t<div class=\"elementor-widget-container\">\n\t\t\t\t\t<h2 class=\"elementor-heading-title elementor-size-default\">Jetez un \u0153il sur mes derni\u00e8res cr\u00e9ations<\/h2>\t\t\t\t<\/div>\n\t\t\t\t<\/div>\n\t\t\t\t<div class=\"elementor-element elementor-element-712ffdc elementor-product-loop-item--align-center elementor-grid-tablet-4 elementor-grid-mobile-2 elementor-grid-4 elementor-products-grid elementor-wc-products elementor-widget elementor-widget-woocommerce-products\" data-id=\"712ffdc\" data-element_type=\"widget\" data-e-type=\"widget\" data-widget_type=\"woocommerce-products.default\">\n\t\t\t\t<div class=\"elementor-widget-container\">\n\t\t\t\t\t<div class=\"woocommerce columns-4 \"><ul class=\"products elementor-grid columns-4\">\n<li class=\"desktop-align-left tablet-align-left mobile-align-left product type-product post-5307 status-publish first onbackorder product_cat-cartes-illustrees-speciales product_cat-tous-les-dessins has-post-thumbnail shipping-taxable purchasable product-type-variable\">\n\t<a href=\"https:\/\/everydayraquel.com\/en\/boutique\/tous-les-dessins\/affiche-carnaval-dunkerque-2024\/\" class=\"woocommerce-LoopProduct-link woocommerce-loop-product__link\"><img loading=\"lazy\" decoding=\"async\" width=\"300\" height=\"300\" src=\"https:\/\/everydayraquel.com\/wp-content\/uploads\/2024\/01\/affiche_carnaval_illustree_cadre_raquel_2024-300x300.jpg\" class=\"attachment-woocommerce_thumbnail size-woocommerce_thumbnail\" alt=\"Affiche du Carnaval de Dunkerque 2024\" srcset=\"https:\/\/everydayraquel.com\/wp-content\/uploads\/2024\/01\/affiche_carnaval_illustree_cadre_raquel_2024-300x300.jpg 300w, https:\/\/everydayraquel.com\/wp-content\/uploads\/2024\/01\/affiche_carnaval_illustree_cadre_raquel_2024-150x150.jpg 150w, https:\/\/everydayraquel.com\/wp-content\/uploads\/2024\/01\/affiche_carnaval_illustree_cadre_raquel_2024-12x12.jpg 12w, https:\/\/everydayraquel.com\/wp-content\/uploads\/2024\/01\/affiche_carnaval_illustree_cadre_raquel_2024-100x100.jpg 100w, https:\/\/everydayraquel.com\/wp-content\/uploads\/2024\/01\/affiche_carnaval_illustree_cadre_raquel_2024-64x64.jpg 64w, https:\/\/everydayraquel.com\/wp-content\/uploads\/2024\/01\/affiche_carnaval_illustree_cadre_raquel_2024.jpg 600w\" sizes=\"(max-width: 300px) 100vw, 300px\" \/><h2 class=\"woocommerce-loop-product__title\">Affiche du Carnaval de Dunkerque 2024<\/h2>\n\t<span class=\"price\"><span class=\"woocommerce-Price-amount amount\" aria-hidden=\"true\"><bdi>4,00<span class=\"woocommerce-Price-currencySymbol\">&euro;<\/span><\/bdi><\/span> <span aria-hidden=\"true\">&ndash;<\/span> <span class=\"woocommerce-Price-amount amount\" aria-hidden=\"true\"><bdi>60,00<span class=\"woocommerce-Price-currencySymbol\">&euro;<\/span><\/bdi><\/span><span class=\"screen-reader-text\">Price range: 4,00&euro; through 60,00&euro;<\/span><\/span>\n<\/a><a href=\"https:\/\/everydayraquel.com\/en\/boutique\/tous-les-dessins\/affiche-carnaval-dunkerque-2024\/\" aria-describedby=\"woocommerce_loop_add_to_cart_link_describedby_5307\" data-quantity=\"1\" class=\"button product_type_variable add_to_cart_button\" data-product_id=\"5307\" data-product_sku=\"\" aria-label=\"Select options for &ldquo;Affiche du Carnaval de Dunkerque 2024&rdquo;\" rel=\"nofollow\">Select options<\/a>\t<span id=\"woocommerce_loop_add_to_cart_link_describedby_5307\" class=\"screen-reader-text\">\n\t\tThis product has multiple variants. The options may be chosen on the product page\t<\/span>\n<\/li>\n<li class=\"desktop-align-left tablet-align-left mobile-align-left product type-product post-4931 status-publish instock product_cat-cartes-illustrees-speciales product_cat-tous-les-dessins has-post-thumbnail featured shipping-taxable purchasable product-type-simple\">\n\t<a href=\"https:\/\/everydayraquel.com\/en\/boutique\/tous-les-dessins\/carte-de-voeux\/\" class=\"woocommerce-LoopProduct-link woocommerce-loop-product__link\"><img loading=\"lazy\" decoding=\"async\" width=\"300\" height=\"300\" src=\"https:\/\/everydayraquel.com\/wp-content\/uploads\/2023\/01\/Carte_de_voeux-300x300.jpg\" class=\"attachment-woocommerce_thumbnail size-woocommerce_thumbnail\" alt=\"Carte de V\u0153ux\" srcset=\"https:\/\/everydayraquel.com\/wp-content\/uploads\/2023\/01\/Carte_de_voeux-300x300.jpg 300w, https:\/\/everydayraquel.com\/wp-content\/uploads\/2023\/01\/Carte_de_voeux-100x100.jpg 100w, https:\/\/everydayraquel.com\/wp-content\/uploads\/2023\/01\/Carte_de_voeux-600x600.jpg 600w, https:\/\/everydayraquel.com\/wp-content\/uploads\/2023\/01\/Carte_de_voeux-64x64.jpg 64w, https:\/\/everydayraquel.com\/wp-content\/uploads\/2023\/01\/Carte_de_voeux-150x150.jpg 150w, https:\/\/everydayraquel.com\/wp-content\/uploads\/2023\/01\/Carte_de_voeux-768x768.jpg 768w, https:\/\/everydayraquel.com\/wp-content\/uploads\/2023\/01\/Carte_de_voeux-12x12.jpg 12w, https:\/\/everydayraquel.com\/wp-content\/uploads\/2023\/01\/Carte_de_voeux.jpg 900w\" sizes=\"(max-width: 300px) 100vw, 300px\" \/><h2 class=\"woocommerce-loop-product__title\">Carte de V\u0153ux<\/h2>\n\t<span class=\"price\"><span class=\"woocommerce-Price-amount amount\"><bdi>4,00<span class=\"woocommerce-Price-currencySymbol\">&euro;<\/span><\/bdi><\/span><\/span>\n<\/a><a href=\"\/en\/wp-json\/wp\/v2\/pages\/9?add-to-cart=4931\" aria-describedby=\"woocommerce_loop_add_to_cart_link_describedby_4931\" data-quantity=\"1\" class=\"button product_type_simple add_to_cart_button ajax_add_to_cart\" data-product_id=\"4931\" data-product_sku=\"\" aria-label=\"Add to basket: &ldquo;Carte de V\u0153ux&rdquo;\" rel=\"nofollow\" data-success_message=\"&ldquo;Carte de V\u0153ux&rdquo; has been added to your cart\" role=\"button\">Add to cart<\/a>\t<span id=\"woocommerce_loop_add_to_cart_link_describedby_4931\" class=\"screen-reader-text\">\n\t\t\t<\/span>\n<\/li>\n<li class=\"desktop-align-left tablet-align-left mobile-align-left product type-product post-4923 status-publish instock product_cat-contes-et-fantaisie product_cat-nature product_cat-portraits product_cat-tous-les-dessins has-post-thumbnail shipping-taxable purchasable product-type-variable has-default-attributes\">\n\t<a href=\"https:\/\/everydayraquel.com\/en\/boutique\/contes-et-fantaisie\/le-mur-administratif-2\/\" class=\"woocommerce-LoopProduct-link woocommerce-loop-product__link\"><img loading=\"lazy\" decoding=\"async\" width=\"300\" height=\"300\" src=\"https:\/\/everydayraquel.com\/wp-content\/uploads\/2022\/12\/Le-mur-administratif-2-300x300.jpg\" class=\"attachment-woocommerce_thumbnail size-woocommerce_thumbnail\" alt=\"Le mur administratif 2\" srcset=\"https:\/\/everydayraquel.com\/wp-content\/uploads\/2022\/12\/Le-mur-administratif-2-300x300.jpg 300w, https:\/\/everydayraquel.com\/wp-content\/uploads\/2022\/12\/Le-mur-administratif-2-100x100.jpg 100w, https:\/\/everydayraquel.com\/wp-content\/uploads\/2022\/12\/Le-mur-administratif-2-600x600.jpg 600w, https:\/\/everydayraquel.com\/wp-content\/uploads\/2022\/12\/Le-mur-administratif-2-64x64.jpg 64w, https:\/\/everydayraquel.com\/wp-content\/uploads\/2022\/12\/Le-mur-administratif-2-150x150.jpg 150w, https:\/\/everydayraquel.com\/wp-content\/uploads\/2022\/12\/Le-mur-administratif-2-768x768.jpg 768w, https:\/\/everydayraquel.com\/wp-content\/uploads\/2022\/12\/Le-mur-administratif-2-12x12.jpg 12w, https:\/\/everydayraquel.com\/wp-content\/uploads\/2022\/12\/Le-mur-administratif-2.jpg 900w\" sizes=\"(max-width: 300px) 100vw, 300px\" \/><h2 class=\"woocommerce-loop-product__title\">Le mur administratif 2<\/h2>\n\t<span class=\"price\"><span class=\"woocommerce-Price-amount amount\" aria-hidden=\"true\"><bdi>4,00<span class=\"woocommerce-Price-currencySymbol\">&euro;<\/span><\/bdi><\/span> <span aria-hidden=\"true\">&ndash;<\/span> <span class=\"woocommerce-Price-amount amount\" aria-hidden=\"true\"><bdi>20,00<span class=\"woocommerce-Price-currencySymbol\">&euro;<\/span><\/bdi><\/span><span class=\"screen-reader-text\">Price range: 4,00&euro; through 20,00&euro;<\/span><\/span>\n<\/a><a href=\"https:\/\/everydayraquel.com\/en\/boutique\/contes-et-fantaisie\/le-mur-administratif-2\/\" aria-describedby=\"woocommerce_loop_add_to_cart_link_describedby_4923\" data-quantity=\"1\" class=\"button product_type_variable add_to_cart_button\" data-product_id=\"4923\" data-product_sku=\"22022\" aria-label=\"Select options for &ldquo;Le mur administratif 2&rdquo;\" rel=\"nofollow\">Select options<\/a>\t<span id=\"woocommerce_loop_add_to_cart_link_describedby_4923\" class=\"screen-reader-text\">\n\t\tThis product has multiple variants. The options may be chosen on the product page\t<\/span>\n<\/li>\n<li class=\"desktop-align-left tablet-align-left mobile-align-left product type-product post-4917 status-publish last instock product_cat-contes-et-fantaisie product_cat-nature product_cat-portraits product_cat-tous-les-dessins has-post-thumbnail shipping-taxable purchasable product-type-variable has-default-attributes\">\n\t<a href=\"https:\/\/everydayraquel.com\/en\/boutique\/contes-et-fantaisie\/le-mur-administratif-1\/\" class=\"woocommerce-LoopProduct-link woocommerce-loop-product__link\"><img loading=\"lazy\" decoding=\"async\" width=\"300\" height=\"300\" src=\"https:\/\/everydayraquel.com\/wp-content\/uploads\/2022\/12\/Le-mur-administratif-300x300.jpg\" class=\"attachment-woocommerce_thumbnail size-woocommerce_thumbnail\" alt=\"Le mur administratif 1\" srcset=\"https:\/\/everydayraquel.com\/wp-content\/uploads\/2022\/12\/Le-mur-administratif-300x300.jpg 300w, https:\/\/everydayraquel.com\/wp-content\/uploads\/2022\/12\/Le-mur-administratif-100x100.jpg 100w, https:\/\/everydayraquel.com\/wp-content\/uploads\/2022\/12\/Le-mur-administratif-600x600.jpg 600w, https:\/\/everydayraquel.com\/wp-content\/uploads\/2022\/12\/Le-mur-administratif-64x64.jpg 64w, https:\/\/everydayraquel.com\/wp-content\/uploads\/2022\/12\/Le-mur-administratif-150x150.jpg 150w, https:\/\/everydayraquel.com\/wp-content\/uploads\/2022\/12\/Le-mur-administratif-768x768.jpg 768w, https:\/\/everydayraquel.com\/wp-content\/uploads\/2022\/12\/Le-mur-administratif-12x12.jpg 12w, https:\/\/everydayraquel.com\/wp-content\/uploads\/2022\/12\/Le-mur-administratif.jpg 900w\" sizes=\"(max-width: 300px) 100vw, 300px\" \/><h2 class=\"woocommerce-loop-product__title\">Le mur administratif 1<\/h2>\n\t<span class=\"price\"><span class=\"woocommerce-Price-amount amount\" aria-hidden=\"true\"><bdi>4,00<span class=\"woocommerce-Price-currencySymbol\">&euro;<\/span><\/bdi><\/span> <span aria-hidden=\"true\">&ndash;<\/span> <span class=\"woocommerce-Price-amount amount\" aria-hidden=\"true\"><bdi>20,00<span class=\"woocommerce-Price-currencySymbol\">&euro;<\/span><\/bdi><\/span><span class=\"screen-reader-text\">Price range: 4,00&euro; through 20,00&euro;<\/span><\/span>\n<\/a><a href=\"https:\/\/everydayraquel.com\/en\/boutique\/contes-et-fantaisie\/le-mur-administratif-1\/\" aria-describedby=\"woocommerce_loop_add_to_cart_link_describedby_4917\" data-quantity=\"1\" class=\"button product_type_variable add_to_cart_button\" data-product_id=\"4917\" data-product_sku=\"22021\" aria-label=\"Select options for &ldquo;Le mur administratif 1&rdquo;\" rel=\"nofollow\">Select options<\/a>\t<span id=\"woocommerce_loop_add_to_cart_link_describedby_4917\" class=\"screen-reader-text\">\n\t\tThis product has multiple variants. The options may be chosen on the product page\t<\/span>\n<\/li>\n<\/ul>\n<\/div>\t\t\t\t<\/div>\n\t\t\t\t<\/div>\n\t\t\t\t<div class=\"elementor-element elementor-element-27f3df4 elementor-widget elementor-widget-heading\" data-id=\"27f3df4\" data-element_type=\"widget\" data-e-type=\"widget\" data-widget_type=\"heading.default\">\n\t\t\t\t<div class=\"elementor-widget-container\">\n\t\t\t\t\t<h2 class=\"elementor-heading-title elementor-size-default\">Illustrations les plus appr\u00e9ci\u00e9es<\/h2>\t\t\t\t<\/div>\n\t\t\t\t<\/div>\n\t\t\t\t<div class=\"elementor-element elementor-element-9dba9df elementor-product-loop-item--align-center elementor-grid-tablet-4 elementor-grid-mobile-2 elementor-grid-4 elementor-products-grid elementor-wc-products elementor-widget elementor-widget-woocommerce-products\" data-id=\"9dba9df\" data-element_type=\"widget\" data-e-type=\"widget\" data-widget_type=\"woocommerce-products.default\">\n\t\t\t\t<div class=\"elementor-widget-container\">\n\t\t\t\t\t<div class=\"woocommerce columns-4 \"><ul class=\"products elementor-grid columns-4\">\n<li class=\"desktop-align-left tablet-align-left mobile-align-left product type-product post-4337 status-publish first instock product_cat-contes-et-fantaisie product_cat-enfants product_cat-portraits product_cat-tous-les-dessins has-post-thumbnail featured shipping-taxable purchasable product-type-variable has-default-attributes\">\n\t<a href=\"https:\/\/everydayraquel.com\/en\/boutique\/contes-et-fantaisie\/tombee-en-parapluie\/\" class=\"woocommerce-LoopProduct-link woocommerce-loop-product__link\"><img loading=\"lazy\" decoding=\"async\" width=\"300\" height=\"300\" src=\"https:\/\/everydayraquel.com\/wp-content\/uploads\/2022\/07\/tombe\u0301e_parapluie-300x300.jpg\" class=\"attachment-woocommerce_thumbnail size-woocommerce_thumbnail\" alt=\"Tomb\u00e9e en parapluie\" srcset=\"https:\/\/everydayraquel.com\/wp-content\/uploads\/2022\/07\/tombe\u0301e_parapluie-300x300.jpg 300w, https:\/\/everydayraquel.com\/wp-content\/uploads\/2022\/07\/tombe\u0301e_parapluie-100x100.jpg 100w, https:\/\/everydayraquel.com\/wp-content\/uploads\/2022\/07\/tombe\u0301e_parapluie-64x64.jpg 64w, https:\/\/everydayraquel.com\/wp-content\/uploads\/2022\/07\/tombe\u0301e_parapluie-150x150.jpg 150w, https:\/\/everydayraquel.com\/wp-content\/uploads\/2022\/07\/tombe\u0301e_parapluie-12x12.jpg 12w, https:\/\/everydayraquel.com\/wp-content\/uploads\/2022\/07\/tombe\u0301e_parapluie.jpg 600w\" sizes=\"(max-width: 300px) 100vw, 300px\" \/><h2 class=\"woocommerce-loop-product__title\">Tomb\u00e9e en parapluie<\/h2>\n\t<span class=\"price\"><span class=\"woocommerce-Price-amount amount\" aria-hidden=\"true\"><bdi>4,00<span class=\"woocommerce-Price-currencySymbol\">&euro;<\/span><\/bdi><\/span> <span aria-hidden=\"true\">&ndash;<\/span> <span class=\"woocommerce-Price-amount amount\" aria-hidden=\"true\"><bdi>20,00<span class=\"woocommerce-Price-currencySymbol\">&euro;<\/span><\/bdi><\/span><span class=\"screen-reader-text\">Price range: 4,00&euro; through 20,00&euro;<\/span><\/span>\n<\/a><a href=\"https:\/\/everydayraquel.com\/en\/boutique\/contes-et-fantaisie\/tombee-en-parapluie\/\" aria-describedby=\"woocommerce_loop_add_to_cart_link_describedby_4337\" data-quantity=\"1\" class=\"button product_type_variable add_to_cart_button\" data-product_id=\"4337\" data-product_sku=\"\" aria-label=\"Select options for &ldquo;Tomb\u00e9e en parapluie&rdquo;\" rel=\"nofollow\">Select options<\/a>\t<span id=\"woocommerce_loop_add_to_cart_link_describedby_4337\" class=\"screen-reader-text\">\n\t\tThis product has multiple variants. The options may be chosen on the product page\t<\/span>\n<\/li>\n<li class=\"desktop-align-left tablet-align-left mobile-align-left product type-product post-4931 status-publish instock product_cat-cartes-illustrees-speciales product_cat-tous-les-dessins has-post-thumbnail featured shipping-taxable purchasable product-type-simple\">\n\t<a href=\"https:\/\/everydayraquel.com\/en\/boutique\/tous-les-dessins\/carte-de-voeux\/\" class=\"woocommerce-LoopProduct-link woocommerce-loop-product__link\"><img loading=\"lazy\" decoding=\"async\" width=\"300\" height=\"300\" src=\"https:\/\/everydayraquel.com\/wp-content\/uploads\/2023\/01\/Carte_de_voeux-300x300.jpg\" class=\"attachment-woocommerce_thumbnail size-woocommerce_thumbnail\" alt=\"Carte de V\u0153ux\" srcset=\"https:\/\/everydayraquel.com\/wp-content\/uploads\/2023\/01\/Carte_de_voeux-300x300.jpg 300w, https:\/\/everydayraquel.com\/wp-content\/uploads\/2023\/01\/Carte_de_voeux-100x100.jpg 100w, https:\/\/everydayraquel.com\/wp-content\/uploads\/2023\/01\/Carte_de_voeux-600x600.jpg 600w, https:\/\/everydayraquel.com\/wp-content\/uploads\/2023\/01\/Carte_de_voeux-64x64.jpg 64w, https:\/\/everydayraquel.com\/wp-content\/uploads\/2023\/01\/Carte_de_voeux-150x150.jpg 150w, https:\/\/everydayraquel.com\/wp-content\/uploads\/2023\/01\/Carte_de_voeux-768x768.jpg 768w, https:\/\/everydayraquel.com\/wp-content\/uploads\/2023\/01\/Carte_de_voeux-12x12.jpg 12w, https:\/\/everydayraquel.com\/wp-content\/uploads\/2023\/01\/Carte_de_voeux.jpg 900w\" sizes=\"(max-width: 300px) 100vw, 300px\" \/><h2 class=\"woocommerce-loop-product__title\">Carte de V\u0153ux<\/h2>\n\t<span class=\"price\"><span class=\"woocommerce-Price-amount amount\"><bdi>4,00<span class=\"woocommerce-Price-currencySymbol\">&euro;<\/span><\/bdi><\/span><\/span>\n<\/a><a href=\"\/en\/wp-json\/wp\/v2\/pages\/9?add-to-cart=4931\" aria-describedby=\"woocommerce_loop_add_to_cart_link_describedby_4931\" data-quantity=\"1\" class=\"button product_type_simple add_to_cart_button ajax_add_to_cart\" data-product_id=\"4931\" data-product_sku=\"\" aria-label=\"Add to basket: &ldquo;Carte de V\u0153ux&rdquo;\" rel=\"nofollow\" data-success_message=\"&ldquo;Carte de V\u0153ux&rdquo; has been added to your cart\" role=\"button\">Add to cart<\/a>\t<span id=\"woocommerce_loop_add_to_cart_link_describedby_4931\" class=\"screen-reader-text\">\n\t\t\t<\/span>\n<\/li>\n<li class=\"desktop-align-left tablet-align-left mobile-align-left product type-product post-2168 status-publish instock product_cat-cuisine product_cat-loisirs-travail product_cat-tous-les-dessins has-post-thumbnail featured shipping-taxable purchasable product-type-variable has-default-attributes\">\n\t<a href=\"https:\/\/everydayraquel.com\/en\/boutique\/loisirs-travail\/pumpkin-pie\/\" class=\"woocommerce-LoopProduct-link woocommerce-loop-product__link\"><img loading=\"lazy\" decoding=\"async\" width=\"300\" height=\"300\" src=\"https:\/\/everydayraquel.com\/wp-content\/uploads\/2020\/11\/tarte_de_citrouille-300x300.jpg\" class=\"attachment-woocommerce_thumbnail size-woocommerce_thumbnail\" alt=\"Tarte \u00e0 la citrouille\" srcset=\"https:\/\/everydayraquel.com\/wp-content\/uploads\/2020\/11\/tarte_de_citrouille-300x300.jpg 300w, https:\/\/everydayraquel.com\/wp-content\/uploads\/2020\/11\/tarte_de_citrouille-100x100.jpg 100w, https:\/\/everydayraquel.com\/wp-content\/uploads\/2020\/11\/tarte_de_citrouille-64x64.jpg 64w, https:\/\/everydayraquel.com\/wp-content\/uploads\/2020\/11\/tarte_de_citrouille-150x150.jpg 150w, https:\/\/everydayraquel.com\/wp-content\/uploads\/2020\/11\/tarte_de_citrouille.jpg 600w\" sizes=\"(max-width: 300px) 100vw, 300px\" \/><h2 class=\"woocommerce-loop-product__title\">Tarte \u00e0 la citrouille<\/h2>\n\t<span class=\"price\"><span class=\"woocommerce-Price-amount amount\" aria-hidden=\"true\"><bdi>4,00<span class=\"woocommerce-Price-currencySymbol\">&euro;<\/span><\/bdi><\/span> <span aria-hidden=\"true\">&ndash;<\/span> <span class=\"woocommerce-Price-amount amount\" aria-hidden=\"true\"><bdi>20,00<span class=\"woocommerce-Price-currencySymbol\">&euro;<\/span><\/bdi><\/span><span class=\"screen-reader-text\">Price range: 4,00&euro; through 20,00&euro;<\/span><\/span>\n<\/a><a href=\"https:\/\/everydayraquel.com\/en\/boutique\/loisirs-travail\/pumpkin-pie\/\" aria-describedby=\"woocommerce_loop_add_to_cart_link_describedby_2168\" data-quantity=\"1\" class=\"button product_type_variable add_to_cart_button\" data-product_id=\"2168\" data-product_sku=\"\" aria-label=\"Select options for &ldquo;Tarte \u00e0 la citrouille&rdquo;\" rel=\"nofollow\">Select options<\/a>\t<span id=\"woocommerce_loop_add_to_cart_link_describedby_2168\" class=\"screen-reader-text\">\n\t\tThis product has multiple variants. The options may be chosen on the product page\t<\/span>\n<\/li>\n<li class=\"desktop-align-left tablet-align-left mobile-align-left product type-product post-3039 status-publish last instock product_cat-cuisine product_cat-nature product_cat-portraits product_cat-tous-les-dessins has-post-thumbnail featured shipping-taxable purchasable product-type-variable has-default-attributes\">\n\t<a href=\"https:\/\/everydayraquel.com\/en\/boutique\/tous-les-dessins\/amour-davocat\/\" class=\"woocommerce-LoopProduct-link woocommerce-loop-product__link\"><img loading=\"lazy\" decoding=\"async\" width=\"300\" height=\"300\" src=\"https:\/\/everydayraquel.com\/wp-content\/uploads\/2020\/11\/Amour-avocat-20105-300x300.jpg\" class=\"attachment-woocommerce_thumbnail size-woocommerce_thumbnail\" alt=\"Amour d&#039;avocat\" srcset=\"https:\/\/everydayraquel.com\/wp-content\/uploads\/2020\/11\/Amour-avocat-20105-300x300.jpg 300w, https:\/\/everydayraquel.com\/wp-content\/uploads\/2020\/11\/Amour-avocat-20105-100x100.jpg 100w, https:\/\/everydayraquel.com\/wp-content\/uploads\/2020\/11\/Amour-avocat-20105-64x64.jpg 64w, https:\/\/everydayraquel.com\/wp-content\/uploads\/2020\/11\/Amour-avocat-20105-150x150.jpg 150w, https:\/\/everydayraquel.com\/wp-content\/uploads\/2020\/11\/Amour-avocat-20105-12x12.jpg 12w, https:\/\/everydayraquel.com\/wp-content\/uploads\/2020\/11\/Amour-avocat-20105.jpg 600w\" sizes=\"(max-width: 300px) 100vw, 300px\" \/><h2 class=\"woocommerce-loop-product__title\">Amour d&rsquo;avocat<\/h2>\n\t<span class=\"price\"><span class=\"woocommerce-Price-amount amount\" aria-hidden=\"true\"><bdi>4,00<span class=\"woocommerce-Price-currencySymbol\">&euro;<\/span><\/bdi><\/span> <span aria-hidden=\"true\">&ndash;<\/span> <span class=\"woocommerce-Price-amount amount\" aria-hidden=\"true\"><bdi>20,00<span class=\"woocommerce-Price-currencySymbol\">&euro;<\/span><\/bdi><\/span><span class=\"screen-reader-text\">Price range: 4,00&euro; through 20,00&euro;<\/span><\/span>\n<\/a><a href=\"https:\/\/everydayraquel.com\/en\/boutique\/tous-les-dessins\/amour-davocat\/\" aria-describedby=\"woocommerce_loop_add_to_cart_link_describedby_3039\" data-quantity=\"1\" class=\"button product_type_variable add_to_cart_button\" data-product_id=\"3039\" data-product_sku=\"\" aria-label=\"Select options for &ldquo;Amour d&#039;avocat&rdquo;\" rel=\"nofollow\">Select options<\/a>\t<span id=\"woocommerce_loop_add_to_cart_link_describedby_3039\" class=\"screen-reader-text\">\n\t\tThis product has multiple variants. The options may be chosen on the product page\t<\/span>\n<\/li>\n<\/ul>\n<\/div>\t\t\t\t<\/div>\n\t\t\t\t<\/div>\n\t\t\t\t<div class=\"elementor-element elementor-element-f2a4bb5 elementor-widget elementor-widget-text-editor\" data-id=\"f2a4bb5\" data-element_type=\"widget\" data-e-type=\"widget\" data-widget_type=\"text-editor.default\">\n\t\t\t\t<div class=\"elementor-widget-container\">\n\t\t\t\t\t\t\t\t\t<p>Chaque semaine, je mets des nouveaut\u00e9s en ligne !<\/p>\t\t\t\t\t\t\t\t<\/div>\n\t\t\t\t<\/div>\n\t\t\t\t<div class=\"elementor-element elementor-element-8158c60 elementor-align-center elementor-mobile-align-center elementor-widget elementor-widget-button\" data-id=\"8158c60\" data-element_type=\"widget\" data-e-type=\"widget\" data-widget_type=\"button.default\">\n\t\t\t\t<div class=\"elementor-widget-container\">\n\t\t\t\t\t\t\t\t\t<div class=\"elementor-button-wrapper\">\n\t\t\t\t\t<a class=\"elementor-button elementor-button-link elementor-size-md\" href=\"https:\/\/everydayraquel.com\/boutique\/categorie-produit\/tous-les-dessins\/\">\n\t\t\t\t\t\t<span class=\"elementor-button-content-wrapper\">\n\t\t\t\t\t\t<span class=\"elementor-button-icon\">\n\t\t\t\t<i aria-hidden=\"true\" class=\"far fa-hand-point-right\"><\/i>\t\t\t<\/span>\n\t\t\t\t\t\t\t\t\t<span class=\"elementor-button-text\">Toutes mes illustrations<\/span>\n\t\t\t\t\t<\/span>\n\t\t\t\t\t<\/a>\n\t\t\t\t<\/div>\n\t\t\t\t\t\t\t\t<\/div>\n\t\t\t\t<\/div>\n\t\t\t\t\t<\/div>\n\t\t<\/div>\n\t\t\t\t\t<\/div>\n\t\t<\/section>\n\t\t\t\t<\/div>\n\t\t","protected":false},"excerpt":{"rendered":"<p>Raquel Mayorga Larin Artiste Illustratrice \u00e0 Dunkerque Bonjour ! Sur mon site, vous pouvez : [ Consulter ma collection de dessins et acheter des prints ][ Lire mon blog &amp; mes actualit\u00e9s ][ D\u00e9couvrir mes prochains \u00e9v\u00e9nements ][ M&rsquo;envoyer un petit message et voir mes r\u00e9seaux sociaux ][ Me commander un dessin sur mesure ] [&hellip;]<\/p>\n","protected":false},"author":1,"featured_media":0,"parent":0,"menu_order":0,"comment_status":"closed","ping_status":"closed","template":"","meta":{"site-sidebar-layout":"no-sidebar","site-content-layout":"page-builder","ast-site-content-layout":"default","site-content-style":"default","site-sidebar-style":"default","ast-global-header-display":"","ast-banner-title-visibility":"","ast-main-header-display":"","ast-hfb-above-header-display":"","ast-hfb-below-header-display":"","ast-hfb-mobile-header-display":"","site-post-title":"disabled","ast-breadcrumbs-content":"","ast-featured-img":"disabled","footer-sml-layout":"","ast-disable-related-posts":"","theme-transparent-header-meta":"","adv-header-id-meta":"","stick-header-meta":"","header-above-stick-meta":"","header-main-stick-meta":"","header-below-stick-meta":"","astra-migrate-meta-layouts":"default","ast-page-background-enabled":"default","ast-page-background-meta":{"desktop":{"background-color":"","background-image":"","background-repeat":"repeat","background-position":"center center","background-size":"auto","background-attachment":"scroll","background-type":"","background-media":"","overlay-type":"","overlay-color":"","overlay-opacity":"","overlay-gradient":""},"tablet":{"background-color":"","background-image":"","background-repeat":"repeat","background-position":"center center","background-size":"auto","background-attachment":"scroll","background-type":"","background-media":"","overlay-type":"","overlay-color":"","overlay-opacity":"","overlay-gradient":""},"mobile":{"background-color":"","background-image":"","background-repeat":"repeat","background-position":"center center","background-size":"auto","background-attachment":"scroll","background-type":"","background-media":"","overlay-type":"","overlay-color":"","overlay-opacity":"","overlay-gradient":""}},"ast-content-background-meta":{"desktop":{"background-color":"var(--ast-global-color-5)","background-image":"","background-repeat":"repeat","background-position":"center center","background-size":"auto","background-attachment":"scroll","background-type":"","background-media":"","overlay-type":"","overlay-color":"","overlay-opacity":"","overlay-gradient":""},"tablet":{"background-color":"var(--ast-global-color-5)","background-image":"","background-repeat":"repeat","background-position":"center center","background-size":"auto","background-attachment":"scroll","background-type":"","background-media":"","overlay-type":"","overlay-color":"","overlay-opacity":"","overlay-gradient":""},"mobile":{"background-color":"var(--ast-global-color-5)","background-image":"","background-repeat":"repeat","background-position":"center center","background-size":"auto","background-attachment":"scroll","background-type":"","background-media":"","overlay-type":"","overlay-color":"","overlay-opacity":"","overlay-gradient":""}},"footnotes":""},"class_list":["post-9","page","type-page","status-publish","hentry"],"yoast_head":"<title>EverydayRaquel &#8211; Art et Illustration<\/title>\n<meta name=\"robots\" content=\"index, follow, max-snippet:-1, max-image-preview:large, max-video-preview:-1\" \/>\n<link rel=\"canonical\" href=\"https:\/\/everydayraquel.com\/en\/\" \/>\n<meta property=\"og:locale\" content=\"en_GB\" \/>\n<meta property=\"og:type\" content=\"article\" \/>\n<meta property=\"og:title\" content=\"Accueil\" \/>\n<meta property=\"og:description\" content=\"Raquel Mayorga Larin Artiste Illustratrice \u00e0 Dunkerque Bonjour ! Sur mon site, vous pouvez : [ Consulter ma collection de dessins et acheter des prints ][ Lire mon blog &amp; mes actualit\u00e9s ][ D\u00e9couvrir mes prochains \u00e9v\u00e9nements ][ M&rsquo;envoyer un petit message et voir mes r\u00e9seaux sociaux ][ Me commander un dessin sur mesure ] [&hellip;]\" \/>\n<meta property=\"og:url\" content=\"https:\/\/everydayraquel.com\/en\/\" \/>\n<meta property=\"og:site_name\" content=\"EverydayRaquel\" \/>\n<meta property=\"article:publisher\" content=\"https:\/\/www.facebook.com\/everydayraquel\/\" \/>\n<meta property=\"article:modified_time\" content=\"2026-02-04T22:34:52+00:00\" \/>\n<meta property=\"og:image\" content=\"https:\/\/everydayraquel.com\/wp-content\/uploads\/2023\/12\/affiche-carnaval-dunkerque-everyday-raquel.jpg\" \/>\n<meta name=\"twitter:card\" content=\"summary_large_image\" \/>\n<meta name=\"twitter:label1\" content=\"Estimated reading time\" \/>\n\t<meta name=\"twitter:data1\" content=\"7 minutes\" \/>\n<script type=\"application\/ld+json\" class=\"yoast-schema-graph\">{\"@context\":\"https:\/\/schema.org\",\"@graph\":[{\"@type\":\"WebPage\",\"@id\":\"https:\/\/everydayraquel.com\/\",\"url\":\"https:\/\/everydayraquel.com\/\",\"name\":\"EverydayRaquel &#8211; Art et Illustration\",\"isPartOf\":{\"@id\":\"https:\/\/everydayraquel.com\/#website\"},\"primaryImageOfPage\":{\"@id\":\"https:\/\/everydayraquel.com\/#primaryimage\"},\"image\":{\"@id\":\"https:\/\/everydayraquel.com\/#primaryimage\"},\"thumbnailUrl\":\"https:\/\/everydayraquel.com\/wp-content\/uploads\/2023\/12\/affiche-carnaval-dunkerque-everyday-raquel.jpg\",\"datePublished\":\"2017-12-13T07:37:41+00:00\",\"dateModified\":\"2026-02-04T22:34:52+00:00\",\"breadcrumb\":{\"@id\":\"https:\/\/everydayraquel.com\/#breadcrumb\"},\"inLanguage\":\"en-GB\",\"potentialAction\":[{\"@type\":\"ReadAction\",\"target\":[\"https:\/\/everydayraquel.com\/\"]}]},{\"@type\":\"ImageObject\",\"inLanguage\":\"en-GB\",\"@id\":\"https:\/\/everydayraquel.com\/#primaryimage\",\"url\":\"https:\/\/everydayraquel.com\/wp-content\/uploads\/2023\/12\/affiche-carnaval-dunkerque-everyday-raquel.jpg\",\"contentUrl\":\"https:\/\/everydayraquel.com\/wp-content\/uploads\/2023\/12\/affiche-carnaval-dunkerque-everyday-raquel.jpg\"},{\"@type\":\"BreadcrumbList\",\"@id\":\"https:\/\/everydayraquel.com\/#breadcrumb\",\"itemListElement\":[{\"@type\":\"ListItem\",\"position\":1,\"name\":\"Accueil\",\"item\":\"https:\/\/everydayraquel.com\/\"},{\"@type\":\"ListItem\",\"position\":2,\"name\":\"Accueil\"}]},{\"@type\":\"WebSite\",\"@id\":\"https:\/\/everydayraquel.com\/#website\",\"url\":\"https:\/\/everydayraquel.com\/\",\"name\":\"EverydayRaquel Art et Illustration\",\"description\":\"Un jour, un dessin\",\"publisher\":{\"@id\":\"https:\/\/everydayraquel.com\/#organization\"},\"alternateName\":\"Artiste Everyday Raquel\",\"potentialAction\":[{\"@type\":\"SearchAction\",\"target\":{\"@type\":\"EntryPoint\",\"urlTemplate\":\"https:\/\/everydayraquel.com\/?s={search_term_string}\"},\"query-input\":{\"@type\":\"PropertyValueSpecification\",\"valueRequired\":true,\"valueName\":\"search_term_string\"}}],\"inLanguage\":\"en-GB\"},{\"@type\":[\"Organization\",\"Place\",\"ArtGallery\"],\"@id\":\"https:\/\/everydayraquel.com\/#organization\",\"name\":\"Everyday Raquel\",\"alternateName\":\"Raquel Artiste Dunkerque\",\"url\":\"https:\/\/everydayraquel.com\/\",\"logo\":{\"@id\":\"https:\/\/everydayraquel.com\/#local-main-organization-logo\"},\"image\":{\"@id\":\"https:\/\/everydayraquel.com\/#local-main-organization-logo\"},\"sameAs\":[\"https:\/\/www.facebook.com\/everydayraquel\/\",\"https:\/\/www.instagram.com\/everydayraquel\/\"],\"description\":\"Artiste et illustratrice \u00e0 Dunkerque, je r\u00e9alise des dessins personnalis\u00e9s, vente d'affiches et de cadres, dessins du carnaval et des moments du quotidien. Street art, ateliers de dessins collectifs.\",\"legalName\":\"EveryDay Raquel\",\"foundingDate\":\"2020-07-27\",\"numberOfEmployees\":{\"@type\":\"QuantitativeValue\",\"minValue\":\"1\",\"maxValue\":\"10\"},\"address\":{\"@id\":\"https:\/\/everydayraquel.com\/#local-main-place-address\"},\"telephone\":[],\"openingHoursSpecification\":[{\"@type\":\"OpeningHoursSpecification\",\"dayOfWeek\":[\"Monday\",\"Tuesday\",\"Wednesday\",\"Thursday\",\"Friday\"],\"opens\":\"09:30\",\"closes\":\"18:00\"},{\"@type\":\"OpeningHoursSpecification\",\"dayOfWeek\":[\"Saturday\"],\"opens\":\"10:00\",\"closes\":\"12:00\"},{\"@type\":\"OpeningHoursSpecification\",\"dayOfWeek\":[\"Sunday\"],\"opens\":\"00:00\",\"closes\":\"00:00\"}],\"email\":\"contact@everydayraquel.com\",\"areaServed\":\"Dunkerque, Grande-Synthe, Bergues, Calais, Hazebrouck, Lille,\",\"priceRange\":\"$$\",\"currenciesAccepted\":\"Euro\",\"paymentAccepted\":\"CB, liquide, cash, carte bancaire\"},{\"@type\":\"PostalAddress\",\"@id\":\"https:\/\/everydayraquel.com\/#local-main-place-address\",\"streetAddress\":\"Rue Winston Churchill\",\"addressLocality\":\"Dunkerque\",\"postalCode\":\"59240\",\"addressCountry\":\"FR\"},{\"@type\":\"ImageObject\",\"inLanguage\":\"en-GB\",\"@id\":\"https:\/\/everydayraquel.com\/#local-main-organization-logo\",\"url\":\"https:\/\/everydayraquel.com\/wp-content\/uploads\/2020\/11\/everydayraquel_logo_mirroir.png\",\"contentUrl\":\"https:\/\/everydayraquel.com\/wp-content\/uploads\/2020\/11\/everydayraquel_logo_mirroir.png\",\"width\":670,\"height\":290,\"caption\":\"Everyday Raquel\"}]}<\/script>\n<meta name=\"geo.placename\" content=\"Dunkerque\" \/>\n<meta name=\"geo.region\" content=\"France\" \/>","yoast_head_json":{"title":"EverydayRaquel &#8211; Art et Illustration","robots":{"index":"index","follow":"follow","max-snippet":"max-snippet:-1","max-image-preview":"max-image-preview:large","max-video-preview":"max-video-preview:-1"},"canonical":"https:\/\/everydayraquel.com\/en\/","og_locale":"en_GB","og_type":"article","og_title":"Accueil","og_description":"Raquel Mayorga Larin Artiste Illustratrice \u00e0 Dunkerque Bonjour ! Sur mon site, vous pouvez : [ Consulter ma collection de dessins et acheter des prints ][ Lire mon blog &amp; mes actualit\u00e9s ][ D\u00e9couvrir mes prochains \u00e9v\u00e9nements ][ M&rsquo;envoyer un petit message et voir mes r\u00e9seaux sociaux ][ Me commander un dessin sur mesure ] [&hellip;]","og_url":"https:\/\/everydayraquel.com\/en\/","og_site_name":"EverydayRaquel","article_publisher":"https:\/\/www.facebook.com\/everydayraquel\/","article_modified_time":"2026-02-04T22:34:52+00:00","og_image":[{"url":"https:\/\/everydayraquel.com\/wp-content\/uploads\/2023\/12\/affiche-carnaval-dunkerque-everyday-raquel.jpg","type":"","width":"","height":""}],"twitter_card":"summary_large_image","twitter_misc":{"Estimated reading time":"7 minutes"},"schema":{"@context":"https:\/\/schema.org","@graph":[{"@type":"WebPage","@id":"https:\/\/everydayraquel.com\/","url":"https:\/\/everydayraquel.com\/","name":"EverydayRaquel &#8211; Art et Illustration","isPartOf":{"@id":"https:\/\/everydayraquel.com\/#website"},"primaryImageOfPage":{"@id":"https:\/\/everydayraquel.com\/#primaryimage"},"image":{"@id":"https:\/\/everydayraquel.com\/#primaryimage"},"thumbnailUrl":"https:\/\/everydayraquel.com\/wp-content\/uploads\/2023\/12\/affiche-carnaval-dunkerque-everyday-raquel.jpg","datePublished":"2017-12-13T07:37:41+00:00","dateModified":"2026-02-04T22:34:52+00:00","breadcrumb":{"@id":"https:\/\/everydayraquel.com\/#breadcrumb"},"inLanguage":"en-GB","potentialAction":[{"@type":"ReadAction","target":["https:\/\/everydayraquel.com\/"]}]},{"@type":"ImageObject","inLanguage":"en-GB","@id":"https:\/\/everydayraquel.com\/#primaryimage","url":"https:\/\/everydayraquel.com\/wp-content\/uploads\/2023\/12\/affiche-carnaval-dunkerque-everyday-raquel.jpg","contentUrl":"https:\/\/everydayraquel.com\/wp-content\/uploads\/2023\/12\/affiche-carnaval-dunkerque-everyday-raquel.jpg"},{"@type":"BreadcrumbList","@id":"https:\/\/everydayraquel.com\/#breadcrumb","itemListElement":[{"@type":"ListItem","position":1,"name":"Accueil","item":"https:\/\/everydayraquel.com\/"},{"@type":"ListItem","position":2,"name":"Accueil"}]},{"@type":"WebSite","@id":"https:\/\/everydayraquel.com\/#website","url":"https:\/\/everydayraquel.com\/","name":"EverydayRaquel Art et Illustration","description":"Un jour, un dessin","publisher":{"@id":"https:\/\/everydayraquel.com\/#organization"},"alternateName":"Artiste Everyday Raquel","potentialAction":[{"@type":"SearchAction","target":{"@type":"EntryPoint","urlTemplate":"https:\/\/everydayraquel.com\/?s={search_term_string}"},"query-input":{"@type":"PropertyValueSpecification","valueRequired":true,"valueName":"search_term_string"}}],"inLanguage":"en-GB"},{"@type":["Organization","Place","ArtGallery"],"@id":"https:\/\/everydayraquel.com\/#organization","name":"Everyday Raquel","alternateName":"Raquel Artiste Dunkerque","url":"https:\/\/everydayraquel.com\/","logo":{"@id":"https:\/\/everydayraquel.com\/#local-main-organization-logo"},"image":{"@id":"https:\/\/everydayraquel.com\/#local-main-organization-logo"},"sameAs":["https:\/\/www.facebook.com\/everydayraquel\/","https:\/\/www.instagram.com\/everydayraquel\/"],"description":"Artiste et illustratrice \u00e0 Dunkerque, je r\u00e9alise des dessins personnalis\u00e9s, vente d'affiches et de cadres, dessins du carnaval et des moments du quotidien. Street art, ateliers de dessins collectifs.","legalName":"EveryDay Raquel","foundingDate":"2020-07-27","numberOfEmployees":{"@type":"QuantitativeValue","minValue":"1","maxValue":"10"},"address":{"@id":"https:\/\/everydayraquel.com\/#local-main-place-address"},"telephone":[],"openingHoursSpecification":[{"@type":"OpeningHoursSpecification","dayOfWeek":["Monday","Tuesday","Wednesday","Thursday","Friday"],"opens":"09:30","closes":"18:00"},{"@type":"OpeningHoursSpecification","dayOfWeek":["Saturday"],"opens":"10:00","closes":"12:00"},{"@type":"OpeningHoursSpecification","dayOfWeek":["Sunday"],"opens":"00:00","closes":"00:00"}],"email":"contact@everydayraquel.com","areaServed":"Dunkerque, Grande-Synthe, Bergues, Calais, Hazebrouck, Lille,","priceRange":"$$","currenciesAccepted":"Euro","paymentAccepted":"CB, liquide, cash, carte bancaire"},{"@type":"PostalAddress","@id":"https:\/\/everydayraquel.com\/#local-main-place-address","streetAddress":"Rue Winston Churchill","addressLocality":"Dunkerque","postalCode":"59240","addressCountry":"FR"},{"@type":"ImageObject","inLanguage":"en-GB","@id":"https:\/\/everydayraquel.com\/#local-main-organization-logo","url":"https:\/\/everydayraquel.com\/wp-content\/uploads\/2020\/11\/everydayraquel_logo_mirroir.png","contentUrl":"https:\/\/everydayraquel.com\/wp-content\/uploads\/2020\/11\/everydayraquel_logo_mirroir.png","width":670,"height":290,"caption":"Everyday Raquel"}]},"geo.placename":"Dunkerque","geo.region":"France"},"_links":{"self":[{"href":"https:\/\/everydayraquel.com\/en\/wp-json\/wp\/v2\/pages\/9","targetHints":{"allow":["GET"]}}],"collection":[{"href":"https:\/\/everydayraquel.com\/en\/wp-json\/wp\/v2\/pages"}],"about":[{"href":"https:\/\/everydayraquel.com\/en\/wp-json\/wp\/v2\/types\/page"}],"author":[{"embeddable":true,"href":"https:\/\/everydayraquel.com\/en\/wp-json\/wp\/v2\/users\/1"}],"replies":[{"embeddable":true,"href":"https:\/\/everydayraquel.com\/en\/wp-json\/wp\/v2\/comments?post=9"}],"version-history":[{"count":8,"href":"https:\/\/everydayraquel.com\/en\/wp-json\/wp\/v2\/pages\/9\/revisions"}],"predecessor-version":[{"id":5562,"href":"https:\/\/everydayraquel.com\/en\/wp-json\/wp\/v2\/pages\/9\/revisions\/5562"}],"wp:attachment":[{"href":"https:\/\/everydayraquel.com\/en\/wp-json\/wp\/v2\/media?parent=9"}],"curies":[{"name":"wp","href":"https:\/\/api.w.org\/{rel}","templated":true}]}}