{"id":5593,"date":"2026-04-30T09:56:47","date_gmt":"2026-04-30T07:56:47","guid":{"rendered":"https:\/\/everydayraquel.com\/?post_type=mec-events&#038;p=5593"},"modified":"2026-04-30T10:31:14","modified_gmt":"2026-04-30T08:31:14","slug":"cache-cache-festival-un-evenement-de-agitateurs-public","status":"publish","type":"mec-events","link":"https:\/\/everydayraquel.com\/en\/evenements\/cache-cache-festival-un-evenement-de-agitateurs-public\/","title":{"rendered":"Cache Cache Festival &#8211; Un \u00e9v\u00e9nement de Agitateurs Public"},"content":{"rendered":"<p>Le festival d\u2019arts de la rue pour petits et grands, est de retour cette ann\u00e9e !<br class=\"html-br\" \/>La Ville de <span class=\"html-span xdj266r x14z9mp xat24cr x1lziwak xexx8yu xyri2b x18d9i69 x1c1uobl x1hl2dhg x16tdsg8 x1vvkbs\"><a class=\"x1i10hfl xjbqb8w x1ejq31n x18oe1m7 x1sy0etr xstzfhl x972fbf x10w94by x1qhh985 x14e42zd x9f619 x1ypdohk xt0psk2 x3ct3a4 xdj266r x14z9mp xat24cr x1lziwak xexx8yu xyri2b x18d9i69 x1c1uobl x16tdsg8 x1hl2dhg xggy1nq x1a2a7pz xkrqix3 x1sur9pj xzsf02u x1s688f\" tabindex=\"0\" role=\"link\" href=\"https:\/\/leffrinckoucke.fr\/\">Leffrinckoucke<\/a><\/span>\u00a0s\u2019associe \u00e0 l\u2019association\u00a0<a href=\"https:\/\/www.agitateurspublic.com\/\"><span class=\"html-span xdj266r x14z9mp xat24cr x1lziwak xexx8yu xyri2b x18d9i69 x1c1uobl x1hl2dhg x16tdsg8 x1vvkbs\"><span class=\"xt0psk2\"><span class=\"xjp7ctv\">Agitateurs Public<\/span><\/span><\/span><\/a>\u00a0pour vous pr\u00e9senter cette \u00e9dition 2026 dans ce lieu unique : le\u00a0<span class=\"html-span xdj266r x14z9mp xat24cr x1lziwak xexx8yu xyri2b x18d9i69 x1c1uobl x1hl2dhg x16tdsg8 x1vvkbs\"><a class=\"x1i10hfl xjbqb8w x1ejq31n x18oe1m7 x1sy0etr xstzfhl x972fbf x10w94by x1qhh985 x14e42zd x9f619 x1ypdohk xt0psk2 x3ct3a4 xdj266r x14z9mp xat24cr x1lziwak xexx8yu xyri2b x18d9i69 x1c1uobl x16tdsg8 x1hl2dhg xggy1nq x1a2a7pz xkrqix3 x1sur9pj xzsf02u x1s688f\" tabindex=\"0\" role=\"link\" href=\"https:\/\/fort-des-dunes.fr\/?gad_source=1&amp;gad_campaignid=22446256538&amp;gbraid=0AAAAA_HxXLqK53ne2wl6vmpVLq4DseVwv&amp;gclid=CjwKCAjw-8vPBhBbEiwAoA39WshyNkNdJfaWOpEbDk-_iYzLv_RGESTtroFU5n2HxNxJCSM3Cd_yNRoCXEUQAvD_BwE\"><span class=\"xt0psk2\"><span class=\"xjp7ctv\">Fort des Dunes &#8211; Leffrinckoucke<\/span><\/span><\/a><\/span><\/p>\n<div id=\"comp-mok5xts0\" class=\"ku3DBC zQ9jDz qvSjx3 Vq6kJx comp-mok5xts0 wixui-rich-text\" data-testid=\"richTextElement\">\n<p class=\"font_0 wixui-rich-text__text\"><span class=\"wixui-rich-text__text\">CACHECACHE FESTIVAL<br class=\"wixui-rich-text__text\" \/>Dimanche 24 Mai 2025 de 10h \u00e0 19h<br class=\"wixui-rich-text__text\" \/>au FORT DES DUNES de LEFFRINCKOUCKE<br class=\"wixui-rich-text__text\" \/>Enfance, th\u00e9\u00e2tre de rue, cirque, jeux, visites, <\/span><span class=\"wixui-rich-text__text\">buvette et petite restauration. <\/span><\/p>\n<p class=\"font_0 wixui-rich-text__text\"><span class=\"wixui-rich-text__text\">Ouverture du pont-levis \u00e0 10h.<\/span><\/p>\n<p>Plus d&rsquo;informations sur la programmation RDV sur le site de <a href=\"https:\/\/www.agitateurspublic.com\/cachecache-2026\">Agitateurs Public<\/a>.<\/p>\n<\/div>","protected":false},"excerpt":{"rendered":"<p>Le festival d\u2019arts de la rue pour petits et grands, est de retour cette ann\u00e9e !La Ville de Leffrinckoucke\u00a0s\u2019associe \u00e0 l\u2019association\u00a0Agitateurs Public\u00a0pour vous pr\u00e9senter cette \u00e9dition 2026 dans ce lieu unique : le\u00a0Fort des Dunes &#8211; Leffrinckoucke CACHECACHE FESTIVALDimanche 24 Mai 2025 de 10h \u00e0 19hau FORT DES DUNES de LEFFRINCKOUCKEEnfance, th\u00e9\u00e2tre de rue, cirque, [&hellip;]<\/p>\n","protected":false},"author":1,"featured_media":5594,"comment_status":"closed","ping_status":"closed","template":"","meta":{"site-sidebar-layout":"default","site-content-layout":"","ast-site-content-layout":"default","site-content-style":"default","site-sidebar-style":"default","ast-global-header-display":"","ast-banner-title-visibility":"","ast-main-header-display":"","ast-hfb-above-header-display":"","ast-hfb-below-header-display":"","ast-hfb-mobile-header-display":"","site-post-title":"","ast-breadcrumbs-content":"","ast-featured-img":"","footer-sml-layout":"","ast-disable-related-posts":"","theme-transparent-header-meta":"default","adv-header-id-meta":"","stick-header-meta":"","header-above-stick-meta":"","header-main-stick-meta":"","header-below-stick-meta":"","astra-migrate-meta-layouts":"set","ast-page-background-enabled":"default","ast-page-background-meta":{"desktop":{"background-color":"","background-image":"","background-repeat":"repeat","background-position":"center center","background-size":"auto","background-attachment":"scroll","background-type":"","background-media":"","overlay-type":"","overlay-color":"","overlay-opacity":"","overlay-gradient":""},"tablet":{"background-color":"","background-image":"","background-repeat":"repeat","background-position":"center center","background-size":"auto","background-attachment":"scroll","background-type":"","background-media":"","overlay-type":"","overlay-color":"","overlay-opacity":"","overlay-gradient":""},"mobile":{"background-color":"","background-image":"","background-repeat":"repeat","background-position":"center center","background-size":"auto","background-attachment":"scroll","background-type":"","background-media":"","overlay-type":"","overlay-color":"","overlay-opacity":"","overlay-gradient":""}},"ast-content-background-meta":{"desktop":{"background-color":"var(--ast-global-color-5)","background-image":"","background-repeat":"repeat","background-position":"center center","background-size":"auto","background-attachment":"scroll","background-type":"","background-media":"","overlay-type":"","overlay-color":"","overlay-opacity":"","overlay-gradient":""},"tablet":{"background-color":"var(--ast-global-color-5)","background-image":"","background-repeat":"repeat","background-position":"center center","background-size":"auto","background-attachment":"scroll","background-type":"","background-media":"","overlay-type":"","overlay-color":"","overlay-opacity":"","overlay-gradient":""},"mobile":{"background-color":"var(--ast-global-color-5)","background-image":"","background-repeat":"repeat","background-position":"center center","background-size":"auto","background-attachment":"scroll","background-type":"","background-media":"","overlay-type":"","overlay-color":"","overlay-opacity":"","overlay-gradient":""}}},"tags":[],"mec_category":[],"class_list":["post-5593","mec-events","type-mec-events","status-publish","has-post-thumbnail","hentry"],"yoast_head":"<title>Cache Cache Festival - Un \u00e9v\u00e9nement de Agitateurs Public &#8211; EverydayRaquel<\/title>\n<meta name=\"robots\" content=\"index, follow, max-snippet:-1, max-image-preview:large, max-video-preview:-1\" \/>\n<link rel=\"canonical\" href=\"https:\/\/everydayraquel.com\/en\/evenements\/cache-cache-festival-un-evenement-de-agitateurs-public\/\" \/>\n<meta property=\"og:locale\" content=\"en_GB\" \/>\n<meta property=\"og:type\" content=\"article\" \/>\n<meta property=\"og:title\" content=\"Cache Cache Festival - Un \u00e9v\u00e9nement de Agitateurs Public\" \/>\n<meta property=\"og:description\" content=\"Le festival d\u2019arts de la rue pour petits et grands, est de retour cette ann\u00e9e !La Ville de Leffrinckoucke\u00a0s\u2019associe \u00e0 l\u2019association\u00a0Agitateurs Public\u00a0pour vous pr\u00e9senter cette \u00e9dition 2026 dans ce lieu unique : le\u00a0Fort des Dunes &#8211; Leffrinckoucke CACHECACHE FESTIVALDimanche 24 Mai 2025 de 10h \u00e0 19hau FORT DES DUNES de LEFFRINCKOUCKEEnfance, th\u00e9\u00e2tre de rue, cirque, [&hellip;]\" \/>\n<meta property=\"og:url\" content=\"https:\/\/everydayraquel.com\/en\/evenements\/cache-cache-festival-un-evenement-de-agitateurs-public\/\" \/>\n<meta property=\"og:site_name\" content=\"EverydayRaquel\" \/>\n<meta property=\"article:publisher\" content=\"https:\/\/www.facebook.com\/everydayraquel\/\" \/>\n<meta property=\"article:modified_time\" content=\"2026-04-30T08:31:14+00:00\" \/>\n<meta property=\"og:image\" content=\"https:\/\/everydayraquel.com\/wp-content\/uploads\/2026\/04\/CACHE-CACHE-2026_Evenement_Agitateurs_Public.jpg\" \/>\n\t<meta property=\"og:image:width\" content=\"1200\" \/>\n\t<meta property=\"og:image:height\" content=\"628\" \/>\n\t<meta property=\"og:image:type\" content=\"image\/jpeg\" \/>\n<meta name=\"twitter:card\" content=\"summary_large_image\" \/>\n<meta name=\"twitter:label1\" content=\"Estimated reading time\" \/>\n\t<meta name=\"twitter:data1\" content=\"1 minute\" \/>\n<script type=\"application\/ld+json\" class=\"yoast-schema-graph\">{\"@context\":\"https:\/\/schema.org\",\"@graph\":[{\"@type\":\"WebPage\",\"@id\":\"https:\/\/everydayraquel.com\/evenements\/cache-cache-festival-un-evenement-de-agitateurs-public\/\",\"url\":\"https:\/\/everydayraquel.com\/evenements\/cache-cache-festival-un-evenement-de-agitateurs-public\/\",\"name\":\"Cache Cache Festival - Un \u00e9v\u00e9nement de Agitateurs Public &#8211; EverydayRaquel\",\"isPartOf\":{\"@id\":\"https:\/\/everydayraquel.com\/#website\"},\"primaryImageOfPage\":{\"@id\":\"https:\/\/everydayraquel.com\/evenements\/cache-cache-festival-un-evenement-de-agitateurs-public\/#primaryimage\"},\"image\":{\"@id\":\"https:\/\/everydayraquel.com\/evenements\/cache-cache-festival-un-evenement-de-agitateurs-public\/#primaryimage\"},\"thumbnailUrl\":\"https:\/\/everydayraquel.com\/wp-content\/uploads\/2026\/04\/CACHE-CACHE-2026_Evenement_Agitateurs_Public.jpg\",\"datePublished\":\"2026-04-30T07:56:47+00:00\",\"dateModified\":\"2026-04-30T08:31:14+00:00\",\"breadcrumb\":{\"@id\":\"https:\/\/everydayraquel.com\/evenements\/cache-cache-festival-un-evenement-de-agitateurs-public\/#breadcrumb\"},\"inLanguage\":\"en-GB\",\"potentialAction\":[{\"@type\":\"ReadAction\",\"target\":[\"https:\/\/everydayraquel.com\/evenements\/cache-cache-festival-un-evenement-de-agitateurs-public\/\"]}]},{\"@type\":\"ImageObject\",\"inLanguage\":\"en-GB\",\"@id\":\"https:\/\/everydayraquel.com\/evenements\/cache-cache-festival-un-evenement-de-agitateurs-public\/#primaryimage\",\"url\":\"https:\/\/everydayraquel.com\/wp-content\/uploads\/2026\/04\/CACHE-CACHE-2026_Evenement_Agitateurs_Public.jpg\",\"contentUrl\":\"https:\/\/everydayraquel.com\/wp-content\/uploads\/2026\/04\/CACHE-CACHE-2026_Evenement_Agitateurs_Public.jpg\",\"width\":1200,\"height\":628},{\"@type\":\"BreadcrumbList\",\"@id\":\"https:\/\/everydayraquel.com\/evenements\/cache-cache-festival-un-evenement-de-agitateurs-public\/#breadcrumb\",\"itemListElement\":[{\"@type\":\"ListItem\",\"position\":1,\"name\":\"Accueil\",\"item\":\"https:\/\/everydayraquel.com\/\"},{\"@type\":\"ListItem\",\"position\":2,\"name\":\"Events\",\"item\":\"https:\/\/everydayraquel.com\/events\/\"},{\"@type\":\"ListItem\",\"position\":3,\"name\":\"Cache Cache Festival &#8211; Un \u00e9v\u00e9nement de Agitateurs Public\"}]},{\"@type\":\"WebSite\",\"@id\":\"https:\/\/everydayraquel.com\/#website\",\"url\":\"https:\/\/everydayraquel.com\/\",\"name\":\"EverydayRaquel Art et Illustration\",\"description\":\"Un jour, un dessin\",\"publisher\":{\"@id\":\"https:\/\/everydayraquel.com\/#organization\"},\"alternateName\":\"Artiste Everyday Raquel\",\"potentialAction\":[{\"@type\":\"SearchAction\",\"target\":{\"@type\":\"EntryPoint\",\"urlTemplate\":\"https:\/\/everydayraquel.com\/?s={search_term_string}\"},\"query-input\":{\"@type\":\"PropertyValueSpecification\",\"valueRequired\":true,\"valueName\":\"search_term_string\"}}],\"inLanguage\":\"en-GB\"},{\"@type\":[\"Organization\",\"Place\",\"ArtGallery\"],\"@id\":\"https:\/\/everydayraquel.com\/#organization\",\"name\":\"Everyday Raquel\",\"alternateName\":\"Raquel Artiste Dunkerque\",\"url\":\"https:\/\/everydayraquel.com\/\",\"logo\":{\"@id\":\"https:\/\/everydayraquel.com\/evenements\/cache-cache-festival-un-evenement-de-agitateurs-public\/#local-main-organization-logo\"},\"image\":{\"@id\":\"https:\/\/everydayraquel.com\/evenements\/cache-cache-festival-un-evenement-de-agitateurs-public\/#local-main-organization-logo\"},\"sameAs\":[\"https:\/\/www.facebook.com\/everydayraquel\/\",\"https:\/\/www.instagram.com\/everydayraquel\/\"],\"description\":\"Artiste et illustratrice \u00e0 Dunkerque, je r\u00e9alise des dessins personnalis\u00e9s, vente d'affiches et de cadres, dessins du carnaval et des moments du quotidien. Street art, ateliers de dessins collectifs.\",\"legalName\":\"EveryDay Raquel\",\"foundingDate\":\"2020-07-27\",\"numberOfEmployees\":{\"@type\":\"QuantitativeValue\",\"minValue\":\"1\",\"maxValue\":\"10\"},\"address\":{\"@id\":\"https:\/\/everydayraquel.com\/evenements\/cache-cache-festival-un-evenement-de-agitateurs-public\/#local-main-place-address\"},\"telephone\":[],\"openingHoursSpecification\":[{\"@type\":\"OpeningHoursSpecification\",\"dayOfWeek\":[\"Monday\",\"Tuesday\",\"Wednesday\",\"Thursday\",\"Friday\"],\"opens\":\"09:30\",\"closes\":\"18:00\"},{\"@type\":\"OpeningHoursSpecification\",\"dayOfWeek\":[\"Saturday\"],\"opens\":\"10:00\",\"closes\":\"12:00\"},{\"@type\":\"OpeningHoursSpecification\",\"dayOfWeek\":[\"Sunday\"],\"opens\":\"00:00\",\"closes\":\"00:00\"}],\"email\":\"contact@everydayraquel.com\",\"areaServed\":\"Dunkerque, Grande-Synthe, Bergues, Calais, Hazebrouck, Lille,\",\"priceRange\":\"$$\",\"currenciesAccepted\":\"Euro\",\"paymentAccepted\":\"CB, liquide, cash, carte bancaire\"},{\"@type\":\"PostalAddress\",\"@id\":\"https:\/\/everydayraquel.com\/evenements\/cache-cache-festival-un-evenement-de-agitateurs-public\/#local-main-place-address\",\"streetAddress\":\"Rue Winston Churchill\",\"addressLocality\":\"Dunkerque\",\"postalCode\":\"59240\",\"addressCountry\":\"FR\"},{\"@type\":\"ImageObject\",\"inLanguage\":\"en-GB\",\"@id\":\"https:\/\/everydayraquel.com\/evenements\/cache-cache-festival-un-evenement-de-agitateurs-public\/#local-main-organization-logo\",\"url\":\"https:\/\/everydayraquel.com\/wp-content\/uploads\/2020\/11\/everydayraquel_logo_mirroir.png\",\"contentUrl\":\"https:\/\/everydayraquel.com\/wp-content\/uploads\/2020\/11\/everydayraquel_logo_mirroir.png\",\"width\":670,\"height\":290,\"caption\":\"Everyday Raquel\"}]}<\/script>\n<meta name=\"geo.placename\" content=\"Dunkerque\" \/>\n<meta name=\"geo.region\" content=\"France\" \/>","yoast_head_json":{"title":"Cache Cache Festival - Un \u00e9v\u00e9nement de Agitateurs Public &#8211; EverydayRaquel","robots":{"index":"index","follow":"follow","max-snippet":"max-snippet:-1","max-image-preview":"max-image-preview:large","max-video-preview":"max-video-preview:-1"},"canonical":"https:\/\/everydayraquel.com\/en\/evenements\/cache-cache-festival-un-evenement-de-agitateurs-public\/","og_locale":"en_GB","og_type":"article","og_title":"Cache Cache Festival - Un \u00e9v\u00e9nement de Agitateurs Public","og_description":"Le festival d\u2019arts de la rue pour petits et grands, est de retour cette ann\u00e9e !La Ville de Leffrinckoucke\u00a0s\u2019associe \u00e0 l\u2019association\u00a0Agitateurs Public\u00a0pour vous pr\u00e9senter cette \u00e9dition 2026 dans ce lieu unique : le\u00a0Fort des Dunes &#8211; Leffrinckoucke CACHECACHE FESTIVALDimanche 24 Mai 2025 de 10h \u00e0 19hau FORT DES DUNES de LEFFRINCKOUCKEEnfance, th\u00e9\u00e2tre de rue, cirque, [&hellip;]","og_url":"https:\/\/everydayraquel.com\/en\/evenements\/cache-cache-festival-un-evenement-de-agitateurs-public\/","og_site_name":"EverydayRaquel","article_publisher":"https:\/\/www.facebook.com\/everydayraquel\/","article_modified_time":"2026-04-30T08:31:14+00:00","og_image":[{"width":1200,"height":628,"url":"https:\/\/everydayraquel.com\/wp-content\/uploads\/2026\/04\/CACHE-CACHE-2026_Evenement_Agitateurs_Public.jpg","type":"image\/jpeg"}],"twitter_card":"summary_large_image","twitter_misc":{"Estimated reading time":"1 minute"},"schema":{"@context":"https:\/\/schema.org","@graph":[{"@type":"WebPage","@id":"https:\/\/everydayraquel.com\/evenements\/cache-cache-festival-un-evenement-de-agitateurs-public\/","url":"https:\/\/everydayraquel.com\/evenements\/cache-cache-festival-un-evenement-de-agitateurs-public\/","name":"Cache Cache Festival - Un \u00e9v\u00e9nement de Agitateurs Public &#8211; EverydayRaquel","isPartOf":{"@id":"https:\/\/everydayraquel.com\/#website"},"primaryImageOfPage":{"@id":"https:\/\/everydayraquel.com\/evenements\/cache-cache-festival-un-evenement-de-agitateurs-public\/#primaryimage"},"image":{"@id":"https:\/\/everydayraquel.com\/evenements\/cache-cache-festival-un-evenement-de-agitateurs-public\/#primaryimage"},"thumbnailUrl":"https:\/\/everydayraquel.com\/wp-content\/uploads\/2026\/04\/CACHE-CACHE-2026_Evenement_Agitateurs_Public.jpg","datePublished":"2026-04-30T07:56:47+00:00","dateModified":"2026-04-30T08:31:14+00:00","breadcrumb":{"@id":"https:\/\/everydayraquel.com\/evenements\/cache-cache-festival-un-evenement-de-agitateurs-public\/#breadcrumb"},"inLanguage":"en-GB","potentialAction":[{"@type":"ReadAction","target":["https:\/\/everydayraquel.com\/evenements\/cache-cache-festival-un-evenement-de-agitateurs-public\/"]}]},{"@type":"ImageObject","inLanguage":"en-GB","@id":"https:\/\/everydayraquel.com\/evenements\/cache-cache-festival-un-evenement-de-agitateurs-public\/#primaryimage","url":"https:\/\/everydayraquel.com\/wp-content\/uploads\/2026\/04\/CACHE-CACHE-2026_Evenement_Agitateurs_Public.jpg","contentUrl":"https:\/\/everydayraquel.com\/wp-content\/uploads\/2026\/04\/CACHE-CACHE-2026_Evenement_Agitateurs_Public.jpg","width":1200,"height":628},{"@type":"BreadcrumbList","@id":"https:\/\/everydayraquel.com\/evenements\/cache-cache-festival-un-evenement-de-agitateurs-public\/#breadcrumb","itemListElement":[{"@type":"ListItem","position":1,"name":"Accueil","item":"https:\/\/everydayraquel.com\/"},{"@type":"ListItem","position":2,"name":"Events","item":"https:\/\/everydayraquel.com\/events\/"},{"@type":"ListItem","position":3,"name":"Cache Cache Festival &#8211; Un \u00e9v\u00e9nement de Agitateurs Public"}]},{"@type":"WebSite","@id":"https:\/\/everydayraquel.com\/#website","url":"https:\/\/everydayraquel.com\/","name":"EverydayRaquel Art et Illustration","description":"Un jour, un dessin","publisher":{"@id":"https:\/\/everydayraquel.com\/#organization"},"alternateName":"Artiste Everyday Raquel","potentialAction":[{"@type":"SearchAction","target":{"@type":"EntryPoint","urlTemplate":"https:\/\/everydayraquel.com\/?s={search_term_string}"},"query-input":{"@type":"PropertyValueSpecification","valueRequired":true,"valueName":"search_term_string"}}],"inLanguage":"en-GB"},{"@type":["Organization","Place","ArtGallery"],"@id":"https:\/\/everydayraquel.com\/#organization","name":"Everyday Raquel","alternateName":"Raquel Artiste Dunkerque","url":"https:\/\/everydayraquel.com\/","logo":{"@id":"https:\/\/everydayraquel.com\/evenements\/cache-cache-festival-un-evenement-de-agitateurs-public\/#local-main-organization-logo"},"image":{"@id":"https:\/\/everydayraquel.com\/evenements\/cache-cache-festival-un-evenement-de-agitateurs-public\/#local-main-organization-logo"},"sameAs":["https:\/\/www.facebook.com\/everydayraquel\/","https:\/\/www.instagram.com\/everydayraquel\/"],"description":"Artiste et illustratrice \u00e0 Dunkerque, je r\u00e9alise des dessins personnalis\u00e9s, vente d'affiches et de cadres, dessins du carnaval et des moments du quotidien. Street art, ateliers de dessins collectifs.","legalName":"EveryDay Raquel","foundingDate":"2020-07-27","numberOfEmployees":{"@type":"QuantitativeValue","minValue":"1","maxValue":"10"},"address":{"@id":"https:\/\/everydayraquel.com\/evenements\/cache-cache-festival-un-evenement-de-agitateurs-public\/#local-main-place-address"},"telephone":[],"openingHoursSpecification":[{"@type":"OpeningHoursSpecification","dayOfWeek":["Monday","Tuesday","Wednesday","Thursday","Friday"],"opens":"09:30","closes":"18:00"},{"@type":"OpeningHoursSpecification","dayOfWeek":["Saturday"],"opens":"10:00","closes":"12:00"},{"@type":"OpeningHoursSpecification","dayOfWeek":["Sunday"],"opens":"00:00","closes":"00:00"}],"email":"contact@everydayraquel.com","areaServed":"Dunkerque, Grande-Synthe, Bergues, Calais, Hazebrouck, Lille,","priceRange":"$$","currenciesAccepted":"Euro","paymentAccepted":"CB, liquide, cash, carte bancaire"},{"@type":"PostalAddress","@id":"https:\/\/everydayraquel.com\/evenements\/cache-cache-festival-un-evenement-de-agitateurs-public\/#local-main-place-address","streetAddress":"Rue Winston Churchill","addressLocality":"Dunkerque","postalCode":"59240","addressCountry":"FR"},{"@type":"ImageObject","inLanguage":"en-GB","@id":"https:\/\/everydayraquel.com\/evenements\/cache-cache-festival-un-evenement-de-agitateurs-public\/#local-main-organization-logo","url":"https:\/\/everydayraquel.com\/wp-content\/uploads\/2020\/11\/everydayraquel_logo_mirroir.png","contentUrl":"https:\/\/everydayraquel.com\/wp-content\/uploads\/2020\/11\/everydayraquel_logo_mirroir.png","width":670,"height":290,"caption":"Everyday Raquel"}]},"geo.placename":"Dunkerque","geo.region":"France"},"_links":{"self":[{"href":"https:\/\/everydayraquel.com\/en\/wp-json\/wp\/v2\/mec-events\/5593","targetHints":{"allow":["GET"]}}],"collection":[{"href":"https:\/\/everydayraquel.com\/en\/wp-json\/wp\/v2\/mec-events"}],"about":[{"href":"https:\/\/everydayraquel.com\/en\/wp-json\/wp\/v2\/types\/mec-events"}],"author":[{"embeddable":true,"href":"https:\/\/everydayraquel.com\/en\/wp-json\/wp\/v2\/users\/1"}],"replies":[{"embeddable":true,"href":"https:\/\/everydayraquel.com\/en\/wp-json\/wp\/v2\/comments?post=5593"}],"wp:featuredmedia":[{"embeddable":true,"href":"https:\/\/everydayraquel.com\/en\/wp-json\/wp\/v2\/media\/5594"}],"wp:attachment":[{"href":"https:\/\/everydayraquel.com\/en\/wp-json\/wp\/v2\/media?parent=5593"}],"wp:term":[{"taxonomy":"post_tag","embeddable":true,"href":"https:\/\/everydayraquel.com\/en\/wp-json\/wp\/v2\/tags?post=5593"},{"taxonomy":"mec_category","embeddable":true,"href":"https:\/\/everydayraquel.com\/en\/wp-json\/wp\/v2\/mec_category?post=5593"}],"curies":[{"name":"wp","href":"https:\/\/api.w.org\/{rel}","templated":true}]}}