{"id":5590,"date":"2026-04-29T08:46:27","date_gmt":"2026-04-29T06:46:27","guid":{"rendered":"https:\/\/everydayraquel.com\/?post_type=mec-events&#038;p=5590"},"modified":"2026-04-29T08:46:27","modified_gmt":"2026-04-29T06:46:27","slug":"dedicaces-du-livre-un-invite-a-la-bande-des-pecheurs-a-la-librairie-dunkerque","status":"publish","type":"mec-events","link":"https:\/\/everydayraquel.com\/en\/evenements\/dedicaces-du-livre-un-invite-a-la-bande-des-pecheurs-a-la-librairie-dunkerque\/","title":{"rendered":"D\u00e9dicaces du livre \u00ab\u00a0Un invit\u00e9 \u00e0 la bande des p\u00eacheurs\u00a0\u00bb \u00e0 La Librairie &#8211; Dunkerque"},"content":{"rendered":"<div dir=\"auto\">Cette apr\u00e8s-midi je serai avec C\u00e9line Canis \u00e0 La Libraire &#8211; Dunkerque pour pr\u00e9senter et d\u00e9dicacer un nouveau livre <span class=\"html-span xexx8yu xyri2b x18d9i69 x1c1uobl x1hl2dhg x16tdsg8 x1vvkbs x3nfvp2 x1j61x8r x1fcty0u xdj266r xat24cr xm2jcoa x1mpyi22 xxymvpz xlup9mm x1kky2od\"><img decoding=\"async\" class=\"xz74otr x15mokao x1ga7v0g x16uus16 xbiv7yw\" src=\"https:\/\/static.xx.fbcdn.net\/images\/emoji.php\/v9\/t3d\/2\/16\/1f4d6.png\" alt=\"\ud83d\udcd6\" width=\"16\" height=\"16\" \/><\/span><\/div>\n<div dir=\"auto\">\u00ab\u00a0Un invit\u00e9 \u00e0 la bande des p\u00eacheurs\u00a0\u00bb est un album illustr\u00e9 pour enfants dans l&rsquo;univers du Carnaval de Dunkerque <span class=\"html-span xexx8yu xyri2b x18d9i69 x1c1uobl x1hl2dhg x16tdsg8 x1vvkbs x3nfvp2 x1j61x8r x1fcty0u xdj266r xat24cr xm2jcoa x1mpyi22 xxymvpz xlup9mm x1kky2od\"><img decoding=\"async\" class=\"xz74otr x15mokao x1ga7v0g x16uus16 xbiv7yw\" src=\"https:\/\/static.xx.fbcdn.net\/images\/emoji.php\/v9\/tf0\/2\/16\/2602.png\" alt=\"\u2602\" width=\"16\" height=\"16\" \/><\/span><span class=\"html-span xexx8yu xyri2b x18d9i69 x1c1uobl x1hl2dhg x16tdsg8 x1vvkbs x3nfvp2 x1j61x8r x1fcty0u xdj266r xat24cr xm2jcoa x1mpyi22 xxymvpz xlup9mm x1kky2od\"><img decoding=\"async\" class=\"xz74otr x15mokao x1ga7v0g x16uus16 xbiv7yw\" src=\"https:\/\/static.xx.fbcdn.net\/images\/emoji.php\/v9\/tc0\/2\/16\/1f41f.png\" alt=\"\ud83d\udc1f\" width=\"16\" height=\"16\" \/><\/span><\/div>\n<div dir=\"auto\">Tous les dessins dans ce livre sont faits au feutre en technique traditionnelle <span class=\"html-span xexx8yu xyri2b x18d9i69 x1c1uobl x1hl2dhg x16tdsg8 x1vvkbs x3nfvp2 x1j61x8r x1fcty0u xdj266r xat24cr xm2jcoa x1mpyi22 xxymvpz xlup9mm x1kky2od\"><img loading=\"lazy\" decoding=\"async\" class=\"xz74otr x15mokao x1ga7v0g x16uus16 xbiv7yw\" src=\"https:\/\/static.xx.fbcdn.net\/images\/emoji.php\/v9\/t21\/2\/16\/1f3a8.png\" alt=\"\ud83c\udfa8\" width=\"16\" height=\"16\" \/><\/span><\/div>\n<div dir=\"auto\">Passez nous rencontrer dans l&rsquo;apr\u00e8s-midi et d\u00e9couvrir le livre \u00e0 La Librairie<\/div>\n<div dir=\"auto\"><span class=\"html-span xexx8yu xyri2b x18d9i69 x1c1uobl x1hl2dhg x16tdsg8 x1vvkbs x3nfvp2 x1j61x8r x1fcty0u xdj266r xat24cr xm2jcoa x1mpyi22 xxymvpz xlup9mm x1kky2od\"><img loading=\"lazy\" decoding=\"async\" class=\"xz74otr x15mokao x1ga7v0g x16uus16 xbiv7yw\" src=\"https:\/\/static.xx.fbcdn.net\/images\/emoji.php\/v9\/tcc\/2\/16\/1f4cd.png\" alt=\"\ud83d\udccd\" width=\"16\" height=\"16\" \/><\/span>33 Rue Emmery, 59140 Dunkerque<\/div>","protected":false},"excerpt":{"rendered":"<p>Cette apr\u00e8s-midi je serai avec C\u00e9line Canis \u00e0 La Libraire &#8211; Dunkerque pour pr\u00e9senter et d\u00e9dicacer un nouveau livre \u00ab\u00a0Un invit\u00e9 \u00e0 la bande des p\u00eacheurs\u00a0\u00bb est un album illustr\u00e9 pour enfants dans l&rsquo;univers du Carnaval de Dunkerque Tous les dessins dans ce livre sont faits au feutre en technique traditionnelle Passez nous rencontrer dans [&hellip;]<\/p>\n","protected":false},"author":1,"featured_media":5591,"comment_status":"closed","ping_status":"closed","template":"","meta":{"site-sidebar-layout":"default","site-content-layout":"","ast-site-content-layout":"default","site-content-style":"default","site-sidebar-style":"default","ast-global-header-display":"","ast-banner-title-visibility":"","ast-main-header-display":"","ast-hfb-above-header-display":"","ast-hfb-below-header-display":"","ast-hfb-mobile-header-display":"","site-post-title":"","ast-breadcrumbs-content":"","ast-featured-img":"","footer-sml-layout":"","ast-disable-related-posts":"","theme-transparent-header-meta":"default","adv-header-id-meta":"","stick-header-meta":"","header-above-stick-meta":"","header-main-stick-meta":"","header-below-stick-meta":"","astra-migrate-meta-layouts":"set","ast-page-background-enabled":"default","ast-page-background-meta":{"desktop":{"background-color":"","background-image":"","background-repeat":"repeat","background-position":"center center","background-size":"auto","background-attachment":"scroll","background-type":"","background-media":"","overlay-type":"","overlay-color":"","overlay-opacity":"","overlay-gradient":""},"tablet":{"background-color":"","background-image":"","background-repeat":"repeat","background-position":"center center","background-size":"auto","background-attachment":"scroll","background-type":"","background-media":"","overlay-type":"","overlay-color":"","overlay-opacity":"","overlay-gradient":""},"mobile":{"background-color":"","background-image":"","background-repeat":"repeat","background-position":"center center","background-size":"auto","background-attachment":"scroll","background-type":"","background-media":"","overlay-type":"","overlay-color":"","overlay-opacity":"","overlay-gradient":""}},"ast-content-background-meta":{"desktop":{"background-color":"var(--ast-global-color-5)","background-image":"","background-repeat":"repeat","background-position":"center center","background-size":"auto","background-attachment":"scroll","background-type":"","background-media":"","overlay-type":"","overlay-color":"","overlay-opacity":"","overlay-gradient":""},"tablet":{"background-color":"var(--ast-global-color-5)","background-image":"","background-repeat":"repeat","background-position":"center center","background-size":"auto","background-attachment":"scroll","background-type":"","background-media":"","overlay-type":"","overlay-color":"","overlay-opacity":"","overlay-gradient":""},"mobile":{"background-color":"var(--ast-global-color-5)","background-image":"","background-repeat":"repeat","background-position":"center center","background-size":"auto","background-attachment":"scroll","background-type":"","background-media":"","overlay-type":"","overlay-color":"","overlay-opacity":"","overlay-gradient":""}}},"tags":[],"mec_category":[],"class_list":["post-5590","mec-events","type-mec-events","status-publish","has-post-thumbnail","hentry"],"yoast_head":"<title>D\u00e9dicaces du livre &quot;Un invit\u00e9 \u00e0 la bande des p\u00eacheurs&quot; \u00e0 La Librairie - Dunkerque &#8211; EverydayRaquel<\/title>\n<meta name=\"robots\" content=\"index, follow, max-snippet:-1, max-image-preview:large, max-video-preview:-1\" \/>\n<link rel=\"canonical\" href=\"https:\/\/everydayraquel.com\/en\/evenements\/dedicaces-du-livre-un-invite-a-la-bande-des-pecheurs-a-la-librairie-dunkerque\/\" \/>\n<meta property=\"og:locale\" content=\"en_GB\" \/>\n<meta property=\"og:type\" content=\"article\" \/>\n<meta property=\"og:title\" content=\"D\u00e9dicaces du livre &quot;Un invit\u00e9 \u00e0 la bande des p\u00eacheurs&quot; \u00e0 La Librairie - Dunkerque\" \/>\n<meta property=\"og:description\" content=\"Cette apr\u00e8s-midi je serai avec C\u00e9line Canis \u00e0 La Libraire &#8211; Dunkerque pour pr\u00e9senter et d\u00e9dicacer un nouveau livre \u00ab\u00a0Un invit\u00e9 \u00e0 la bande des p\u00eacheurs\u00a0\u00bb est un album illustr\u00e9 pour enfants dans l&rsquo;univers du Carnaval de Dunkerque Tous les dessins dans ce livre sont faits au feutre en technique traditionnelle Passez nous rencontrer dans [&hellip;]\" \/>\n<meta property=\"og:url\" content=\"https:\/\/everydayraquel.com\/en\/evenements\/dedicaces-du-livre-un-invite-a-la-bande-des-pecheurs-a-la-librairie-dunkerque\/\" \/>\n<meta property=\"og:site_name\" content=\"EverydayRaquel\" \/>\n<meta property=\"article:publisher\" content=\"https:\/\/www.facebook.com\/everydayraquel\/\" \/>\n<meta property=\"og:image\" content=\"https:\/\/everydayraquel.com\/wp-content\/uploads\/2026\/04\/un-invite-a-la-bande-de-pecheurs-Couverture.jpeg\" \/>\n\t<meta property=\"og:image:width\" content=\"1200\" \/>\n\t<meta property=\"og:image:height\" content=\"848\" \/>\n\t<meta property=\"og:image:type\" content=\"image\/jpeg\" \/>\n<meta name=\"twitter:card\" content=\"summary_large_image\" \/>\n<meta name=\"twitter:label1\" content=\"Estimated reading time\" \/>\n\t<meta name=\"twitter:data1\" content=\"2 minutes\" \/>\n<script type=\"application\/ld+json\" class=\"yoast-schema-graph\">{\"@context\":\"https:\/\/schema.org\",\"@graph\":[{\"@type\":\"WebPage\",\"@id\":\"https:\/\/everydayraquel.com\/evenements\/dedicaces-du-livre-un-invite-a-la-bande-des-pecheurs-a-la-librairie-dunkerque\/\",\"url\":\"https:\/\/everydayraquel.com\/evenements\/dedicaces-du-livre-un-invite-a-la-bande-des-pecheurs-a-la-librairie-dunkerque\/\",\"name\":\"D\u00e9dicaces du livre \\\"Un invit\u00e9 \u00e0 la bande des p\u00eacheurs\\\" \u00e0 La Librairie - Dunkerque &#8211; EverydayRaquel\",\"isPartOf\":{\"@id\":\"https:\/\/everydayraquel.com\/#website\"},\"primaryImageOfPage\":{\"@id\":\"https:\/\/everydayraquel.com\/evenements\/dedicaces-du-livre-un-invite-a-la-bande-des-pecheurs-a-la-librairie-dunkerque\/#primaryimage\"},\"image\":{\"@id\":\"https:\/\/everydayraquel.com\/evenements\/dedicaces-du-livre-un-invite-a-la-bande-des-pecheurs-a-la-librairie-dunkerque\/#primaryimage\"},\"thumbnailUrl\":\"https:\/\/everydayraquel.com\/wp-content\/uploads\/2026\/04\/un-invite-a-la-bande-de-pecheurs-Couverture.jpeg\",\"datePublished\":\"2026-04-29T06:46:27+00:00\",\"breadcrumb\":{\"@id\":\"https:\/\/everydayraquel.com\/evenements\/dedicaces-du-livre-un-invite-a-la-bande-des-pecheurs-a-la-librairie-dunkerque\/#breadcrumb\"},\"inLanguage\":\"en-GB\",\"potentialAction\":[{\"@type\":\"ReadAction\",\"target\":[\"https:\/\/everydayraquel.com\/evenements\/dedicaces-du-livre-un-invite-a-la-bande-des-pecheurs-a-la-librairie-dunkerque\/\"]}]},{\"@type\":\"ImageObject\",\"inLanguage\":\"en-GB\",\"@id\":\"https:\/\/everydayraquel.com\/evenements\/dedicaces-du-livre-un-invite-a-la-bande-des-pecheurs-a-la-librairie-dunkerque\/#primaryimage\",\"url\":\"https:\/\/everydayraquel.com\/wp-content\/uploads\/2026\/04\/un-invite-a-la-bande-de-pecheurs-Couverture.jpeg\",\"contentUrl\":\"https:\/\/everydayraquel.com\/wp-content\/uploads\/2026\/04\/un-invite-a-la-bande-de-pecheurs-Couverture.jpeg\",\"width\":1200,\"height\":848},{\"@type\":\"BreadcrumbList\",\"@id\":\"https:\/\/everydayraquel.com\/evenements\/dedicaces-du-livre-un-invite-a-la-bande-des-pecheurs-a-la-librairie-dunkerque\/#breadcrumb\",\"itemListElement\":[{\"@type\":\"ListItem\",\"position\":1,\"name\":\"Accueil\",\"item\":\"https:\/\/everydayraquel.com\/\"},{\"@type\":\"ListItem\",\"position\":2,\"name\":\"Events\",\"item\":\"https:\/\/everydayraquel.com\/events\/\"},{\"@type\":\"ListItem\",\"position\":3,\"name\":\"D\u00e9dicaces du livre \u00ab\u00a0Un invit\u00e9 \u00e0 la bande des p\u00eacheurs\u00a0\u00bb \u00e0 La Librairie &#8211; Dunkerque\"}]},{\"@type\":\"WebSite\",\"@id\":\"https:\/\/everydayraquel.com\/#website\",\"url\":\"https:\/\/everydayraquel.com\/\",\"name\":\"EverydayRaquel Art et Illustration\",\"description\":\"Un jour, un dessin\",\"publisher\":{\"@id\":\"https:\/\/everydayraquel.com\/#organization\"},\"alternateName\":\"Artiste Everyday Raquel\",\"potentialAction\":[{\"@type\":\"SearchAction\",\"target\":{\"@type\":\"EntryPoint\",\"urlTemplate\":\"https:\/\/everydayraquel.com\/?s={search_term_string}\"},\"query-input\":{\"@type\":\"PropertyValueSpecification\",\"valueRequired\":true,\"valueName\":\"search_term_string\"}}],\"inLanguage\":\"en-GB\"},{\"@type\":[\"Organization\",\"Place\",\"ArtGallery\"],\"@id\":\"https:\/\/everydayraquel.com\/#organization\",\"name\":\"Everyday Raquel\",\"alternateName\":\"Raquel Artiste Dunkerque\",\"url\":\"https:\/\/everydayraquel.com\/\",\"logo\":{\"@id\":\"https:\/\/everydayraquel.com\/evenements\/dedicaces-du-livre-un-invite-a-la-bande-des-pecheurs-a-la-librairie-dunkerque\/#local-main-organization-logo\"},\"image\":{\"@id\":\"https:\/\/everydayraquel.com\/evenements\/dedicaces-du-livre-un-invite-a-la-bande-des-pecheurs-a-la-librairie-dunkerque\/#local-main-organization-logo\"},\"sameAs\":[\"https:\/\/www.facebook.com\/everydayraquel\/\",\"https:\/\/www.instagram.com\/everydayraquel\/\"],\"description\":\"Artiste et illustratrice \u00e0 Dunkerque, je r\u00e9alise des dessins personnalis\u00e9s, vente d'affiches et de cadres, dessins du carnaval et des moments du quotidien. Street art, ateliers de dessins collectifs.\",\"legalName\":\"EveryDay Raquel\",\"foundingDate\":\"2020-07-27\",\"numberOfEmployees\":{\"@type\":\"QuantitativeValue\",\"minValue\":\"1\",\"maxValue\":\"10\"},\"address\":{\"@id\":\"https:\/\/everydayraquel.com\/evenements\/dedicaces-du-livre-un-invite-a-la-bande-des-pecheurs-a-la-librairie-dunkerque\/#local-main-place-address\"},\"telephone\":[],\"openingHoursSpecification\":[{\"@type\":\"OpeningHoursSpecification\",\"dayOfWeek\":[\"Monday\",\"Tuesday\",\"Wednesday\",\"Thursday\",\"Friday\"],\"opens\":\"09:30\",\"closes\":\"18:00\"},{\"@type\":\"OpeningHoursSpecification\",\"dayOfWeek\":[\"Saturday\"],\"opens\":\"10:00\",\"closes\":\"12:00\"},{\"@type\":\"OpeningHoursSpecification\",\"dayOfWeek\":[\"Sunday\"],\"opens\":\"00:00\",\"closes\":\"00:00\"}],\"email\":\"contact@everydayraquel.com\",\"areaServed\":\"Dunkerque, Grande-Synthe, Bergues, Calais, Hazebrouck, Lille,\",\"priceRange\":\"$$\",\"currenciesAccepted\":\"Euro\",\"paymentAccepted\":\"CB, liquide, cash, carte bancaire\"},{\"@type\":\"PostalAddress\",\"@id\":\"https:\/\/everydayraquel.com\/evenements\/dedicaces-du-livre-un-invite-a-la-bande-des-pecheurs-a-la-librairie-dunkerque\/#local-main-place-address\",\"streetAddress\":\"Rue Winston Churchill\",\"addressLocality\":\"Dunkerque\",\"postalCode\":\"59240\",\"addressCountry\":\"FR\"},{\"@type\":\"ImageObject\",\"inLanguage\":\"en-GB\",\"@id\":\"https:\/\/everydayraquel.com\/evenements\/dedicaces-du-livre-un-invite-a-la-bande-des-pecheurs-a-la-librairie-dunkerque\/#local-main-organization-logo\",\"url\":\"https:\/\/everydayraquel.com\/wp-content\/uploads\/2020\/11\/everydayraquel_logo_mirroir.png\",\"contentUrl\":\"https:\/\/everydayraquel.com\/wp-content\/uploads\/2020\/11\/everydayraquel_logo_mirroir.png\",\"width\":670,\"height\":290,\"caption\":\"Everyday Raquel\"}]}<\/script>\n<meta name=\"geo.placename\" content=\"Dunkerque\" \/>\n<meta name=\"geo.region\" content=\"France\" \/>","yoast_head_json":{"title":"D\u00e9dicaces du livre \"Un invit\u00e9 \u00e0 la bande des p\u00eacheurs\" \u00e0 La Librairie - Dunkerque &#8211; EverydayRaquel","robots":{"index":"index","follow":"follow","max-snippet":"max-snippet:-1","max-image-preview":"max-image-preview:large","max-video-preview":"max-video-preview:-1"},"canonical":"https:\/\/everydayraquel.com\/en\/evenements\/dedicaces-du-livre-un-invite-a-la-bande-des-pecheurs-a-la-librairie-dunkerque\/","og_locale":"en_GB","og_type":"article","og_title":"D\u00e9dicaces du livre \"Un invit\u00e9 \u00e0 la bande des p\u00eacheurs\" \u00e0 La Librairie - Dunkerque","og_description":"Cette apr\u00e8s-midi je serai avec C\u00e9line Canis \u00e0 La Libraire &#8211; Dunkerque pour pr\u00e9senter et d\u00e9dicacer un nouveau livre \u00ab\u00a0Un invit\u00e9 \u00e0 la bande des p\u00eacheurs\u00a0\u00bb est un album illustr\u00e9 pour enfants dans l&rsquo;univers du Carnaval de Dunkerque Tous les dessins dans ce livre sont faits au feutre en technique traditionnelle Passez nous rencontrer dans [&hellip;]","og_url":"https:\/\/everydayraquel.com\/en\/evenements\/dedicaces-du-livre-un-invite-a-la-bande-des-pecheurs-a-la-librairie-dunkerque\/","og_site_name":"EverydayRaquel","article_publisher":"https:\/\/www.facebook.com\/everydayraquel\/","og_image":[{"width":1200,"height":848,"url":"https:\/\/everydayraquel.com\/wp-content\/uploads\/2026\/04\/un-invite-a-la-bande-de-pecheurs-Couverture.jpeg","type":"image\/jpeg"}],"twitter_card":"summary_large_image","twitter_misc":{"Estimated reading time":"2 minutes"},"schema":{"@context":"https:\/\/schema.org","@graph":[{"@type":"WebPage","@id":"https:\/\/everydayraquel.com\/evenements\/dedicaces-du-livre-un-invite-a-la-bande-des-pecheurs-a-la-librairie-dunkerque\/","url":"https:\/\/everydayraquel.com\/evenements\/dedicaces-du-livre-un-invite-a-la-bande-des-pecheurs-a-la-librairie-dunkerque\/","name":"D\u00e9dicaces du livre \"Un invit\u00e9 \u00e0 la bande des p\u00eacheurs\" \u00e0 La Librairie - Dunkerque &#8211; EverydayRaquel","isPartOf":{"@id":"https:\/\/everydayraquel.com\/#website"},"primaryImageOfPage":{"@id":"https:\/\/everydayraquel.com\/evenements\/dedicaces-du-livre-un-invite-a-la-bande-des-pecheurs-a-la-librairie-dunkerque\/#primaryimage"},"image":{"@id":"https:\/\/everydayraquel.com\/evenements\/dedicaces-du-livre-un-invite-a-la-bande-des-pecheurs-a-la-librairie-dunkerque\/#primaryimage"},"thumbnailUrl":"https:\/\/everydayraquel.com\/wp-content\/uploads\/2026\/04\/un-invite-a-la-bande-de-pecheurs-Couverture.jpeg","datePublished":"2026-04-29T06:46:27+00:00","breadcrumb":{"@id":"https:\/\/everydayraquel.com\/evenements\/dedicaces-du-livre-un-invite-a-la-bande-des-pecheurs-a-la-librairie-dunkerque\/#breadcrumb"},"inLanguage":"en-GB","potentialAction":[{"@type":"ReadAction","target":["https:\/\/everydayraquel.com\/evenements\/dedicaces-du-livre-un-invite-a-la-bande-des-pecheurs-a-la-librairie-dunkerque\/"]}]},{"@type":"ImageObject","inLanguage":"en-GB","@id":"https:\/\/everydayraquel.com\/evenements\/dedicaces-du-livre-un-invite-a-la-bande-des-pecheurs-a-la-librairie-dunkerque\/#primaryimage","url":"https:\/\/everydayraquel.com\/wp-content\/uploads\/2026\/04\/un-invite-a-la-bande-de-pecheurs-Couverture.jpeg","contentUrl":"https:\/\/everydayraquel.com\/wp-content\/uploads\/2026\/04\/un-invite-a-la-bande-de-pecheurs-Couverture.jpeg","width":1200,"height":848},{"@type":"BreadcrumbList","@id":"https:\/\/everydayraquel.com\/evenements\/dedicaces-du-livre-un-invite-a-la-bande-des-pecheurs-a-la-librairie-dunkerque\/#breadcrumb","itemListElement":[{"@type":"ListItem","position":1,"name":"Accueil","item":"https:\/\/everydayraquel.com\/"},{"@type":"ListItem","position":2,"name":"Events","item":"https:\/\/everydayraquel.com\/events\/"},{"@type":"ListItem","position":3,"name":"D\u00e9dicaces du livre \u00ab\u00a0Un invit\u00e9 \u00e0 la bande des p\u00eacheurs\u00a0\u00bb \u00e0 La Librairie &#8211; Dunkerque"}]},{"@type":"WebSite","@id":"https:\/\/everydayraquel.com\/#website","url":"https:\/\/everydayraquel.com\/","name":"EverydayRaquel Art et Illustration","description":"Un jour, un dessin","publisher":{"@id":"https:\/\/everydayraquel.com\/#organization"},"alternateName":"Artiste Everyday Raquel","potentialAction":[{"@type":"SearchAction","target":{"@type":"EntryPoint","urlTemplate":"https:\/\/everydayraquel.com\/?s={search_term_string}"},"query-input":{"@type":"PropertyValueSpecification","valueRequired":true,"valueName":"search_term_string"}}],"inLanguage":"en-GB"},{"@type":["Organization","Place","ArtGallery"],"@id":"https:\/\/everydayraquel.com\/#organization","name":"Everyday Raquel","alternateName":"Raquel Artiste Dunkerque","url":"https:\/\/everydayraquel.com\/","logo":{"@id":"https:\/\/everydayraquel.com\/evenements\/dedicaces-du-livre-un-invite-a-la-bande-des-pecheurs-a-la-librairie-dunkerque\/#local-main-organization-logo"},"image":{"@id":"https:\/\/everydayraquel.com\/evenements\/dedicaces-du-livre-un-invite-a-la-bande-des-pecheurs-a-la-librairie-dunkerque\/#local-main-organization-logo"},"sameAs":["https:\/\/www.facebook.com\/everydayraquel\/","https:\/\/www.instagram.com\/everydayraquel\/"],"description":"Artiste et illustratrice \u00e0 Dunkerque, je r\u00e9alise des dessins personnalis\u00e9s, vente d'affiches et de cadres, dessins du carnaval et des moments du quotidien. Street art, ateliers de dessins collectifs.","legalName":"EveryDay Raquel","foundingDate":"2020-07-27","numberOfEmployees":{"@type":"QuantitativeValue","minValue":"1","maxValue":"10"},"address":{"@id":"https:\/\/everydayraquel.com\/evenements\/dedicaces-du-livre-un-invite-a-la-bande-des-pecheurs-a-la-librairie-dunkerque\/#local-main-place-address"},"telephone":[],"openingHoursSpecification":[{"@type":"OpeningHoursSpecification","dayOfWeek":["Monday","Tuesday","Wednesday","Thursday","Friday"],"opens":"09:30","closes":"18:00"},{"@type":"OpeningHoursSpecification","dayOfWeek":["Saturday"],"opens":"10:00","closes":"12:00"},{"@type":"OpeningHoursSpecification","dayOfWeek":["Sunday"],"opens":"00:00","closes":"00:00"}],"email":"contact@everydayraquel.com","areaServed":"Dunkerque, Grande-Synthe, Bergues, Calais, Hazebrouck, Lille,","priceRange":"$$","currenciesAccepted":"Euro","paymentAccepted":"CB, liquide, cash, carte bancaire"},{"@type":"PostalAddress","@id":"https:\/\/everydayraquel.com\/evenements\/dedicaces-du-livre-un-invite-a-la-bande-des-pecheurs-a-la-librairie-dunkerque\/#local-main-place-address","streetAddress":"Rue Winston Churchill","addressLocality":"Dunkerque","postalCode":"59240","addressCountry":"FR"},{"@type":"ImageObject","inLanguage":"en-GB","@id":"https:\/\/everydayraquel.com\/evenements\/dedicaces-du-livre-un-invite-a-la-bande-des-pecheurs-a-la-librairie-dunkerque\/#local-main-organization-logo","url":"https:\/\/everydayraquel.com\/wp-content\/uploads\/2020\/11\/everydayraquel_logo_mirroir.png","contentUrl":"https:\/\/everydayraquel.com\/wp-content\/uploads\/2020\/11\/everydayraquel_logo_mirroir.png","width":670,"height":290,"caption":"Everyday Raquel"}]},"geo.placename":"Dunkerque","geo.region":"France"},"_links":{"self":[{"href":"https:\/\/everydayraquel.com\/en\/wp-json\/wp\/v2\/mec-events\/5590","targetHints":{"allow":["GET"]}}],"collection":[{"href":"https:\/\/everydayraquel.com\/en\/wp-json\/wp\/v2\/mec-events"}],"about":[{"href":"https:\/\/everydayraquel.com\/en\/wp-json\/wp\/v2\/types\/mec-events"}],"author":[{"embeddable":true,"href":"https:\/\/everydayraquel.com\/en\/wp-json\/wp\/v2\/users\/1"}],"replies":[{"embeddable":true,"href":"https:\/\/everydayraquel.com\/en\/wp-json\/wp\/v2\/comments?post=5590"}],"wp:featuredmedia":[{"embeddable":true,"href":"https:\/\/everydayraquel.com\/en\/wp-json\/wp\/v2\/media\/5591"}],"wp:attachment":[{"href":"https:\/\/everydayraquel.com\/en\/wp-json\/wp\/v2\/media?parent=5590"}],"wp:term":[{"taxonomy":"post_tag","embeddable":true,"href":"https:\/\/everydayraquel.com\/en\/wp-json\/wp\/v2\/tags?post=5590"},{"taxonomy":"mec_category","embeddable":true,"href":"https:\/\/everydayraquel.com\/en\/wp-json\/wp\/v2\/mec_category?post=5590"}],"curies":[{"name":"wp","href":"https:\/\/api.w.org\/{rel}","templated":true}]}}