{"id":5490,"date":"2025-11-03T16:19:34","date_gmt":"2025-11-03T15:19:34","guid":{"rendered":"https:\/\/everydayraquel.com\/?post_type=mec-events&#038;p=5490"},"modified":"2025-11-05T11:34:22","modified_gmt":"2025-11-05T10:34:22","slug":"realisation-dune-fresque-a-la-residence-jestin-teteghem","status":"publish","type":"mec-events","link":"https:\/\/everydayraquel.com\/en\/evenements\/realisation-dune-fresque-a-la-residence-jestin-teteghem\/","title":{"rendered":"R\u00e9alisation d&rsquo;une fresque \u00e0 la r\u00e9sidence Jestin, T\u00e9teghem"},"content":{"rendered":"<p>En collaboration avec le bailleur Flandres Opale Habitat, je r\u00e9alise une fresque \u00e0 l&rsquo;entr\u00e9e de la r\u00e9sidence Jestin \u00e0 T\u00e9teghem.<\/p>\n<p>Par la proximit\u00e9 de la r\u00e9sidence avec le canal de Furnes, nous avons d\u00e9cid\u00e9 en concertation avec les habitats, de faire une fresque sur la th\u00e9mathique de l&rsquo;eau.<\/p>\n<p>Sur le graff figureront des creatures aquatiques,\u00a0 les motifs de vagues et des corails : tout en couleurs.<\/p>\n<p>Pendant cette semaine vous pourrez passer voir la fresque en pleine r\u00e9alisation ainsi que participer si vous le souhaitez dans le remplissage des couleurs de la fresque.<\/p>","protected":false},"excerpt":{"rendered":"<p>En collaboration avec le bailleur Flandres Opale Habitat, je r\u00e9alise une fresque \u00e0 l&rsquo;entr\u00e9e de la r\u00e9sidence Jestin \u00e0 T\u00e9teghem. Par la proximit\u00e9 de la r\u00e9sidence avec le canal de Furnes, nous avons d\u00e9cid\u00e9 en concertation avec les habitats, de faire une fresque sur la th\u00e9mathique de l&rsquo;eau. Sur le graff figureront des creatures aquatiques,\u00a0 [&hellip;]<\/p>\n","protected":false},"author":1,"featured_media":5491,"comment_status":"closed","ping_status":"closed","template":"","meta":{"site-sidebar-layout":"default","site-content-layout":"","ast-site-content-layout":"default","site-content-style":"default","site-sidebar-style":"default","ast-global-header-display":"","ast-banner-title-visibility":"","ast-main-header-display":"","ast-hfb-above-header-display":"","ast-hfb-below-header-display":"","ast-hfb-mobile-header-display":"","site-post-title":"","ast-breadcrumbs-content":"","ast-featured-img":"","footer-sml-layout":"","ast-disable-related-posts":"","theme-transparent-header-meta":"default","adv-header-id-meta":"","stick-header-meta":"","header-above-stick-meta":"","header-main-stick-meta":"","header-below-stick-meta":"","astra-migrate-meta-layouts":"set","ast-page-background-enabled":"default","ast-page-background-meta":{"desktop":{"background-color":"","background-image":"","background-repeat":"repeat","background-position":"center center","background-size":"auto","background-attachment":"scroll","background-type":"","background-media":"","overlay-type":"","overlay-color":"","overlay-opacity":"","overlay-gradient":""},"tablet":{"background-color":"","background-image":"","background-repeat":"repeat","background-position":"center center","background-size":"auto","background-attachment":"scroll","background-type":"","background-media":"","overlay-type":"","overlay-color":"","overlay-opacity":"","overlay-gradient":""},"mobile":{"background-color":"","background-image":"","background-repeat":"repeat","background-position":"center center","background-size":"auto","background-attachment":"scroll","background-type":"","background-media":"","overlay-type":"","overlay-color":"","overlay-opacity":"","overlay-gradient":""}},"ast-content-background-meta":{"desktop":{"background-color":"var(--ast-global-color-5)","background-image":"","background-repeat":"repeat","background-position":"center center","background-size":"auto","background-attachment":"scroll","background-type":"","background-media":"","overlay-type":"","overlay-color":"","overlay-opacity":"","overlay-gradient":""},"tablet":{"background-color":"var(--ast-global-color-5)","background-image":"","background-repeat":"repeat","background-position":"center center","background-size":"auto","background-attachment":"scroll","background-type":"","background-media":"","overlay-type":"","overlay-color":"","overlay-opacity":"","overlay-gradient":""},"mobile":{"background-color":"var(--ast-global-color-5)","background-image":"","background-repeat":"repeat","background-position":"center center","background-size":"auto","background-attachment":"scroll","background-type":"","background-media":"","overlay-type":"","overlay-color":"","overlay-opacity":"","overlay-gradient":""}}},"tags":[],"mec_category":[],"class_list":["post-5490","mec-events","type-mec-events","status-publish","has-post-thumbnail","hentry"],"yoast_head":"<title>R\u00e9alisation d&#039;une fresque \u00e0 la r\u00e9sidence Jestin, T\u00e9teghem &#8211; EverydayRaquel<\/title>\n<meta name=\"robots\" content=\"index, follow, max-snippet:-1, max-image-preview:large, max-video-preview:-1\" \/>\n<link rel=\"canonical\" href=\"https:\/\/everydayraquel.com\/en\/evenements\/realisation-dune-fresque-a-la-residence-jestin-teteghem\/\" \/>\n<meta property=\"og:locale\" content=\"en_GB\" \/>\n<meta property=\"og:type\" content=\"article\" \/>\n<meta property=\"og:title\" content=\"R\u00e9alisation d&#039;une fresque \u00e0 la r\u00e9sidence Jestin, T\u00e9teghem\" \/>\n<meta property=\"og:description\" content=\"En collaboration avec le bailleur Flandres Opale Habitat, je r\u00e9alise une fresque \u00e0 l&rsquo;entr\u00e9e de la r\u00e9sidence Jestin \u00e0 T\u00e9teghem. Par la proximit\u00e9 de la r\u00e9sidence avec le canal de Furnes, nous avons d\u00e9cid\u00e9 en concertation avec les habitats, de faire une fresque sur la th\u00e9mathique de l&rsquo;eau. Sur le graff figureront des creatures aquatiques,\u00a0 [&hellip;]\" \/>\n<meta property=\"og:url\" content=\"https:\/\/everydayraquel.com\/en\/evenements\/realisation-dune-fresque-a-la-residence-jestin-teteghem\/\" \/>\n<meta property=\"og:site_name\" content=\"EverydayRaquel\" \/>\n<meta property=\"article:publisher\" content=\"https:\/\/www.facebook.com\/everydayraquel\/\" \/>\n<meta property=\"article:modified_time\" content=\"2025-11-05T10:34:22+00:00\" \/>\n<meta property=\"og:image\" content=\"https:\/\/everydayraquel.com\/wp-content\/uploads\/2025\/11\/fresque-jestin-Dunkerque.jpeg\" \/>\n\t<meta property=\"og:image:width\" content=\"1200\" \/>\n\t<meta property=\"og:image:height\" content=\"675\" \/>\n\t<meta property=\"og:image:type\" content=\"image\/jpeg\" \/>\n<meta name=\"twitter:card\" content=\"summary_large_image\" \/>\n<meta name=\"twitter:label1\" content=\"Estimated reading time\" \/>\n\t<meta name=\"twitter:data1\" content=\"1 minute\" \/>\n<script type=\"application\/ld+json\" class=\"yoast-schema-graph\">{\"@context\":\"https:\/\/schema.org\",\"@graph\":[{\"@type\":\"WebPage\",\"@id\":\"https:\/\/everydayraquel.com\/evenements\/realisation-dune-fresque-a-la-residence-jestin-teteghem\/\",\"url\":\"https:\/\/everydayraquel.com\/evenements\/realisation-dune-fresque-a-la-residence-jestin-teteghem\/\",\"name\":\"R\u00e9alisation d'une fresque \u00e0 la r\u00e9sidence Jestin, T\u00e9teghem &#8211; EverydayRaquel\",\"isPartOf\":{\"@id\":\"https:\/\/everydayraquel.com\/#website\"},\"primaryImageOfPage\":{\"@id\":\"https:\/\/everydayraquel.com\/evenements\/realisation-dune-fresque-a-la-residence-jestin-teteghem\/#primaryimage\"},\"image\":{\"@id\":\"https:\/\/everydayraquel.com\/evenements\/realisation-dune-fresque-a-la-residence-jestin-teteghem\/#primaryimage\"},\"thumbnailUrl\":\"https:\/\/everydayraquel.com\/wp-content\/uploads\/2025\/11\/fresque-jestin-Dunkerque.jpeg\",\"datePublished\":\"2025-11-03T15:19:34+00:00\",\"dateModified\":\"2025-11-05T10:34:22+00:00\",\"breadcrumb\":{\"@id\":\"https:\/\/everydayraquel.com\/evenements\/realisation-dune-fresque-a-la-residence-jestin-teteghem\/#breadcrumb\"},\"inLanguage\":\"en-GB\",\"potentialAction\":[{\"@type\":\"ReadAction\",\"target\":[\"https:\/\/everydayraquel.com\/evenements\/realisation-dune-fresque-a-la-residence-jestin-teteghem\/\"]}]},{\"@type\":\"ImageObject\",\"inLanguage\":\"en-GB\",\"@id\":\"https:\/\/everydayraquel.com\/evenements\/realisation-dune-fresque-a-la-residence-jestin-teteghem\/#primaryimage\",\"url\":\"https:\/\/everydayraquel.com\/wp-content\/uploads\/2025\/11\/fresque-jestin-Dunkerque.jpeg\",\"contentUrl\":\"https:\/\/everydayraquel.com\/wp-content\/uploads\/2025\/11\/fresque-jestin-Dunkerque.jpeg\",\"width\":1200,\"height\":675},{\"@type\":\"BreadcrumbList\",\"@id\":\"https:\/\/everydayraquel.com\/evenements\/realisation-dune-fresque-a-la-residence-jestin-teteghem\/#breadcrumb\",\"itemListElement\":[{\"@type\":\"ListItem\",\"position\":1,\"name\":\"Accueil\",\"item\":\"https:\/\/everydayraquel.com\/\"},{\"@type\":\"ListItem\",\"position\":2,\"name\":\"Events\",\"item\":\"https:\/\/everydayraquel.com\/events\/\"},{\"@type\":\"ListItem\",\"position\":3,\"name\":\"R\u00e9alisation d&rsquo;une fresque \u00e0 la r\u00e9sidence Jestin, T\u00e9teghem\"}]},{\"@type\":\"WebSite\",\"@id\":\"https:\/\/everydayraquel.com\/#website\",\"url\":\"https:\/\/everydayraquel.com\/\",\"name\":\"EverydayRaquel Art et Illustration\",\"description\":\"Un jour, un dessin\",\"publisher\":{\"@id\":\"https:\/\/everydayraquel.com\/#organization\"},\"alternateName\":\"Artiste Everyday Raquel\",\"potentialAction\":[{\"@type\":\"SearchAction\",\"target\":{\"@type\":\"EntryPoint\",\"urlTemplate\":\"https:\/\/everydayraquel.com\/?s={search_term_string}\"},\"query-input\":{\"@type\":\"PropertyValueSpecification\",\"valueRequired\":true,\"valueName\":\"search_term_string\"}}],\"inLanguage\":\"en-GB\"},{\"@type\":[\"Organization\",\"Place\",\"ArtGallery\"],\"@id\":\"https:\/\/everydayraquel.com\/#organization\",\"name\":\"Everyday Raquel\",\"alternateName\":\"Raquel Artiste Dunkerque\",\"url\":\"https:\/\/everydayraquel.com\/\",\"logo\":{\"@id\":\"https:\/\/everydayraquel.com\/evenements\/realisation-dune-fresque-a-la-residence-jestin-teteghem\/#local-main-organization-logo\"},\"image\":{\"@id\":\"https:\/\/everydayraquel.com\/evenements\/realisation-dune-fresque-a-la-residence-jestin-teteghem\/#local-main-organization-logo\"},\"sameAs\":[\"https:\/\/www.facebook.com\/everydayraquel\/\",\"https:\/\/www.instagram.com\/everydayraquel\/\"],\"description\":\"Artiste et illustratrice \u00e0 Dunkerque, je r\u00e9alise des dessins personnalis\u00e9s, vente d'affiches et de cadres, dessins du carnaval et des moments du quotidien. Street art, ateliers de dessins collectifs.\",\"legalName\":\"EveryDay Raquel\",\"foundingDate\":\"2020-07-27\",\"numberOfEmployees\":{\"@type\":\"QuantitativeValue\",\"minValue\":\"1\",\"maxValue\":\"10\"},\"address\":{\"@id\":\"https:\/\/everydayraquel.com\/evenements\/realisation-dune-fresque-a-la-residence-jestin-teteghem\/#local-main-place-address\"},\"telephone\":[],\"openingHoursSpecification\":[{\"@type\":\"OpeningHoursSpecification\",\"dayOfWeek\":[\"Monday\",\"Tuesday\",\"Wednesday\",\"Thursday\",\"Friday\"],\"opens\":\"09:30\",\"closes\":\"18:00\"},{\"@type\":\"OpeningHoursSpecification\",\"dayOfWeek\":[\"Saturday\"],\"opens\":\"10:00\",\"closes\":\"12:00\"},{\"@type\":\"OpeningHoursSpecification\",\"dayOfWeek\":[\"Sunday\"],\"opens\":\"00:00\",\"closes\":\"00:00\"}],\"email\":\"contact@everydayraquel.com\",\"areaServed\":\"Dunkerque, Grande-Synthe, Bergues, Calais, Hazebrouck, Lille,\",\"priceRange\":\"$$\",\"currenciesAccepted\":\"Euro\",\"paymentAccepted\":\"CB, liquide, cash, carte bancaire\"},{\"@type\":\"PostalAddress\",\"@id\":\"https:\/\/everydayraquel.com\/evenements\/realisation-dune-fresque-a-la-residence-jestin-teteghem\/#local-main-place-address\",\"streetAddress\":\"Rue Winston Churchill\",\"addressLocality\":\"Dunkerque\",\"postalCode\":\"59240\",\"addressCountry\":\"FR\"},{\"@type\":\"ImageObject\",\"inLanguage\":\"en-GB\",\"@id\":\"https:\/\/everydayraquel.com\/evenements\/realisation-dune-fresque-a-la-residence-jestin-teteghem\/#local-main-organization-logo\",\"url\":\"https:\/\/everydayraquel.com\/wp-content\/uploads\/2020\/11\/everydayraquel_logo_mirroir.png\",\"contentUrl\":\"https:\/\/everydayraquel.com\/wp-content\/uploads\/2020\/11\/everydayraquel_logo_mirroir.png\",\"width\":670,\"height\":290,\"caption\":\"Everyday Raquel\"}]}<\/script>\n<meta name=\"geo.placename\" content=\"Dunkerque\" \/>\n<meta name=\"geo.region\" content=\"France\" \/>","yoast_head_json":{"title":"R\u00e9alisation d'une fresque \u00e0 la r\u00e9sidence Jestin, T\u00e9teghem &#8211; EverydayRaquel","robots":{"index":"index","follow":"follow","max-snippet":"max-snippet:-1","max-image-preview":"max-image-preview:large","max-video-preview":"max-video-preview:-1"},"canonical":"https:\/\/everydayraquel.com\/en\/evenements\/realisation-dune-fresque-a-la-residence-jestin-teteghem\/","og_locale":"en_GB","og_type":"article","og_title":"R\u00e9alisation d'une fresque \u00e0 la r\u00e9sidence Jestin, T\u00e9teghem","og_description":"En collaboration avec le bailleur Flandres Opale Habitat, je r\u00e9alise une fresque \u00e0 l&rsquo;entr\u00e9e de la r\u00e9sidence Jestin \u00e0 T\u00e9teghem. Par la proximit\u00e9 de la r\u00e9sidence avec le canal de Furnes, nous avons d\u00e9cid\u00e9 en concertation avec les habitats, de faire une fresque sur la th\u00e9mathique de l&rsquo;eau. Sur le graff figureront des creatures aquatiques,\u00a0 [&hellip;]","og_url":"https:\/\/everydayraquel.com\/en\/evenements\/realisation-dune-fresque-a-la-residence-jestin-teteghem\/","og_site_name":"EverydayRaquel","article_publisher":"https:\/\/www.facebook.com\/everydayraquel\/","article_modified_time":"2025-11-05T10:34:22+00:00","og_image":[{"width":1200,"height":675,"url":"https:\/\/everydayraquel.com\/wp-content\/uploads\/2025\/11\/fresque-jestin-Dunkerque.jpeg","type":"image\/jpeg"}],"twitter_card":"summary_large_image","twitter_misc":{"Estimated reading time":"1 minute"},"schema":{"@context":"https:\/\/schema.org","@graph":[{"@type":"WebPage","@id":"https:\/\/everydayraquel.com\/evenements\/realisation-dune-fresque-a-la-residence-jestin-teteghem\/","url":"https:\/\/everydayraquel.com\/evenements\/realisation-dune-fresque-a-la-residence-jestin-teteghem\/","name":"R\u00e9alisation d'une fresque \u00e0 la r\u00e9sidence Jestin, T\u00e9teghem &#8211; EverydayRaquel","isPartOf":{"@id":"https:\/\/everydayraquel.com\/#website"},"primaryImageOfPage":{"@id":"https:\/\/everydayraquel.com\/evenements\/realisation-dune-fresque-a-la-residence-jestin-teteghem\/#primaryimage"},"image":{"@id":"https:\/\/everydayraquel.com\/evenements\/realisation-dune-fresque-a-la-residence-jestin-teteghem\/#primaryimage"},"thumbnailUrl":"https:\/\/everydayraquel.com\/wp-content\/uploads\/2025\/11\/fresque-jestin-Dunkerque.jpeg","datePublished":"2025-11-03T15:19:34+00:00","dateModified":"2025-11-05T10:34:22+00:00","breadcrumb":{"@id":"https:\/\/everydayraquel.com\/evenements\/realisation-dune-fresque-a-la-residence-jestin-teteghem\/#breadcrumb"},"inLanguage":"en-GB","potentialAction":[{"@type":"ReadAction","target":["https:\/\/everydayraquel.com\/evenements\/realisation-dune-fresque-a-la-residence-jestin-teteghem\/"]}]},{"@type":"ImageObject","inLanguage":"en-GB","@id":"https:\/\/everydayraquel.com\/evenements\/realisation-dune-fresque-a-la-residence-jestin-teteghem\/#primaryimage","url":"https:\/\/everydayraquel.com\/wp-content\/uploads\/2025\/11\/fresque-jestin-Dunkerque.jpeg","contentUrl":"https:\/\/everydayraquel.com\/wp-content\/uploads\/2025\/11\/fresque-jestin-Dunkerque.jpeg","width":1200,"height":675},{"@type":"BreadcrumbList","@id":"https:\/\/everydayraquel.com\/evenements\/realisation-dune-fresque-a-la-residence-jestin-teteghem\/#breadcrumb","itemListElement":[{"@type":"ListItem","position":1,"name":"Accueil","item":"https:\/\/everydayraquel.com\/"},{"@type":"ListItem","position":2,"name":"Events","item":"https:\/\/everydayraquel.com\/events\/"},{"@type":"ListItem","position":3,"name":"R\u00e9alisation d&rsquo;une fresque \u00e0 la r\u00e9sidence Jestin, T\u00e9teghem"}]},{"@type":"WebSite","@id":"https:\/\/everydayraquel.com\/#website","url":"https:\/\/everydayraquel.com\/","name":"EverydayRaquel Art et Illustration","description":"Un jour, un dessin","publisher":{"@id":"https:\/\/everydayraquel.com\/#organization"},"alternateName":"Artiste Everyday Raquel","potentialAction":[{"@type":"SearchAction","target":{"@type":"EntryPoint","urlTemplate":"https:\/\/everydayraquel.com\/?s={search_term_string}"},"query-input":{"@type":"PropertyValueSpecification","valueRequired":true,"valueName":"search_term_string"}}],"inLanguage":"en-GB"},{"@type":["Organization","Place","ArtGallery"],"@id":"https:\/\/everydayraquel.com\/#organization","name":"Everyday Raquel","alternateName":"Raquel Artiste Dunkerque","url":"https:\/\/everydayraquel.com\/","logo":{"@id":"https:\/\/everydayraquel.com\/evenements\/realisation-dune-fresque-a-la-residence-jestin-teteghem\/#local-main-organization-logo"},"image":{"@id":"https:\/\/everydayraquel.com\/evenements\/realisation-dune-fresque-a-la-residence-jestin-teteghem\/#local-main-organization-logo"},"sameAs":["https:\/\/www.facebook.com\/everydayraquel\/","https:\/\/www.instagram.com\/everydayraquel\/"],"description":"Artiste et illustratrice \u00e0 Dunkerque, je r\u00e9alise des dessins personnalis\u00e9s, vente d'affiches et de cadres, dessins du carnaval et des moments du quotidien. Street art, ateliers de dessins collectifs.","legalName":"EveryDay Raquel","foundingDate":"2020-07-27","numberOfEmployees":{"@type":"QuantitativeValue","minValue":"1","maxValue":"10"},"address":{"@id":"https:\/\/everydayraquel.com\/evenements\/realisation-dune-fresque-a-la-residence-jestin-teteghem\/#local-main-place-address"},"telephone":[],"openingHoursSpecification":[{"@type":"OpeningHoursSpecification","dayOfWeek":["Monday","Tuesday","Wednesday","Thursday","Friday"],"opens":"09:30","closes":"18:00"},{"@type":"OpeningHoursSpecification","dayOfWeek":["Saturday"],"opens":"10:00","closes":"12:00"},{"@type":"OpeningHoursSpecification","dayOfWeek":["Sunday"],"opens":"00:00","closes":"00:00"}],"email":"contact@everydayraquel.com","areaServed":"Dunkerque, Grande-Synthe, Bergues, Calais, Hazebrouck, Lille,","priceRange":"$$","currenciesAccepted":"Euro","paymentAccepted":"CB, liquide, cash, carte bancaire"},{"@type":"PostalAddress","@id":"https:\/\/everydayraquel.com\/evenements\/realisation-dune-fresque-a-la-residence-jestin-teteghem\/#local-main-place-address","streetAddress":"Rue Winston Churchill","addressLocality":"Dunkerque","postalCode":"59240","addressCountry":"FR"},{"@type":"ImageObject","inLanguage":"en-GB","@id":"https:\/\/everydayraquel.com\/evenements\/realisation-dune-fresque-a-la-residence-jestin-teteghem\/#local-main-organization-logo","url":"https:\/\/everydayraquel.com\/wp-content\/uploads\/2020\/11\/everydayraquel_logo_mirroir.png","contentUrl":"https:\/\/everydayraquel.com\/wp-content\/uploads\/2020\/11\/everydayraquel_logo_mirroir.png","width":670,"height":290,"caption":"Everyday Raquel"}]},"geo.placename":"Dunkerque","geo.region":"France"},"_links":{"self":[{"href":"https:\/\/everydayraquel.com\/en\/wp-json\/wp\/v2\/mec-events\/5490","targetHints":{"allow":["GET"]}}],"collection":[{"href":"https:\/\/everydayraquel.com\/en\/wp-json\/wp\/v2\/mec-events"}],"about":[{"href":"https:\/\/everydayraquel.com\/en\/wp-json\/wp\/v2\/types\/mec-events"}],"author":[{"embeddable":true,"href":"https:\/\/everydayraquel.com\/en\/wp-json\/wp\/v2\/users\/1"}],"replies":[{"embeddable":true,"href":"https:\/\/everydayraquel.com\/en\/wp-json\/wp\/v2\/comments?post=5490"}],"wp:featuredmedia":[{"embeddable":true,"href":"https:\/\/everydayraquel.com\/en\/wp-json\/wp\/v2\/media\/5491"}],"wp:attachment":[{"href":"https:\/\/everydayraquel.com\/en\/wp-json\/wp\/v2\/media?parent=5490"}],"wp:term":[{"taxonomy":"post_tag","embeddable":true,"href":"https:\/\/everydayraquel.com\/en\/wp-json\/wp\/v2\/tags?post=5490"},{"taxonomy":"mec_category","embeddable":true,"href":"https:\/\/everydayraquel.com\/en\/wp-json\/wp\/v2\/mec_category?post=5490"}],"curies":[{"name":"wp","href":"https:\/\/api.w.org\/{rel}","templated":true}]}}