{"id":5487,"date":"2025-11-03T15:54:54","date_gmt":"2025-11-03T14:54:54","guid":{"rendered":"https:\/\/everydayraquel.com\/?post_type=mec-events&#038;p=5487"},"modified":"2025-11-03T16:25:44","modified_gmt":"2025-11-03T15:25:44","slug":"realistion-du-mur-de-lempathie-a-lecole-jules-ferry","status":"publish","type":"mec-events","link":"https:\/\/everydayraquel.com\/en\/evenements\/realistion-du-mur-de-lempathie-a-lecole-jules-ferry\/","title":{"rendered":"R\u00e9alisation du Mur de l&rsquo;Empathie \u00e0 l&rsquo;\u00e9cole Jules Ferry, Petite-Synthe"},"content":{"rendered":"<p>Dans le cadre de la semaine de l&#8217;empathie \u00e0 Dunkerque, je r\u00e9alise une fresque \u00e0 l&rsquo;entr\u00e9e de l&rsquo;\u00e9cole Jules Ferry \u00e0 Petite-Synthe.<br \/>\nEn m&rsquo;appuyant sur les productions faites par les \u00e9l\u00e8ves lors d&rsquo;ateliers cr\u00e9atifs, cette fresque explore le sujet de l&#8217;empathie sous differents angles.<\/p>\n<p>Pendant cette semaine vous pourrez passer voir la fresque en pleine r\u00e9alisation ainsi qu&rsquo;a d\u00e9couvrir les id\u00e9es propos\u00e9es par les \u00e9l\u00e8ves de l&rsquo;\u00e9cole.<\/p>\n<p>&nbsp;<\/p>","protected":false},"excerpt":{"rendered":"<p>Dans le cadre de la semaine de l&#8217;empathie \u00e0 Dunkerque, je r\u00e9alise une fresque \u00e0 l&rsquo;entr\u00e9e de l&rsquo;\u00e9cole Jules Ferry \u00e0 Petite-Synthe. En m&rsquo;appuyant sur les productions faites par les \u00e9l\u00e8ves lors d&rsquo;ateliers cr\u00e9atifs, cette fresque explore le sujet de l&#8217;empathie sous differents angles. Pendant cette semaine vous pourrez passer voir la fresque en pleine [&hellip;]<\/p>\n","protected":false},"author":1,"featured_media":5489,"comment_status":"closed","ping_status":"closed","template":"","meta":{"site-sidebar-layout":"default","site-content-layout":"","ast-site-content-layout":"default","site-content-style":"default","site-sidebar-style":"default","ast-global-header-display":"","ast-banner-title-visibility":"","ast-main-header-display":"","ast-hfb-above-header-display":"","ast-hfb-below-header-display":"","ast-hfb-mobile-header-display":"","site-post-title":"","ast-breadcrumbs-content":"","ast-featured-img":"","footer-sml-layout":"","ast-disable-related-posts":"","theme-transparent-header-meta":"default","adv-header-id-meta":"","stick-header-meta":"","header-above-stick-meta":"","header-main-stick-meta":"","header-below-stick-meta":"","astra-migrate-meta-layouts":"set","ast-page-background-enabled":"default","ast-page-background-meta":{"desktop":{"background-color":"","background-image":"","background-repeat":"repeat","background-position":"center center","background-size":"auto","background-attachment":"scroll","background-type":"","background-media":"","overlay-type":"","overlay-color":"","overlay-opacity":"","overlay-gradient":""},"tablet":{"background-color":"","background-image":"","background-repeat":"repeat","background-position":"center center","background-size":"auto","background-attachment":"scroll","background-type":"","background-media":"","overlay-type":"","overlay-color":"","overlay-opacity":"","overlay-gradient":""},"mobile":{"background-color":"","background-image":"","background-repeat":"repeat","background-position":"center center","background-size":"auto","background-attachment":"scroll","background-type":"","background-media":"","overlay-type":"","overlay-color":"","overlay-opacity":"","overlay-gradient":""}},"ast-content-background-meta":{"desktop":{"background-color":"var(--ast-global-color-5)","background-image":"","background-repeat":"repeat","background-position":"center center","background-size":"auto","background-attachment":"scroll","background-type":"","background-media":"","overlay-type":"","overlay-color":"","overlay-opacity":"","overlay-gradient":""},"tablet":{"background-color":"var(--ast-global-color-5)","background-image":"","background-repeat":"repeat","background-position":"center center","background-size":"auto","background-attachment":"scroll","background-type":"","background-media":"","overlay-type":"","overlay-color":"","overlay-opacity":"","overlay-gradient":""},"mobile":{"background-color":"var(--ast-global-color-5)","background-image":"","background-repeat":"repeat","background-position":"center center","background-size":"auto","background-attachment":"scroll","background-type":"","background-media":"","overlay-type":"","overlay-color":"","overlay-opacity":"","overlay-gradient":""}}},"tags":[],"mec_category":[],"class_list":["post-5487","mec-events","type-mec-events","status-publish","has-post-thumbnail","hentry"],"yoast_head":"<title>R\u00e9alisation du Mur de l&#039;Empathie \u00e0 l&#039;\u00e9cole Jules Ferry, Petite-Synthe &#8211; EverydayRaquel<\/title>\n<meta name=\"robots\" content=\"index, follow, max-snippet:-1, max-image-preview:large, max-video-preview:-1\" \/>\n<link rel=\"canonical\" href=\"https:\/\/everydayraquel.com\/en\/evenements\/realistion-du-mur-de-lempathie-a-lecole-jules-ferry\/\" \/>\n<meta property=\"og:locale\" content=\"en_GB\" \/>\n<meta property=\"og:type\" content=\"article\" \/>\n<meta property=\"og:title\" content=\"R\u00e9alisation du Mur de l&#039;Empathie \u00e0 l&#039;\u00e9cole Jules Ferry, Petite-Synthe\" \/>\n<meta property=\"og:description\" content=\"Dans le cadre de la semaine de l&#8217;empathie \u00e0 Dunkerque, je r\u00e9alise une fresque \u00e0 l&rsquo;entr\u00e9e de l&rsquo;\u00e9cole Jules Ferry \u00e0 Petite-Synthe. En m&rsquo;appuyant sur les productions faites par les \u00e9l\u00e8ves lors d&rsquo;ateliers cr\u00e9atifs, cette fresque explore le sujet de l&#8217;empathie sous differents angles. Pendant cette semaine vous pourrez passer voir la fresque en pleine [&hellip;]\" \/>\n<meta property=\"og:url\" content=\"https:\/\/everydayraquel.com\/en\/evenements\/realistion-du-mur-de-lempathie-a-lecole-jules-ferry\/\" \/>\n<meta property=\"og:site_name\" content=\"EverydayRaquel\" \/>\n<meta property=\"article:publisher\" content=\"https:\/\/www.facebook.com\/everydayraquel\/\" \/>\n<meta property=\"article:modified_time\" content=\"2025-11-03T15:25:44+00:00\" \/>\n<meta property=\"og:image\" content=\"https:\/\/everydayraquel.com\/wp-content\/uploads\/2025\/11\/fresque-ecole-jules-ferry-dunkerque-2-e1762181589350.jpeg\" \/>\n\t<meta property=\"og:image:width\" content=\"673\" \/>\n\t<meta property=\"og:image:height\" content=\"673\" \/>\n\t<meta property=\"og:image:type\" content=\"image\/jpeg\" \/>\n<meta name=\"twitter:card\" content=\"summary_large_image\" \/>\n<meta name=\"twitter:label1\" content=\"Estimated reading time\" \/>\n\t<meta name=\"twitter:data1\" content=\"1 minute\" \/>\n<script type=\"application\/ld+json\" class=\"yoast-schema-graph\">{\"@context\":\"https:\/\/schema.org\",\"@graph\":[{\"@type\":\"WebPage\",\"@id\":\"https:\/\/everydayraquel.com\/evenements\/realistion-du-mur-de-lempathie-a-lecole-jules-ferry\/\",\"url\":\"https:\/\/everydayraquel.com\/evenements\/realistion-du-mur-de-lempathie-a-lecole-jules-ferry\/\",\"name\":\"R\u00e9alisation du Mur de l'Empathie \u00e0 l'\u00e9cole Jules Ferry, Petite-Synthe &#8211; EverydayRaquel\",\"isPartOf\":{\"@id\":\"https:\/\/everydayraquel.com\/#website\"},\"primaryImageOfPage\":{\"@id\":\"https:\/\/everydayraquel.com\/evenements\/realistion-du-mur-de-lempathie-a-lecole-jules-ferry\/#primaryimage\"},\"image\":{\"@id\":\"https:\/\/everydayraquel.com\/evenements\/realistion-du-mur-de-lempathie-a-lecole-jules-ferry\/#primaryimage\"},\"thumbnailUrl\":\"https:\/\/everydayraquel.com\/wp-content\/uploads\/2025\/11\/fresque-ecole-jules-ferry-dunkerque-2-e1762181589350.jpeg\",\"datePublished\":\"2025-11-03T14:54:54+00:00\",\"dateModified\":\"2025-11-03T15:25:44+00:00\",\"breadcrumb\":{\"@id\":\"https:\/\/everydayraquel.com\/evenements\/realistion-du-mur-de-lempathie-a-lecole-jules-ferry\/#breadcrumb\"},\"inLanguage\":\"en-GB\",\"potentialAction\":[{\"@type\":\"ReadAction\",\"target\":[\"https:\/\/everydayraquel.com\/evenements\/realistion-du-mur-de-lempathie-a-lecole-jules-ferry\/\"]}]},{\"@type\":\"ImageObject\",\"inLanguage\":\"en-GB\",\"@id\":\"https:\/\/everydayraquel.com\/evenements\/realistion-du-mur-de-lempathie-a-lecole-jules-ferry\/#primaryimage\",\"url\":\"https:\/\/everydayraquel.com\/wp-content\/uploads\/2025\/11\/fresque-ecole-jules-ferry-dunkerque-2-e1762181589350.jpeg\",\"contentUrl\":\"https:\/\/everydayraquel.com\/wp-content\/uploads\/2025\/11\/fresque-ecole-jules-ferry-dunkerque-2-e1762181589350.jpeg\",\"width\":673,\"height\":673},{\"@type\":\"BreadcrumbList\",\"@id\":\"https:\/\/everydayraquel.com\/evenements\/realistion-du-mur-de-lempathie-a-lecole-jules-ferry\/#breadcrumb\",\"itemListElement\":[{\"@type\":\"ListItem\",\"position\":1,\"name\":\"Accueil\",\"item\":\"https:\/\/everydayraquel.com\/\"},{\"@type\":\"ListItem\",\"position\":2,\"name\":\"Events\",\"item\":\"https:\/\/everydayraquel.com\/events\/\"},{\"@type\":\"ListItem\",\"position\":3,\"name\":\"R\u00e9alisation du Mur de l&rsquo;Empathie \u00e0 l&rsquo;\u00e9cole Jules Ferry, Petite-Synthe\"}]},{\"@type\":\"WebSite\",\"@id\":\"https:\/\/everydayraquel.com\/#website\",\"url\":\"https:\/\/everydayraquel.com\/\",\"name\":\"EverydayRaquel Art et Illustration\",\"description\":\"Un jour, un dessin\",\"publisher\":{\"@id\":\"https:\/\/everydayraquel.com\/#organization\"},\"alternateName\":\"Artiste Everyday Raquel\",\"potentialAction\":[{\"@type\":\"SearchAction\",\"target\":{\"@type\":\"EntryPoint\",\"urlTemplate\":\"https:\/\/everydayraquel.com\/?s={search_term_string}\"},\"query-input\":{\"@type\":\"PropertyValueSpecification\",\"valueRequired\":true,\"valueName\":\"search_term_string\"}}],\"inLanguage\":\"en-GB\"},{\"@type\":[\"Organization\",\"Place\",\"ArtGallery\"],\"@id\":\"https:\/\/everydayraquel.com\/#organization\",\"name\":\"Everyday Raquel\",\"alternateName\":\"Raquel Artiste Dunkerque\",\"url\":\"https:\/\/everydayraquel.com\/\",\"logo\":{\"@id\":\"https:\/\/everydayraquel.com\/evenements\/realistion-du-mur-de-lempathie-a-lecole-jules-ferry\/#local-main-organization-logo\"},\"image\":{\"@id\":\"https:\/\/everydayraquel.com\/evenements\/realistion-du-mur-de-lempathie-a-lecole-jules-ferry\/#local-main-organization-logo\"},\"sameAs\":[\"https:\/\/www.facebook.com\/everydayraquel\/\",\"https:\/\/www.instagram.com\/everydayraquel\/\"],\"description\":\"Artiste et illustratrice \u00e0 Dunkerque, je r\u00e9alise des dessins personnalis\u00e9s, vente d'affiches et de cadres, dessins du carnaval et des moments du quotidien. Street art, ateliers de dessins collectifs.\",\"legalName\":\"EveryDay Raquel\",\"foundingDate\":\"2020-07-27\",\"numberOfEmployees\":{\"@type\":\"QuantitativeValue\",\"minValue\":\"1\",\"maxValue\":\"10\"},\"address\":{\"@id\":\"https:\/\/everydayraquel.com\/evenements\/realistion-du-mur-de-lempathie-a-lecole-jules-ferry\/#local-main-place-address\"},\"telephone\":[],\"openingHoursSpecification\":[{\"@type\":\"OpeningHoursSpecification\",\"dayOfWeek\":[\"Monday\",\"Tuesday\",\"Wednesday\",\"Thursday\",\"Friday\"],\"opens\":\"09:30\",\"closes\":\"18:00\"},{\"@type\":\"OpeningHoursSpecification\",\"dayOfWeek\":[\"Saturday\"],\"opens\":\"10:00\",\"closes\":\"12:00\"},{\"@type\":\"OpeningHoursSpecification\",\"dayOfWeek\":[\"Sunday\"],\"opens\":\"00:00\",\"closes\":\"00:00\"}],\"email\":\"contact@everydayraquel.com\",\"areaServed\":\"Dunkerque, Grande-Synthe, Bergues, Calais, Hazebrouck, Lille,\",\"priceRange\":\"$$\",\"currenciesAccepted\":\"Euro\",\"paymentAccepted\":\"CB, liquide, cash, carte bancaire\"},{\"@type\":\"PostalAddress\",\"@id\":\"https:\/\/everydayraquel.com\/evenements\/realistion-du-mur-de-lempathie-a-lecole-jules-ferry\/#local-main-place-address\",\"streetAddress\":\"Rue Winston Churchill\",\"addressLocality\":\"Dunkerque\",\"postalCode\":\"59240\",\"addressCountry\":\"FR\"},{\"@type\":\"ImageObject\",\"inLanguage\":\"en-GB\",\"@id\":\"https:\/\/everydayraquel.com\/evenements\/realistion-du-mur-de-lempathie-a-lecole-jules-ferry\/#local-main-organization-logo\",\"url\":\"https:\/\/everydayraquel.com\/wp-content\/uploads\/2020\/11\/everydayraquel_logo_mirroir.png\",\"contentUrl\":\"https:\/\/everydayraquel.com\/wp-content\/uploads\/2020\/11\/everydayraquel_logo_mirroir.png\",\"width\":670,\"height\":290,\"caption\":\"Everyday Raquel\"}]}<\/script>\n<meta name=\"geo.placename\" content=\"Dunkerque\" \/>\n<meta name=\"geo.region\" content=\"France\" \/>","yoast_head_json":{"title":"R\u00e9alisation du Mur de l'Empathie \u00e0 l'\u00e9cole Jules Ferry, Petite-Synthe &#8211; EverydayRaquel","robots":{"index":"index","follow":"follow","max-snippet":"max-snippet:-1","max-image-preview":"max-image-preview:large","max-video-preview":"max-video-preview:-1"},"canonical":"https:\/\/everydayraquel.com\/en\/evenements\/realistion-du-mur-de-lempathie-a-lecole-jules-ferry\/","og_locale":"en_GB","og_type":"article","og_title":"R\u00e9alisation du Mur de l'Empathie \u00e0 l'\u00e9cole Jules Ferry, Petite-Synthe","og_description":"Dans le cadre de la semaine de l&#8217;empathie \u00e0 Dunkerque, je r\u00e9alise une fresque \u00e0 l&rsquo;entr\u00e9e de l&rsquo;\u00e9cole Jules Ferry \u00e0 Petite-Synthe. En m&rsquo;appuyant sur les productions faites par les \u00e9l\u00e8ves lors d&rsquo;ateliers cr\u00e9atifs, cette fresque explore le sujet de l&#8217;empathie sous differents angles. Pendant cette semaine vous pourrez passer voir la fresque en pleine [&hellip;]","og_url":"https:\/\/everydayraquel.com\/en\/evenements\/realistion-du-mur-de-lempathie-a-lecole-jules-ferry\/","og_site_name":"EverydayRaquel","article_publisher":"https:\/\/www.facebook.com\/everydayraquel\/","article_modified_time":"2025-11-03T15:25:44+00:00","og_image":[{"width":673,"height":673,"url":"https:\/\/everydayraquel.com\/wp-content\/uploads\/2025\/11\/fresque-ecole-jules-ferry-dunkerque-2-e1762181589350.jpeg","type":"image\/jpeg"}],"twitter_card":"summary_large_image","twitter_misc":{"Estimated reading time":"1 minute"},"schema":{"@context":"https:\/\/schema.org","@graph":[{"@type":"WebPage","@id":"https:\/\/everydayraquel.com\/evenements\/realistion-du-mur-de-lempathie-a-lecole-jules-ferry\/","url":"https:\/\/everydayraquel.com\/evenements\/realistion-du-mur-de-lempathie-a-lecole-jules-ferry\/","name":"R\u00e9alisation du Mur de l'Empathie \u00e0 l'\u00e9cole Jules Ferry, Petite-Synthe &#8211; EverydayRaquel","isPartOf":{"@id":"https:\/\/everydayraquel.com\/#website"},"primaryImageOfPage":{"@id":"https:\/\/everydayraquel.com\/evenements\/realistion-du-mur-de-lempathie-a-lecole-jules-ferry\/#primaryimage"},"image":{"@id":"https:\/\/everydayraquel.com\/evenements\/realistion-du-mur-de-lempathie-a-lecole-jules-ferry\/#primaryimage"},"thumbnailUrl":"https:\/\/everydayraquel.com\/wp-content\/uploads\/2025\/11\/fresque-ecole-jules-ferry-dunkerque-2-e1762181589350.jpeg","datePublished":"2025-11-03T14:54:54+00:00","dateModified":"2025-11-03T15:25:44+00:00","breadcrumb":{"@id":"https:\/\/everydayraquel.com\/evenements\/realistion-du-mur-de-lempathie-a-lecole-jules-ferry\/#breadcrumb"},"inLanguage":"en-GB","potentialAction":[{"@type":"ReadAction","target":["https:\/\/everydayraquel.com\/evenements\/realistion-du-mur-de-lempathie-a-lecole-jules-ferry\/"]}]},{"@type":"ImageObject","inLanguage":"en-GB","@id":"https:\/\/everydayraquel.com\/evenements\/realistion-du-mur-de-lempathie-a-lecole-jules-ferry\/#primaryimage","url":"https:\/\/everydayraquel.com\/wp-content\/uploads\/2025\/11\/fresque-ecole-jules-ferry-dunkerque-2-e1762181589350.jpeg","contentUrl":"https:\/\/everydayraquel.com\/wp-content\/uploads\/2025\/11\/fresque-ecole-jules-ferry-dunkerque-2-e1762181589350.jpeg","width":673,"height":673},{"@type":"BreadcrumbList","@id":"https:\/\/everydayraquel.com\/evenements\/realistion-du-mur-de-lempathie-a-lecole-jules-ferry\/#breadcrumb","itemListElement":[{"@type":"ListItem","position":1,"name":"Accueil","item":"https:\/\/everydayraquel.com\/"},{"@type":"ListItem","position":2,"name":"Events","item":"https:\/\/everydayraquel.com\/events\/"},{"@type":"ListItem","position":3,"name":"R\u00e9alisation du Mur de l&rsquo;Empathie \u00e0 l&rsquo;\u00e9cole Jules Ferry, Petite-Synthe"}]},{"@type":"WebSite","@id":"https:\/\/everydayraquel.com\/#website","url":"https:\/\/everydayraquel.com\/","name":"EverydayRaquel Art et Illustration","description":"Un jour, un dessin","publisher":{"@id":"https:\/\/everydayraquel.com\/#organization"},"alternateName":"Artiste Everyday Raquel","potentialAction":[{"@type":"SearchAction","target":{"@type":"EntryPoint","urlTemplate":"https:\/\/everydayraquel.com\/?s={search_term_string}"},"query-input":{"@type":"PropertyValueSpecification","valueRequired":true,"valueName":"search_term_string"}}],"inLanguage":"en-GB"},{"@type":["Organization","Place","ArtGallery"],"@id":"https:\/\/everydayraquel.com\/#organization","name":"Everyday Raquel","alternateName":"Raquel Artiste Dunkerque","url":"https:\/\/everydayraquel.com\/","logo":{"@id":"https:\/\/everydayraquel.com\/evenements\/realistion-du-mur-de-lempathie-a-lecole-jules-ferry\/#local-main-organization-logo"},"image":{"@id":"https:\/\/everydayraquel.com\/evenements\/realistion-du-mur-de-lempathie-a-lecole-jules-ferry\/#local-main-organization-logo"},"sameAs":["https:\/\/www.facebook.com\/everydayraquel\/","https:\/\/www.instagram.com\/everydayraquel\/"],"description":"Artiste et illustratrice \u00e0 Dunkerque, je r\u00e9alise des dessins personnalis\u00e9s, vente d'affiches et de cadres, dessins du carnaval et des moments du quotidien. Street art, ateliers de dessins collectifs.","legalName":"EveryDay Raquel","foundingDate":"2020-07-27","numberOfEmployees":{"@type":"QuantitativeValue","minValue":"1","maxValue":"10"},"address":{"@id":"https:\/\/everydayraquel.com\/evenements\/realistion-du-mur-de-lempathie-a-lecole-jules-ferry\/#local-main-place-address"},"telephone":[],"openingHoursSpecification":[{"@type":"OpeningHoursSpecification","dayOfWeek":["Monday","Tuesday","Wednesday","Thursday","Friday"],"opens":"09:30","closes":"18:00"},{"@type":"OpeningHoursSpecification","dayOfWeek":["Saturday"],"opens":"10:00","closes":"12:00"},{"@type":"OpeningHoursSpecification","dayOfWeek":["Sunday"],"opens":"00:00","closes":"00:00"}],"email":"contact@everydayraquel.com","areaServed":"Dunkerque, Grande-Synthe, Bergues, Calais, Hazebrouck, Lille,","priceRange":"$$","currenciesAccepted":"Euro","paymentAccepted":"CB, liquide, cash, carte bancaire"},{"@type":"PostalAddress","@id":"https:\/\/everydayraquel.com\/evenements\/realistion-du-mur-de-lempathie-a-lecole-jules-ferry\/#local-main-place-address","streetAddress":"Rue Winston Churchill","addressLocality":"Dunkerque","postalCode":"59240","addressCountry":"FR"},{"@type":"ImageObject","inLanguage":"en-GB","@id":"https:\/\/everydayraquel.com\/evenements\/realistion-du-mur-de-lempathie-a-lecole-jules-ferry\/#local-main-organization-logo","url":"https:\/\/everydayraquel.com\/wp-content\/uploads\/2020\/11\/everydayraquel_logo_mirroir.png","contentUrl":"https:\/\/everydayraquel.com\/wp-content\/uploads\/2020\/11\/everydayraquel_logo_mirroir.png","width":670,"height":290,"caption":"Everyday Raquel"}]},"geo.placename":"Dunkerque","geo.region":"France"},"_links":{"self":[{"href":"https:\/\/everydayraquel.com\/en\/wp-json\/wp\/v2\/mec-events\/5487","targetHints":{"allow":["GET"]}}],"collection":[{"href":"https:\/\/everydayraquel.com\/en\/wp-json\/wp\/v2\/mec-events"}],"about":[{"href":"https:\/\/everydayraquel.com\/en\/wp-json\/wp\/v2\/types\/mec-events"}],"author":[{"embeddable":true,"href":"https:\/\/everydayraquel.com\/en\/wp-json\/wp\/v2\/users\/1"}],"replies":[{"embeddable":true,"href":"https:\/\/everydayraquel.com\/en\/wp-json\/wp\/v2\/comments?post=5487"}],"wp:featuredmedia":[{"embeddable":true,"href":"https:\/\/everydayraquel.com\/en\/wp-json\/wp\/v2\/media\/5489"}],"wp:attachment":[{"href":"https:\/\/everydayraquel.com\/en\/wp-json\/wp\/v2\/media?parent=5487"}],"wp:term":[{"taxonomy":"post_tag","embeddable":true,"href":"https:\/\/everydayraquel.com\/en\/wp-json\/wp\/v2\/tags?post=5487"},{"taxonomy":"mec_category","embeddable":true,"href":"https:\/\/everydayraquel.com\/en\/wp-json\/wp\/v2\/mec_category?post=5487"}],"curies":[{"name":"wp","href":"https:\/\/api.w.org\/{rel}","templated":true}]}}