{"version":"1.0","provider_name":"EverydayRaquel","provider_url":"https:\/\/everydayraquel.com\/en","title":"F\u00eate des m\u00e8res","type":"rich","width":600,"height":338,"html":"<blockquote class=\"wp-embedded-content\" data-secret=\"RHMjHX56gn\"><a href=\"https:\/\/everydayraquel.com\/en\/boutique\/tous-les-dessins\/photo-de-famille\/\">F\u00eate des m\u00e8res<\/a><\/blockquote><iframe sandbox=\"allow-scripts\" security=\"restricted\" src=\"https:\/\/everydayraquel.com\/en\/boutique\/tous-les-dessins\/photo-de-famille\/embed\/#?secret=RHMjHX56gn\" width=\"600\" height=\"338\" title=\"&#8220;F\u00eate des m\u00e8res&#8221; &#8212; EverydayRaquel\" data-secret=\"RHMjHX56gn\" frameborder=\"0\" marginwidth=\"0\" marginheight=\"0\" scrolling=\"no\" class=\"wp-embedded-content\"><\/iframe><script>\n\/*! This file is auto-generated *\/\n!function(d,l){\"use strict\";l.querySelector&&d.addEventListener&&\"undefined\"!=typeof URL&&(d.wp=d.wp||{},d.wp.receiveEmbedMessage||(d.wp.receiveEmbedMessage=function(e){var t=e.data;if((t||t.secret||t.message||t.value)&&!\/[^a-zA-Z0-9]\/.test(t.secret)){for(var s,r,n,a=l.querySelectorAll('iframe[data-secret=\"'+t.secret+'\"]'),o=l.querySelectorAll('blockquote[data-secret=\"'+t.secret+'\"]'),c=new RegExp(\"^https?:$\",\"i\"),i=0;i<o.length;i++)o[i].style.display=\"none\";for(i=0;i<a.length;i++)s=a[i],e.source===s.contentWindow&&(s.removeAttribute(\"style\"),\"height\"===t.message?(1e3<(r=parseInt(t.value,10))?r=1e3:~~r<200&&(r=200),s.height=r):\"link\"===t.message&&(r=new URL(s.getAttribute(\"src\")),n=new URL(t.value),c.test(n.protocol))&&n.host===r.host&&l.activeElement===s&&(d.top.location.href=t.value))}},d.addEventListener(\"message\",d.wp.receiveEmbedMessage,!1),l.addEventListener(\"DOMContentLoaded\",function(){for(var e,t,s=l.querySelectorAll(\"iframe.wp-embedded-content\"),r=0;r<s.length;r++)(t=(e=s[r]).getAttribute(\"data-secret\"))||(t=Math.random().toString(36).substring(2,12),e.src+=\"#?secret=\"+t,e.setAttribute(\"data-secret\",t)),e.contentWindow.postMessage({message:\"ready\",secret:t},\"*\")},!1)))}(window,document);\n\/\/# sourceURL=https:\/\/everydayraquel.com\/wp-includes\/js\/wp-embed.min.js\n<\/script>","thumbnail_url":"https:\/\/everydayraquel.com\/wp-content\/uploads\/2020\/11\/fe\u0302te_des_me\u0300res.jpg","thumbnail_width":600,"thumbnail_height":600,"description":"F\u00eate des m\u00e8res. Ce portrait de famille \u00e0 \u00e9t\u00e9 r\u00e9alis\u00e9 \u00e0 l'occasion de la f\u00eate des m\u00e8res. Il s'agit d'une reproduction \u00e0 l'identique de la photo de famille avec ma m\u00e8re, ma grande-m\u00e8re, mon arri\u00e8re grande-m\u00e8re et moi-m\u00eame."}